{"id":4031,"date":"2021-01-09T11:36:05","date_gmt":"2021-01-09T11:36:05","guid":{"rendered":"https:\/\/www.mtbverbier.com\/?page_id=4031"},"modified":"2025-12-09T20:35:53","modified_gmt":"2025-12-09T20:35:53","slug":"women-ride-camps","status":"publish","type":"page","link":"https:\/\/www.mtbverbier.com\/de\/women-ride-camps\/","title":{"rendered":"Women Ride Camps"},"content":{"rendered":"<div class=\"wpb-content-wrapper\"><p>[vc_row unlock_row_content=&#8220;yes&#8220; row_height_percent=&#8220;85&#8243; override_padding=&#8220;yes&#8220; h_padding=&#8220;2&#8243; top_padding=&#8220;2&#8243; bottom_padding=&#8220;0&#8243; back_image=&#8220;6323&#8243; back_attachment=&#8220;fixed&#8220; back_position=&#8220;left bottom&#8220; overlay_alpha=&#8220;50&#8243; gutter_size=&#8220;3&#8243; column_width_percent=&#8220;100&#8243; shift_y=&#8220;0&#8243; z_index=&#8220;0&#8243; content_parallax=&#8220;0&#8243; row_height_pixel=&#8220;360&#8243; uncode_shortcode_id=&#8220;132198&#8243;][vc_column column_width_percent=&#8220;100&#8243; position_vertical=&#8220;middle&#8220; gutter_size=&#8220;3&#8243; overlay_alpha=&#8220;50&#8243; shift_x=&#8220;0&#8243; shift_y=&#8220;0&#8243; shift_y_down=&#8220;0&#8243; z_index=&#8220;0&#8243; medium_width=&#8220;0&#8243; mobile_width=&#8220;0&#8243; width=&#8220;1\/1&#8243;][vc_row_inner row_inner_height_percent=&#8220;0&#8243; overlay_alpha=&#8220;50&#8243; gutter_size=&#8220;3&#8243; shift_y=&#8220;0&#8243; z_index=&#8220;0&#8243; mobile_visibility=&#8220;yes&#8220; limit_content=&#8220;&#8220;][vc_column_inner column_width_percent=&#8220;100&#8243; position_vertical=&#8220;middle&#8220; gutter_size=&#8220;3&#8243; overlay_alpha=&#8220;50&#8243; shift_x=&#8220;0&#8243; shift_y=&#8220;0&#8243; shift_y_down=&#8220;0&#8243; z_index=&#8220;0&#8243; medium_width=&#8220;1&#8243; mobile_width=&#8220;0&#8243; width=&#8220;1\/4&#8243;][\/vc_column_inner][vc_column_inner width=&#8220;3\/4&#8243;][vc_column_text css_animation=&#8220;bottom-t-top&#8220;]<\/p>\n<h1 style=\"font-weight: 900; letter-spacing: -2px; font-stretch: ultra-expanded;\"><span style=\"color: #ffffff;\">Women RIDE Camps<\/span><\/h1>\n<h1 class=\"title\"><span style=\"color: #ffffff;\">Life is like riding a bike, to keep your balance you have to keep moving<\/span><\/h1>\n<p>[\/vc_column_text][vc_empty_space empty_h=&#8220;4&#8243;][\/vc_column_inner][\/vc_row_inner][vc_row_inner row_inner_height_percent=&#8220;0&#8243; overlay_alpha=&#8220;50&#8243; gutter_size=&#8220;3&#8243; shift_y=&#8220;0&#8243; z_index=&#8220;0&#8243; desktop_visibility=&#8220;yes&#8220; medium_visibility=&#8220;yes&#8220; css=&#8220;.vc_custom_1556184799354{padding-left: 10px !important;}&#8220; limit_content=&#8220;&#8220;][vc_column_inner column_width_percent=&#8220;100&#8243; position_vertical=&#8220;middle&#8220; gutter_size=&#8220;3&#8243; overlay_alpha=&#8220;50&#8243; shift_x=&#8220;0&#8243; shift_y=&#8220;0&#8243; shift_y_down=&#8220;0&#8243; z_index=&#8220;0&#8243; medium_width=&#8220;2&#8243; mobile_width=&#8220;0&#8243; width=&#8220;1\/1&#8243;][vc_column_text css_animation=&#8220;bottom-t-top&#8220;]<\/p>\n<h1 style=\"font-weight: 900; letter-spacing: -1px; font-stretch: ultra-expanded;\"><span class=\"font-169096\" style=\"color: #ffffff;\">WOMENS MOUNTAINBIKE WEEK<\/span><\/h1>\n<p>[\/vc_column_text][vc_empty_space empty_h=&#8220;4&#8243;][\/vc_column_inner][\/vc_row_inner][\/vc_column][\/vc_row][vc_row row_height_percent=&#8220;0&#8243; override_padding=&#8220;yes&#8220; h_padding=&#8220;2&#8243; top_padding=&#8220;0&#8243; bottom_padding=&#8220;2&#8243; overlay_alpha=&#8220;50&#8243; gutter_size=&#8220;3&#8243; column_width_percent=&#8220;100&#8243; shift_y=&#8220;0&#8243; z_index=&#8220;0&#8243;][vc_column width=&#8220;1\/6&#8243;][\/vc_column][vc_column width=&#8220;2\/3&#8243;][vc_empty_space empty_h=&#8220;3&#8243; mobile_visibility=&#8220;yes&#8220;][vc_column_text]<\/p>\n<h3><strong>Genie\u00dfe eine einzigartige und exklusive Bike Woche &#8211; women only\u00a0<\/strong><\/h3>\n<hr class=\"thin\" \/>\n<p>Die Woche bzw. das lang Wochenende werden von Frauen professionell und speziell f\u00fcr Frauen vorbereitet. Nimm dir die Zeit um mit professionellen Mountainbike Lehrern deine Skills zu verbessern, drau\u00dfen in der Natur zu sein und verbringe Zeit mit anderen, Mountainbike begeisterten Frauen. Du wirst nicht nur mit einer Menge neuem Wissen und neuen Skills f\u00fcr deine Hometrails nach Hause fahren, sondern garantiert auch viele neue Leute kennenlernen die du nun deine Freunde nennen kannst.[\/vc_column_text][vc_empty_space empty_h=&#8220;2&#8243; mobile_visibility=&#8220;yes&#8220;][\/vc_column][vc_column width=&#8220;1\/6&#8243;][\/vc_column][\/vc_row][vc_row row_height_percent=&#8220;0&#8243; override_padding=&#8220;yes&#8220; h_padding=&#8220;0&#8243; top_padding=&#8220;2&#8243; bottom_padding=&#8220;0&#8243; overlay_color=&#8220;color-xsdn&#8220; overlay_alpha=&#8220;15&#8243; equal_height=&#8220;yes&#8220; gutter_size=&#8220;0&#8243; column_width_percent=&#8220;100&#8243; shift_y=&#8220;0&#8243; z_index=&#8220;0&#8243; row_height_pixel=&#8220;250&#8243;][vc_column column_width_percent=&#8220;100&#8243; position_vertical=&#8220;middle&#8220; gutter_size=&#8220;0&#8243; override_padding=&#8220;yes&#8220; column_padding=&#8220;2&#8243; style=&#8220;dark&#8220; back_image=&#8220;5390&#8243; back_position=&#8220;center bottom&#8220; overlay_alpha=&#8220;20&#8243; shift_x=&#8220;0&#8243; shift_y=&#8220;0&#8243; shift_y_down=&#8220;0&#8243; z_index=&#8220;0&#8243; medium_width=&#8220;4&#8243; mobile_width=&#8220;0&#8243; css_animation=&#8220;left-t-right&#8220; width=&#8220;2\/3&#8243; css=&#8220;.vc_custom_1638533211668{padding-left: 5% !important;}&#8220; uncode_shortcode_id=&#8220;271565&#8243;][vc_empty_space empty_h=&#8220;5&#8243; desktop_visibility=&#8220;yes&#8220; medium_visibility=&#8220;yes&#8220;][vc_empty_space empty_h=&#8220;3&#8243; desktop_visibility=&#8220;yes&#8220; medium_visibility=&#8220;yes&#8220;][\/vc_column][vc_column column_width_percent=&#8220;100&#8243; position_vertical=&#8220;middle&#8220; align_horizontal=&#8220;align_right&#8220; gutter_size=&#8220;2&#8243; override_padding=&#8220;yes&#8220; column_padding=&#8220;0&#8243; overlay_alpha=&#8220;50&#8243; shift_x=&#8220;0&#8243; shift_y=&#8220;0&#8243; shift_y_down=&#8220;0&#8243; z_index=&#8220;0&#8243; medium_width=&#8220;4&#8243; mobile_width=&#8220;0&#8243; css_animation=&#8220;right-t-left&#8220; animation_delay=&#8220;400&#8243; width=&#8220;1\/3&#8243;][vc_empty_space empty_h=&#8220;4&#8243; mobile_visibility=&#8220;yes&#8220;][vc_row_inner limit_content=&#8220;&#8220;][vc_column_inner column_width_percent=&#8220;100&#8243; gutter_size=&#8220;3&#8243; back_color=&#8220;color-xsdn&#8220; overlay_alpha=&#8220;50&#8243; shift_x=&#8220;-5&#8243; shift_y=&#8220;0&#8243; shift_y_down=&#8220;0&#8243; z_index=&#8220;0&#8243; medium_width=&#8220;0&#8243; mobile_width=&#8220;0&#8243; width=&#8220;1\/1&#8243;][uncode_list icon=&#8220;fa fa-check&#8220; icon_color=&#8220;accent&#8220; uncode_shortcode_id=&#8220;104209&#8243; icon_color_type=&#8220;uncode-palette&#8220;]<\/p>\n<ul>\n<li>Verbleibe im wundersch\u00f6nen Mountainbike Chalet, all inclusive<\/li>\n<li>Professionelles Guiding, Coaching und Unterricht mit inspirierenden Guides<\/li>\n<li>Fahre auf deinem eigenen Niveau<\/li>\n<li>Authentisches Schweizer Bergleben<\/li>\n<li>Selbstgemachte Leckereien nach den Rides<\/li>\n<li>Nach der Fahrt Entspannen mit Drink im Garten<\/li>\n<li>Sauna und stretch and relax sessions<\/li>\n<\/ul>\n<p>[\/uncode_list][vc_column_text uncode_shortcode_id=&#8220;526069&#8243;]<b>Daten 2023:<br \/>\n<\/b>10-14 June: women skills camp L1 beginner<b><br \/>\n<\/b>9-15 July: women skills Camp L2 intermediate<br \/>\n3-9 September: women skills camp L3 advanced<br \/>\n17-23 September: women skills camp L3 advanced<\/p>\n<p><b>Preis<br \/>\n<\/b>CHF 1325,- Week camp, 6 nights, 5 days riding<br \/>\nCHF 875\u00a0 \u00a0Short break 4 nights, 3 days riding<br \/>\nCHF 785,- Short break 3 nights, 3 days riding[\/vc_column_text][vc_button button_color=&#8220;color-397835&#8243; hover_fx=&#8220;outlined&#8220; border_width=&#8220;0&#8243; link=&#8220;url:https%3A%2F%2Fmtbverbier.bookinglayer.com%2Fde%2Fcategory%2Fwomen-only-rides|target:_blank&#8220; button_color_type=&#8220;uncode-palette&#8220; uncode_shortcode_id=&#8220;110762&#8243;]BUCHE HIER[\/vc_button][\/vc_column_inner][\/vc_row_inner][\/vc_column][\/vc_row][vc_row unlock_row_content=&#8220;yes&#8220; row_height_percent=&#8220;0&#8243; override_padding=&#8220;yes&#8220; h_padding=&#8220;2&#8243; top_padding=&#8220;0&#8243; bottom_padding=&#8220;2&#8243; back_image=&#8220;542&#8243; back_position=&#8220;right bottom&#8220; overlay_color=&#8220;color-xsdn&#8220; overlay_alpha=&#8220;15&#8243; gutter_size=&#8220;3&#8243; column_width_percent=&#8220;100&#8243; shift_y=&#8220;0&#8243; z_index=&#8220;0&#8243;][vc_column column_width_percent=&#8220;100&#8243; gutter_size=&#8220;3&#8243; override_padding=&#8220;yes&#8220; column_padding=&#8220;3&#8243; overlay_alpha=&#8220;50&#8243; shift_x=&#8220;0&#8243; shift_y=&#8220;0&#8243; shift_y_down=&#8220;0&#8243; z_index=&#8220;0&#8243; medium_width=&#8220;0&#8243; mobile_width=&#8220;0&#8243; width=&#8220;1\/6&#8243; css=&#8220;.vc_custom_1556037466517{padding-left: 4% !important;}&#8220;][\/vc_column][vc_column column_width_percent=&#8220;100&#8243; position_horizontal=&#8220;right&#8220; gutter_size=&#8220;3&#8243; overlay_alpha=&#8220;19&#8243; shift_x=&#8220;0&#8243; shift_y=&#8220;0&#8243; shift_y_down=&#8220;0&#8243; z_index=&#8220;0&#8243; medium_width=&#8220;0&#8243; mobile_width=&#8220;0&#8243; width=&#8220;2\/3&#8243;][vc_empty_space empty_h=&#8220;2&#8243; mobile_visibility=&#8220;yes&#8220;][vc_tabs][vc_tab gutter_size=&#8220;2&#8243; column_padding=&#8220;2&#8243; title=&#8220;INKLUSIVE&#8220; tab_id=&#8220;1555318818908-0-21556219740685&#8243;][vc_column_text]<\/p>\n<h3><strong>Dein ultimativer Women Ride Camp ist inklusive:<\/strong><\/h3>\n<p>[\/vc_column_text][uncode_list icon=&#8220;fa fa-check&#8220; icon_color=&#8220;accent&#8220; uncode_shortcode_id=&#8220;336126&#8243; icon_color_type=&#8220;uncode-palette&#8220;]<\/p>\n<ul>\n<li>\u00dcbernachtung in unserem wundersch\u00f6nen Chalet (Zweibett- oder Doppelzimmer mit eigener Dusche\/WC)<\/li>\n<li>T\u00e4glich gesundes Fr\u00fchst\u00fcck &amp; Lunchpaket<\/li>\n<li>T\u00e4glich erstklassiges Abendessen mit Wein<\/li>\n<li>Nachmittagssnack \/ Kuchen nach dem Biken<\/li>\n<li>Unbegrenzt Tee &amp; Kaffee<\/li>\n<li>5 volle Biketage mit Begleitung unserer Guides, unterwegs auf den besten Trails der Schweizer Alpen<\/li>\n<li>Verbier Liftpass f\u00fcr die Fahrtage<\/li>\n<li>Lokaler Transfer, Van\u00fcnterst\u00fctzung\/Shuttle<\/li>\n<li>Return Transfer zum n\u00e4chstgelegenen Bahnhof<\/li>\n<li>Bikew\u00e4sche und Werkstattnutzung<\/li>\n<li>Unterst\u00fctzung bei Bikereparatur und Einstellung<\/li>\n<li>Die sch\u00f6nsten Panoramaausblicke in den Alpen<\/li>\n<\/ul>\n<p>[\/uncode_list][\/vc_tab][vc_tab gutter_size=&#8220;2&#8243; column_padding=&#8220;2&#8243; title=&#8220;LEVEL&#8220; tab_id=&#8220;1555318819031-0-31556219740685&#8243;][vc_column_text uncode_shortcode_id=&#8220;763260&#8243;]<strong>Level Skills camp\u00a0<\/strong><strong><br \/>\n<\/strong>Fitness: 2-4<br \/>\nTechnische F\u00e4higkeit: 1-2<br \/>\nFahrstil: Trail<\/p>\n<p><strong>Enduro Camp\u00a0<\/strong><br \/>\nFitness: 2-4<br \/>\nTechnische F\u00e4higkeit: 3-4<br \/>\nFahrstil: Enduro<\/p>\n<p>&nbsp;<\/p>\n<p style=\"text-align: left;\"><span style=\"color: #eaa326;\">Was ist mein Level?<\/span><\/p>\n<p>[\/vc_column_text][\/vc_tab][vc_tab gutter_size=&#8220;2&#8243; column_padding=&#8220;2&#8243; title=&#8220;Optional&#8220; tab_id=&#8220;1555318819132-0-101556219740685&#8243;][vc_column_text uncode_shortcode_id=&#8220;163584&#8243;]<\/p>\n<div class=\"vc_row row-container\" data-parent=\"true\" data-section=\"3\">\n<div class=\"row single-top-padding single-bottom-padding single-h-padding limit-width row-parent\" data-imgready=\"true\">\n<div class=\"wpb_row row-inner\">\n<div class=\"wpb_column pos-top pos-center align_left column_parent col-lg-8 single-internal-gutter\">\n<div class=\"uncol style-light\">\n<div class=\"uncoltable\">\n<div class=\"uncell no-block-padding\">\n<div class=\"uncont\">\n<div class=\"uncode-tabs wpb_content_element\" data-interval=\"\">\n<div class=\"uncode-wrapper tab-container\">\n<div class=\"tab-content\">\n<div id=\"tab-1555318819132-0-101556051018281\" class=\"tab-pane fade half-internal-gutter single-block-padding active in\">\n<div>\n<div class=\"uncode_text_column\">\n<p><b>Optional<\/b><\/p>\n<ul>\n<li>Mietbike ab CHF 260 pro Woche<\/li>\n<li>Extra \u00dcbernachtung CHF 85, inklusive Fr\u00fchst\u00fcck, zus\u00e4tzlich mit Abendessen CHF 110<\/li>\n<li>Extra gef\u00fchrte Biketage CHF 95, inklusive Verbier Liftpass und Shuttleservice<\/li>\n<li>Einzelzimmerzuschlag CHF 30 -45 pro Nacht<strong>Was ist nicht inbegriffen<\/strong><\/li>\n<li>Anreise in die Schweiz<\/li>\n<li>Versicherungen (wir empfehlen dir eine Versicherung mit Bergrettung abzuschlie\u00dfen und zu kl\u00e4ren, ob Mountainbiken ggfs. als Extremsport extra versichert werden muss)<\/li>\n<li>Liftp\u00e4sse f\u00fcr Gebiete au\u00dferhalb von Verbier (z.B.: PIla, Chamonix, Crans Montana, Zermatt)<\/li>\n<li>Erfrischungsgetr\u00e4nke &amp; Bier\/Wein (Honesty bar, zahle am Ende deines Urlaub)<\/li>\n<li>Voraussetzungen<\/li>\n<li>Reisekranken- und Unfallversicherung inklusive Deckung von Bergrettung und Mountainbiken<strong>Wir empfehlen zus\u00e4tzlich<\/strong><\/li>\n<li>Auslandsreiseversicherung mit Deckung hinsichtlich verlorenem Gep\u00e4ck, Versp\u00e4tungen etc.<\/li>\n<li>Reiser\u00fccktrittsversicherung, die dir die Kosten erstattet, falls du annullieren musst<\/li>\n<\/ul>\n<p>&nbsp;<\/p>\n<\/div>\n<\/div>\n<\/div>\n<\/div>\n<\/div>\n<\/div>\n<div class=\"empty-space empty-single mobile-hidden\"><\/div>\n<\/div>\n<\/div>\n<\/div>\n<\/div>\n<\/div>\n<div class=\"wpb_column pos-top pos-center align_left column_parent col-lg-2 single-internal-gutter\">\n<div class=\"uncol style-light\">\n<div class=\"uncoltable\">\n<div class=\"uncell no-block-padding\">\n<div class=\"uncont\"><\/div>\n<\/div>\n<\/div>\n<\/div>\n<\/div>\n<\/div>\n<\/div>\n<\/div>\n<div class=\"vc_row row-container mobile-hidden\" data-parent=\"true\" data-section=\"4\">\n<div class=\"row-background background-element\">\n<div class=\"background-wrapper\"><\/div>\n<\/div>\n<\/div>\n<p>[\/vc_column_text][\/vc_tab][vc_tab gutter_size=&#8220;2&#8243; column_padding=&#8220;2&#8243; title=&#8220;Gallerie&#8220; tab_id=&#8220;1557253117391-4-10&#8243;][vc_gallery el_id=&#8220;gallery-874512&#8243; type=&#8220;carousel&#8220; medias=&#8220;5442,5426,5438,5162,5434,5555,5398,5078,5450,5454,5462,5466,5430,5070,5122,5422,5058,5226,5418,5458,5414,5410,5062,5406,5382,5378,5394,5446,5098,5402,5551,5366,5066,5242,5214,5082,5074,5210,5206,5202,5198,5174,5126,5090,5094,5086&#8243; carousel_lg=&#8220;5&#8243; carousel_md=&#8220;3&#8243; carousel_sm=&#8220;2&#8243; thumb_size=&#8220;three-two&#8220; gutter_size=&#8220;1&#8243; media_items=&#8220;media|lightbox|original&#8220; carousel_height=&#8220;equal&#8220; carousel_interval=&#8220;0&#8243; carousel_navspeed=&#8220;400&#8243; carousel_dots=&#8220;yes&#8220; carousel_dots_mobile=&#8220;yes&#8220; stage_padding=&#8220;0&#8243; single_overlay_opacity=&#8220;50&#8243; single_padding=&#8220;2&#8243; uncode_shortcode_id=&#8220;828426&#8243;][\/vc_tab][\/vc_tabs][vc_empty_space empty_h=&#8220;2&#8243; mobile_visibility=&#8220;yes&#8220;][\/vc_column][vc_column width=&#8220;1\/6&#8243;][\/vc_column][\/vc_row][vc_row row_height_percent=&#8220;55&#8243; override_padding=&#8220;yes&#8220; h_padding=&#8220;0&#8243; top_padding=&#8220;2&#8243; bottom_padding=&#8220;2&#8243; overlay_color=&#8220;color-xsdn&#8220; overlay_alpha=&#8220;15&#8243; equal_height=&#8220;yes&#8220; gutter_size=&#8220;0&#8243; column_width_percent=&#8220;100&#8243; shift_y=&#8220;0&#8243; z_index=&#8220;0&#8243;][vc_column column_width_percent=&#8220;100&#8243; position_vertical=&#8220;middle&#8220; gutter_size=&#8220;0&#8243; override_padding=&#8220;yes&#8220; column_padding=&#8220;2&#8243; style=&#8220;dark&#8220; back_image=&#8220;490&#8243; back_position=&#8220;center center&#8220; overlay_alpha=&#8220;50&#8243; shift_x=&#8220;2&#8243; shift_y=&#8220;0&#8243; shift_y_down=&#8220;0&#8243; z_index=&#8220;0&#8243; medium_width=&#8220;0&#8243; mobile_width=&#8220;0&#8243; width=&#8220;1\/2&#8243;][vc_empty_space empty_h=&#8220;2&#8243; desktop_visibility=&#8220;yes&#8220; medium_visibility=&#8220;yes&#8220;][vc_empty_space empty_h=&#8220;5&#8243; desktop_visibility=&#8220;yes&#8220; medium_visibility=&#8220;yes&#8220;][\/vc_column][vc_column column_width_percent=&#8220;100&#8243; position_vertical=&#8220;middle&#8220; gutter_size=&#8220;2&#8243; override_padding=&#8220;yes&#8220; column_padding=&#8220;2&#8243; overlay_alpha=&#8220;50&#8243; shift_x=&#8220;-1&#8243; shift_y=&#8220;1&#8243; shift_y_down=&#8220;0&#8243; z_index=&#8220;2&#8243; medium_width=&#8220;0&#8243; mobile_width=&#8220;0&#8243; width=&#8220;1\/2&#8243; css=&#8220;.vc_custom_1555326141294{padding-left: 6% !important;}&#8220;][vc_row_inner row_inner_height_percent=&#8220;0&#8243; overlay_alpha=&#8220;50&#8243; gutter_size=&#8220;3&#8243; shift_y=&#8220;0&#8243; z_index=&#8220;0&#8243; mobile_visibility=&#8220;yes&#8220; limit_content=&#8220;&#8220;][vc_column_inner column_width_percent=&#8220;100&#8243; gutter_size=&#8220;3&#8243; back_color=&#8220;color-lxmt&#8220; overlay_alpha=&#8220;50&#8243; shift_x=&#8220;-2&#8243; shift_y=&#8220;0&#8243; shift_y_down=&#8220;0&#8243; z_index=&#8220;0&#8243; medium_width=&#8220;0&#8243; mobile_width=&#8220;0&#8243; width=&#8220;1\/1&#8243;][vc_column_text]<\/p>\n<h2>Das Bike Chalet<\/h2>\n<p>[\/vc_column_text][vc_column_text]Unsere Women Ride Camps finden statt in unserem Bike Chalet[\/vc_column_text][vc_button button_color=&#8220;color-397835&#8243; border_width=&#8220;0&#8243; link=&#8220;url:https%3A%2F%2Fmtbverbier.com%2Fnl%2Fthe-bike-chalet%2F|||&#8220;]FINDE mehr heraus[\/vc_button][\/vc_column_inner][\/vc_row_inner][vc_row_inner row_inner_height_percent=&#8220;0&#8243; overlay_alpha=&#8220;50&#8243; gutter_size=&#8220;3&#8243; shift_y=&#8220;0&#8243; z_index=&#8220;0&#8243; desktop_visibility=&#8220;yes&#8220; medium_visibility=&#8220;yes&#8220; limit_content=&#8220;&#8220;][vc_column_inner column_width_percent=&#8220;100&#8243; gutter_size=&#8220;3&#8243; back_color=&#8220;color-lxmt&#8220; overlay_alpha=&#8220;50&#8243; shift_x=&#8220;0&#8243; shift_y=&#8220;5&#8243; shift_y_down=&#8220;0&#8243; z_index=&#8220;0&#8243; medium_width=&#8220;0&#8243; mobile_width=&#8220;0&#8243; width=&#8220;1\/1&#8243;][vc_column_text]<\/p>\n<h2>Het bike Chalet<\/h2>\n<p>[\/vc_column_text][vc_column_text]Onze weekpakketten worden gehost in ons prachtige chalet[\/vc_column_text][vc_button button_color=&#8220;color-397835&#8243; border_width=&#8220;0&#8243; link=&#8220;url:https%3A%2F%2Fmtbverbier.com%2Fnl%2Fthe-bike-chalet%2F|title:The%20Bike%20Chalet||&#8220;]Meer info[\/vc_button][\/vc_column_inner][\/vc_row_inner][vc_empty_space empty_h=&#8220;2&#8243; mobile_visibility=&#8220;yes&#8220;][\/vc_column][\/vc_row][vc_row][vc_column width=&#8220;1\/1&#8243;][uncode_block id=&#8220;2273&#8243;][\/vc_column][\/vc_row]<\/p>\n<\/div>","protected":false},"excerpt":{"rendered":"<p>[vc_row unlock_row_content=&#8220;yes&#8220; row_height_percent=&#8220;85&#8243; override_padding=&#8220;yes&#8220; h_padding=&#8220;2&#8243; top_padding=&#8220;2&#8243; bottom_padding=&#8220;0&#8243; back_image=&#8220;6323&#8243; back_attachment=&#8220;fixed&#8220; back_position=&#8220;left bottom&#8220; overlay_alpha=&#8220;50&#8243; gutter_size=&#8220;3&#8243; column_width_percent=&#8220;100&#8243; shift_y=&#8220;0&#8243; z_index=&#8220;0&#8243; content_parallax=&#8220;0&#8243; row_height_pixel=&#8220;360&#8243; uncode_shortcode_id=&#8220;132198&#8243;][vc_column column_width_percent=&#8220;100&#8243; [&hellip;]<\/p>\n","protected":false},"author":1,"featured_media":0,"parent":0,"menu_order":0,"comment_status":"closed","ping_status":"closed","template":"","meta":{"footnotes":""},"class_list":["post-4031","page","type-page","status-publish","hentry"],"yoast_head":"<!-- This site is optimized with the Yoast SEO plugin v26.8 - https:\/\/yoast.com\/product\/yoast-seo-wordpress\/ -->\n<title>Women Ride Camps - MTB Verbier<\/title>\n<meta name=\"robots\" content=\"index, follow, max-snippet:-1, max-image-preview:large, max-video-preview:-1\" \/>\n<link rel=\"canonical\" href=\"https:\/\/www.mtbverbier.com\/de\/women-ride-camps\/\" \/>\n<meta property=\"og:locale\" content=\"de_DE\" \/>\n<meta property=\"og:type\" content=\"article\" \/>\n<meta property=\"og:title\" content=\"Women Ride Camps - MTB Verbier\" \/>\n<meta property=\"og:description\" content=\"[vc_row unlock_row_content=&#8220;yes&#8220; row_height_percent=&#8220;85&#8243; override_padding=&#8220;yes&#8220; h_padding=&#8220;2&#8243; top_padding=&#8220;2&#8243; bottom_padding=&#8220;0&#8243; back_image=&#8220;6323&#8243; back_attachment=&#8220;fixed&#8220; back_position=&#8220;left bottom&#8220; overlay_alpha=&#8220;50&#8243; gutter_size=&#8220;3&#8243; column_width_percent=&#8220;100&#8243; shift_y=&#8220;0&#8243; z_index=&#8220;0&#8243; content_parallax=&#8220;0&#8243; row_height_pixel=&#8220;360&#8243; uncode_shortcode_id=&#8220;132198&#8243;][vc_column column_width_percent=&#8220;100&#8243; [&hellip;]\" \/>\n<meta property=\"og:url\" content=\"https:\/\/www.mtbverbier.com\/de\/women-ride-camps\/\" \/>\n<meta property=\"og:site_name\" content=\"MTB Verbier\" \/>\n<meta property=\"article:modified_time\" content=\"2025-12-09T20:35:53+00:00\" \/>\n<meta name=\"twitter:card\" content=\"summary_large_image\" \/>\n<meta name=\"twitter:label1\" content=\"Gesch\u00e4tzte Lesezeit\" \/>\n\t<meta name=\"twitter:data1\" content=\"4\u00a0Minuten\" \/>\n<script type=\"application\/ld+json\" class=\"yoast-schema-graph\">{\"@context\":\"https:\/\/schema.org\",\"@graph\":[{\"@type\":\"WebPage\",\"@id\":\"https:\/\/www.mtbverbier.com\/de\/women-ride-camps\/\",\"url\":\"https:\/\/www.mtbverbier.com\/de\/women-ride-camps\/\",\"name\":\"Women Ride Camps - MTB Verbier\",\"isPartOf\":{\"@id\":\"https:\/\/www.mtbverbier.com\/#website\"},\"datePublished\":\"2021-01-09T11:36:05+00:00\",\"dateModified\":\"2025-12-09T20:35:53+00:00\",\"breadcrumb\":{\"@id\":\"https:\/\/www.mtbverbier.com\/de\/women-ride-camps\/#breadcrumb\"},\"inLanguage\":\"de\",\"potentialAction\":[{\"@type\":\"ReadAction\",\"target\":[\"https:\/\/www.mtbverbier.com\/de\/women-ride-camps\/\"]}]},{\"@type\":\"BreadcrumbList\",\"@id\":\"https:\/\/www.mtbverbier.com\/de\/women-ride-camps\/#breadcrumb\",\"itemListElement\":[{\"@type\":\"ListItem\",\"position\":1,\"name\":\"Home\",\"item\":\"https:\/\/www.mtbverbier.com\/de\/\"},{\"@type\":\"ListItem\",\"position\":2,\"name\":\"Women Ride Camps\"}]},{\"@type\":\"WebSite\",\"@id\":\"https:\/\/www.mtbverbier.com\/#website\",\"url\":\"https:\/\/www.mtbverbier.com\/\",\"name\":\"MTB Verbier\",\"description\":\"All inclusive mountain bike holidays in Verbier, Switzerland\",\"potentialAction\":[{\"@type\":\"SearchAction\",\"target\":{\"@type\":\"EntryPoint\",\"urlTemplate\":\"https:\/\/www.mtbverbier.com\/?s={search_term_string}\"},\"query-input\":{\"@type\":\"PropertyValueSpecification\",\"valueRequired\":true,\"valueName\":\"search_term_string\"}}],\"inLanguage\":\"de\"}]}<\/script>\n<!-- \/ Yoast SEO plugin. -->","yoast_head_json":{"title":"Women Ride Camps - MTB Verbier","robots":{"index":"index","follow":"follow","max-snippet":"max-snippet:-1","max-image-preview":"max-image-preview:large","max-video-preview":"max-video-preview:-1"},"canonical":"https:\/\/www.mtbverbier.com\/de\/women-ride-camps\/","og_locale":"de_DE","og_type":"article","og_title":"Women Ride Camps - MTB Verbier","og_description":"[vc_row unlock_row_content=&#8220;yes&#8220; row_height_percent=&#8220;85&#8243; override_padding=&#8220;yes&#8220; h_padding=&#8220;2&#8243; top_padding=&#8220;2&#8243; bottom_padding=&#8220;0&#8243; back_image=&#8220;6323&#8243; back_attachment=&#8220;fixed&#8220; back_position=&#8220;left bottom&#8220; overlay_alpha=&#8220;50&#8243; gutter_size=&#8220;3&#8243; column_width_percent=&#8220;100&#8243; shift_y=&#8220;0&#8243; z_index=&#8220;0&#8243; content_parallax=&#8220;0&#8243; row_height_pixel=&#8220;360&#8243; uncode_shortcode_id=&#8220;132198&#8243;][vc_column column_width_percent=&#8220;100&#8243; [&hellip;]","og_url":"https:\/\/www.mtbverbier.com\/de\/women-ride-camps\/","og_site_name":"MTB Verbier","article_modified_time":"2025-12-09T20:35:53+00:00","twitter_card":"summary_large_image","twitter_misc":{"Gesch\u00e4tzte Lesezeit":"4\u00a0Minuten"},"schema":{"@context":"https:\/\/schema.org","@graph":[{"@type":"WebPage","@id":"https:\/\/www.mtbverbier.com\/de\/women-ride-camps\/","url":"https:\/\/www.mtbverbier.com\/de\/women-ride-camps\/","name":"Women Ride Camps - MTB Verbier","isPartOf":{"@id":"https:\/\/www.mtbverbier.com\/#website"},"datePublished":"2021-01-09T11:36:05+00:00","dateModified":"2025-12-09T20:35:53+00:00","breadcrumb":{"@id":"https:\/\/www.mtbverbier.com\/de\/women-ride-camps\/#breadcrumb"},"inLanguage":"de","potentialAction":[{"@type":"ReadAction","target":["https:\/\/www.mtbverbier.com\/de\/women-ride-camps\/"]}]},{"@type":"BreadcrumbList","@id":"https:\/\/www.mtbverbier.com\/de\/women-ride-camps\/#breadcrumb","itemListElement":[{"@type":"ListItem","position":1,"name":"Home","item":"https:\/\/www.mtbverbier.com\/de\/"},{"@type":"ListItem","position":2,"name":"Women Ride Camps"}]},{"@type":"WebSite","@id":"https:\/\/www.mtbverbier.com\/#website","url":"https:\/\/www.mtbverbier.com\/","name":"MTB Verbier","description":"All inclusive mountain bike holidays in Verbier, Switzerland","potentialAction":[{"@type":"SearchAction","target":{"@type":"EntryPoint","urlTemplate":"https:\/\/www.mtbverbier.com\/?s={search_term_string}"},"query-input":{"@type":"PropertyValueSpecification","valueRequired":true,"valueName":"search_term_string"}}],"inLanguage":"de"}]}},"_links":{"self":[{"href":"https:\/\/www.mtbverbier.com\/de\/wp-json\/wp\/v2\/pages\/4031","targetHints":{"allow":["GET"]}}],"collection":[{"href":"https:\/\/www.mtbverbier.com\/de\/wp-json\/wp\/v2\/pages"}],"about":[{"href":"https:\/\/www.mtbverbier.com\/de\/wp-json\/wp\/v2\/types\/page"}],"author":[{"embeddable":true,"href":"https:\/\/www.mtbverbier.com\/de\/wp-json\/wp\/v2\/users\/1"}],"replies":[{"embeddable":true,"href":"https:\/\/www.mtbverbier.com\/de\/wp-json\/wp\/v2\/comments?post=4031"}],"version-history":[{"count":36,"href":"https:\/\/www.mtbverbier.com\/de\/wp-json\/wp\/v2\/pages\/4031\/revisions"}],"predecessor-version":[{"id":6325,"href":"https:\/\/www.mtbverbier.com\/de\/wp-json\/wp\/v2\/pages\/4031\/revisions\/6325"}],"wp:attachment":[{"href":"https:\/\/www.mtbverbier.com\/de\/wp-json\/wp\/v2\/media?parent=4031"}],"curies":[{"name":"wp","href":"https:\/\/api.w.org\/{rel}","templated":true}]}}