{"id":3377,"date":"2020-06-08T14:04:28","date_gmt":"2020-06-08T14:04:28","guid":{"rendered":"https:\/\/www.mtbverbier.com\/?page_id=3377"},"modified":"2021-12-15T10:31:20","modified_gmt":"2021-12-15T10:31:20","slug":"the-bike-chalet","status":"publish","type":"page","link":"https:\/\/www.mtbverbier.com\/de\/the-bike-chalet\/","title":{"rendered":"Das Bike Chalet"},"content":{"rendered":"<div class=\"wpb-content-wrapper\"><p>[vc_row unlock_row_content=&#8220;yes&#8220; row_height_percent=&#8220;85&#8243; override_padding=&#8220;yes&#8220; h_padding=&#8220;1&#8243; top_padding=&#8220;2&#8243; bottom_padding=&#8220;0&#8243; back_image=&#8220;1573&#8243; back_attachment=&#8220;fixed&#8220; back_position=&#8220;right bottom&#8220; overlay_color=&#8220;color-jevc&#8220; overlay_alpha=&#8220;20&#8243; gutter_size=&#8220;3&#8243; column_width_percent=&#8220;100&#8243; shift_y=&#8220;0&#8243; z_index=&#8220;0&#8243; row_height_pixel=&#8220;360&#8243;][vc_column column_width_percent=&#8220;100&#8243; position_vertical=&#8220;middle&#8220; gutter_size=&#8220;3&#8243; overlay_alpha=&#8220;50&#8243; shift_x=&#8220;0&#8243; shift_y=&#8220;0&#8243; shift_y_down=&#8220;0&#8243; z_index=&#8220;0&#8243; medium_width=&#8220;0&#8243; mobile_width=&#8220;0&#8243; width=&#8220;1\/1&#8243;][vc_row_inner row_inner_height_percent=&#8220;0&#8243; overlay_alpha=&#8220;50&#8243; gutter_size=&#8220;3&#8243; shift_y=&#8220;0&#8243; z_index=&#8220;0&#8243; medium_visibility=&#8220;yes&#8220; mobile_visibility=&#8220;yes&#8220; limit_content=&#8220;&#8220;][vc_column_inner column_width_percent=&#8220;100&#8243; position_vertical=&#8220;middle&#8220; gutter_size=&#8220;3&#8243; overlay_alpha=&#8220;50&#8243; shift_x=&#8220;0&#8243; shift_y=&#8220;0&#8243; shift_y_down=&#8220;0&#8243; z_index=&#8220;0&#8243; medium_width=&#8220;1&#8243; mobile_width=&#8220;0&#8243; width=&#8220;1\/3&#8243;][\/vc_column_inner][vc_column_inner column_width_percent=&#8220;100&#8243; position_vertical=&#8220;middle&#8220; gutter_size=&#8220;3&#8243; overlay_alpha=&#8220;50&#8243; shift_x=&#8220;0&#8243; shift_y=&#8220;0&#8243; shift_y_down=&#8220;0&#8243; z_index=&#8220;0&#8243; medium_width=&#8220;0&#8243; mobile_width=&#8220;0&#8243; width=&#8220;2\/3&#8243;][vc_column_text css_animation=&#8220;bottom-t-top&#8220;]<\/p>\n<h1 style=\"font-weight: 900; letter-spacing: -2px; font-stretch: ultra-expanded;\"><span class=\"font-169096\" style=\"color: #ffffff; padding-right: 10px;\">RELAX<\/span><\/h1>\n<h1 class=\"title\"><span style=\"color: #ffffff;\">You&#8217;re on holiday<\/span><\/h1>\n<p>[\/vc_column_text][vc_empty_space empty_h=&#8220;2&#8243;][\/vc_column_inner][\/vc_row_inner][vc_row_inner row_inner_height_percent=&#8220;0&#8243; overlay_alpha=&#8220;50&#8243; gutter_size=&#8220;3&#8243; shift_y=&#8220;0&#8243; z_index=&#8220;0&#8243; desktop_visibility=&#8220;yes&#8220; mobile_visibility=&#8220;yes&#8220; limit_content=&#8220;&#8220;][vc_column_inner column_width_percent=&#8220;100&#8243; position_vertical=&#8220;middle&#8220; gutter_size=&#8220;3&#8243; overlay_alpha=&#8220;50&#8243; shift_x=&#8220;0&#8243; shift_y=&#8220;0&#8243; shift_y_down=&#8220;0&#8243; z_index=&#8220;0&#8243; medium_width=&#8220;2&#8243; mobile_width=&#8220;0&#8243; width=&#8220;1\/4&#8243;][\/vc_column_inner][vc_column_inner column_width_percent=&#8220;100&#8243; gutter_size=&#8220;3&#8243; overlay_alpha=&#8220;50&#8243; shift_x=&#8220;0&#8243; shift_y=&#8220;0&#8243; shift_y_down=&#8220;0&#8243; z_index=&#8220;0&#8243; medium_width=&#8220;6&#8243; mobile_width=&#8220;0&#8243; width=&#8220;3\/4&#8243;][vc_column_text css_animation=&#8220;bottom-t-top&#8220;]<\/p>\n<h1 style=\"font-weight: 900; letter-spacing: -2px; font-stretch: ultra-expanded;\"><span class=\"font-169096\" style=\"color: #ffffff; padding-right: 10px;\">RELAX<\/span><\/h1>\n<h1 class=\"title\"><span style=\"color: #ffffff;\">You&#8217;re on holiday<\/span><\/h1>\n<p>[\/vc_column_text][\/vc_column_inner][\/vc_row_inner][vc_row_inner row_inner_height_percent=&#8220;0&#8243; overlay_alpha=&#8220;50&#8243; gutter_size=&#8220;3&#8243; shift_y=&#8220;0&#8243; z_index=&#8220;0&#8243; desktop_visibility=&#8220;yes&#8220; medium_visibility=&#8220;yes&#8220; css=&#8220;.vc_custom_1556184799354{padding-left: 10px !important;}&#8220; limit_content=&#8220;&#8220;][vc_column_inner column_width_percent=&#8220;100&#8243; position_vertical=&#8220;middle&#8220; gutter_size=&#8220;3&#8243; overlay_alpha=&#8220;50&#8243; shift_x=&#8220;0&#8243; shift_y=&#8220;0&#8243; shift_y_down=&#8220;0&#8243; z_index=&#8220;0&#8243; medium_width=&#8220;2&#8243; mobile_width=&#8220;0&#8243; width=&#8220;1\/1&#8243;][vc_column_text css_animation=&#8220;bottom-t-top&#8220;]<\/p>\n<h1 style=\"font-weight: 900; letter-spacing: -1px; font-stretch: ultra-expanded; text-align: center;\"><span class=\"font-169096\" style=\"color: #ffffff; padding-right: 10px;\">RELAX<\/span><\/h1>\n<h1 class=\"title\" style=\"text-align: center;\"><span style=\"color: #ffffff;\">You&#8217;re on holiday<\/span><\/h1>\n<p>[\/vc_column_text][vc_empty_space empty_h=&#8220;4&#8243;][\/vc_column_inner][\/vc_row_inner][\/vc_column][\/vc_row][vc_row row_height_percent=&#8220;0&#8243; override_padding=&#8220;yes&#8220; h_padding=&#8220;2&#8243; top_padding=&#8220;2&#8243; bottom_padding=&#8220;0&#8243; overlay_alpha=&#8220;50&#8243; gutter_size=&#8220;0&#8243; column_width_percent=&#8220;100&#8243; shift_y=&#8220;0&#8243; z_index=&#8220;0&#8243; mobile_visibility=&#8220;yes&#8220;][vc_column width=&#8220;1\/2&#8243;][vc_single_image media=&#8220;1893&#8243; media_width_percent=&#8220;100&#8243; advanced=&#8220;yes&#8220; media_items=&#8220;media|original&#8220; media_overlay_opacity=&#8220;50&#8243; media_text_visible=&#8220;yes&#8220; media_overlay_anim=&#8220;no&#8220; media_text_anim=&#8220;no&#8220; media_image_anim=&#8220;no&#8220; media_h_align=&#8220;center&#8220; media_padding=&#8220;2&#8243; media_title_dimension=&#8220;h2&#8243;][\/vc_column][vc_column column_width_percent=&#8220;100&#8243; gutter_size=&#8220;3&#8243; overlay_alpha=&#8220;50&#8243; shift_x=&#8220;0&#8243; shift_y=&#8220;0&#8243; shift_y_down=&#8220;0&#8243; z_index=&#8220;0&#8243; medium_width=&#8220;0&#8243; mobile_width=&#8220;0&#8243; width=&#8220;1\/2&#8243;][vc_row_inner limit_content=&#8220;&#8220;][vc_column_inner column_width_percent=&#8220;100&#8243; gutter_size=&#8220;3&#8243; back_color=&#8220;color-lxmt&#8220; overlay_color=&#8220;color-lxmt&#8220; overlay_alpha=&#8220;50&#8243; shift_x=&#8220;-4&#8243; shift_y=&#8220;0&#8243; shift_y_down=&#8220;0&#8243; z_index=&#8220;1&#8243; medium_width=&#8220;0&#8243; mobile_width=&#8220;0&#8243; css_animation=&#8220;right-t-left&#8220; width=&#8220;1\/1&#8243;][vc_column_text]<strong>Unser Bike Chalet befindet sich im Tal von Verbier in einer ruhigen Gegend etwas au\u00dferhalb der Ortes Versegeres. Mit seinem gro\u00dfen Garten, den Terrassen und der fantastischen Aussicht ist es der perfekte Ort um nach einem Tag auf dem Mountainbike zu entspannen. Einer unserer Lieblingstrails endet sogar direkt in unserem wunderbaren Garten. Nimm Platz in einem der Sonnenst\u00fchle oder entspanne deine Muskeln im Holz befeuerten Hottub und erinnere dich an die wunderbaren Trails die du heute gefahren bist.<\/strong><\/p>\n<p>[\/vc_column_text][\/vc_column_inner][\/vc_row_inner][vc_empty_space empty_h=&#8220;2&#8243; medium_visibility=&#8220;yes&#8220; mobile_visibility=&#8220;yes&#8220;][\/vc_column][\/vc_row][vc_row row_height_percent=&#8220;0&#8243; override_padding=&#8220;yes&#8220; h_padding=&#8220;2&#8243; top_padding=&#8220;2&#8243; bottom_padding=&#8220;2&#8243; overlay_alpha=&#8220;50&#8243; gutter_size=&#8220;3&#8243; column_width_percent=&#8220;100&#8243; shift_y=&#8220;0&#8243; z_index=&#8220;0&#8243; row_name=&#8220;sleep&#8220;][vc_column width=&#8220;1\/6&#8243;][\/vc_column][vc_column width=&#8220;2\/3&#8243;][vc_column_text css_animation=&#8220;alpha-anim&#8220;]Das Chalet wird wie ein kleines Hotel gef\u00fchrt. Es bietet Platz f\u00fcr 14 Personen in gem\u00fctlichen Zweibett- \/ Doppelzimmern mit eigenem Bad. Es gibt ein gemeinschaftliches Ess- &amp; Wohnzimmer mit Kamin und Zugang zur sonnigen Terrasse. Im oberen Stockwerk gibt es ein weiteres Wohnzimmer mit einem gro\u00dfen Lesetisch und Fernsehecke. Es findet sich immer ein ruhiges Pl\u00e4tzchen um zu Entspannen, ein Buch zu lesen oder um dein Bildmaterial des letzten Runs zu sortieren.<\/p>\n<p>Bettw\u00e4sche und Handt\u00fccher sind inklusive und die Gemeinschaftsr\u00e4ume unseres Chalets werden t\u00e4glich durch unser Team aufger\u00e4umt &amp; gereinigt. Es gibt eine Waschmaschine und einen Trockner und wir bieten einen Waschservice in der Mitte der Woche an.<\/p>\n<p>Nach dem Biken kannst du dein Bike an unserer Bikewaschstation reinigen. Au\u00dferdem bieten unser Garten und unsere Werkstatt gen\u00fcgend Platz an deinem Bike zu basteln und zu schrauben. Und nat\u00fcrlich haben wir auch einen sicheren Abstellplatz f\u00fcr dein Bike.<\/p>\n<p>Falls du nach einem Tag auf dem Bike noch Energie \u00fcbrig hast, findest du, nur 5 Minuten vom Chalet entfernt, verschiedene Bars &amp; Restaurants, einen Supermarkt und den Lift nach Verbier. Wenn du dann noch ein kurzes St\u00fcck weiter f\u00e4hrst findest du einen erfrischenden Badesee und einen Pump Track, dort kannst du Kurven und Manuals \u00fcben.<\/p>\n<p>Unser Chalet vermieten wir auch w\u00e4hrend des Winters, bei Interesse siehe unsere Website <a href=\"http:\/\/www.verbiervalley.com\">www.verbiervalley.com<\/a>[\/vc_column_text][\/vc_column][vc_column width=&#8220;1\/6&#8243;][\/vc_column][\/vc_row][vc_row row_height_percent=&#8220;0&#8243; override_padding=&#8220;yes&#8220; h_padding=&#8220;0&#8243; top_padding=&#8220;0&#8243; bottom_padding=&#8220;0&#8243; overlay_alpha=&#8220;50&#8243; gutter_size=&#8220;0&#8243; column_width_percent=&#8220;100&#8243; shift_y=&#8220;0&#8243; z_index=&#8220;0&#8243; desktop_visibility=&#8220;yes&#8220; medium_visibility=&#8220;yes&#8220;][vc_column column_width_percent=&#8220;100&#8243; gutter_size=&#8220;0&#8243; overlay_alpha=&#8220;50&#8243; shift_x=&#8220;0&#8243; shift_y=&#8220;0&#8243; shift_y_down=&#8220;0&#8243; z_index=&#8220;0&#8243; medium_width=&#8220;0&#8243; mobile_width=&#8220;0&#8243; width=&#8220;1\/1&#8243;][vc_single_image media=&#8220;1893&#8243; media_width_percent=&#8220;100&#8243; advanced=&#8220;yes&#8220; media_items=&#8220;media|original&#8220; media_overlay_opacity=&#8220;50&#8243; media_text_visible=&#8220;yes&#8220; media_overlay_anim=&#8220;no&#8220; media_text_anim=&#8220;no&#8220; media_image_anim=&#8220;no&#8220; media_h_align=&#8220;center&#8220; media_padding=&#8220;2&#8243; media_title_dimension=&#8220;h2&#8243;][vc_row_inner limit_content=&#8220;&#8220;][vc_column_inner column_width_percent=&#8220;100&#8243; gutter_size=&#8220;3&#8243; back_color=&#8220;color-lxmt&#8220; overlay_color=&#8220;color-lxmt&#8220; overlay_alpha=&#8220;50&#8243; shift_x=&#8220;-4&#8243; shift_y=&#8220;0&#8243; shift_y_down=&#8220;0&#8243; z_index=&#8220;1&#8243; medium_width=&#8220;0&#8243; mobile_width=&#8220;0&#8243; width=&#8220;1\/1&#8243;][vc_column_text]<\/p>\n<h3>Our bike chalet is situated in a quiet area just outside the village of Versegeres in the Verbier Valley.<\/h3>\n<p>With a large garden, outside terraces and great views it is a fantastic place to relax after a day of riding. One of our favourite trails end right in our garden. Sit down in one of the relaxing chairs or soak in the wood fire hot tub, relax your tired muscles and think about the great trails you have been riding.<\/p>\n<p>The chalet is run as a small hotel. It sleeps 14 persons in comfortable twin \/ double bedrooms with en suite shower and toilet. There is a communal dining \/ living room with fireplace and access to a south facing terrace. On the top floor there is a second living room with a large reading table and a TV room. You will always find a quiet place to relax, read a book or sort trough your images and videos of the rides.<br \/>\nBed linen and towels are provided and the common areas of the chalet will be tidied daily by one of our staff. There is a washing machine and dryer at the chalet and we provide a midweek laundry service.<\/p>\n<p>After riding, you can clean off your bike at our bike wash. You will find plenty of space to work on your bike in the garden and at our workshop. Of course there is secure storage for your bike.<\/p>\n<p>If you have enough energy left, after a day of biking, the chalet is only a 5 minute ride from bars and restaurants, supermarket and the lift to Verbier. A short ride further you will get to a refreshing lake and a pump track to practise your turns and manuals.<\/p>\n<p>The chalet is also for rent during the winter season, for more information see our website <a href=\"http:\/\/www.verbiervalley.com\" target=\"_blank\" rel=\"noopener noreferrer\">www.verbiervalley.com<\/a>[\/vc_column_text][\/vc_column_inner][\/vc_row_inner][\/vc_column][\/vc_row][vc_row row_height_percent=&#8220;0&#8243; override_padding=&#8220;yes&#8220; h_padding=&#8220;0&#8243; top_padding=&#8220;0&#8243; bottom_padding=&#8220;2&#8243; overlay_alpha=&#8220;50&#8243; gutter_size=&#8220;3&#8243; column_width_percent=&#8220;100&#8243; shift_y=&#8220;0&#8243; z_index=&#8220;0&#8243; css=&#8220;.vc_custom_1557053062165{padding-right: 4px !important;padding-left: 4px !important;}&#8220;][vc_column width=&#8220;1\/1&#8243;][vc_gallery el_id=&#8220;gallery-127313&#8243; type=&#8220;carousel&#8220; medias=&#8220;1400,1401,1396,1398,1394,1392&#8243; carousel_lg=&#8220;6&#8243; carousel_md=&#8220;4&#8243; carousel_sm=&#8220;2&#8243; thumb_size=&#8220;three-two&#8220; gutter_size=&#8220;1&#8243; media_items=&#8220;media|lightbox|original&#8220; carousel_interval=&#8220;3000&#8243; carousel_navspeed=&#8220;400&#8243; stage_padding=&#8220;0&#8243; single_overlay_opacity=&#8220;50&#8243; single_padding=&#8220;2&#8243;][\/vc_column][\/vc_row][vc_row][vc_column width=&#8220;1\/1&#8243;][vc_column_text]<\/p>\n<h2 style=\"text-align: center;\"><strong>Unsere vollverpflegten Mountainbikeurlaube<\/strong><\/h2>\n<p>[\/vc_column_text][\/vc_column][\/vc_row][vc_row row_height_percent=&#8220;0&#8243; override_padding=&#8220;yes&#8220; h_padding=&#8220;0&#8243; top_padding=&#8220;2&#8243; bottom_padding=&#8220;0&#8243; overlay_alpha=&#8220;50&#8243; gutter_size=&#8220;0&#8243; column_width_percent=&#8220;100&#8243; shift_y=&#8220;0&#8243; z_index=&#8220;0&#8243; mobile_visibility=&#8220;yes&#8220; css=&#8220;.vc_custom_1557052653611{padding-right: 5% !important;}&#8220;][vc_column column_width_percent=&#8220;100&#8243; gutter_size=&#8220;3&#8243; overlay_alpha=&#8220;50&#8243; shift_x=&#8220;0&#8243; shift_y=&#8220;0&#8243; shift_y_down=&#8220;0&#8243; z_index=&#8220;0&#8243; medium_width=&#8220;0&#8243; mobile_width=&#8220;0&#8243; width=&#8220;1\/2&#8243;][vc_empty_space empty_h=&#8220;2&#8243; medium_visibility=&#8220;yes&#8220; mobile_visibility=&#8220;yes&#8220;][vc_row_inner limit_content=&#8220;&#8220;][vc_column_inner column_width_percent=&#8220;100&#8243; gutter_size=&#8220;3&#8243; back_color=&#8220;color-lxmt&#8220; overlay_color=&#8220;color-lxmt&#8220; overlay_alpha=&#8220;50&#8243; shift_x=&#8220;4&#8243; shift_y=&#8220;0&#8243; shift_y_down=&#8220;0&#8243; z_index=&#8220;2&#8243; medium_width=&#8220;0&#8243; mobile_width=&#8220;0&#8243; css_animation=&#8220;left-t-right&#8220; width=&#8220;1\/1&#8243;][vc_column_text]Man sagt auch \u201eFood is fuel\u201c darum sorgen wir daf\u00fcr, dass du zu jederzeit genug in deinem Tank hast um allen Herausforderungen w\u00e4hrend des Bikens gewachsen zu sein. Am Morgen wirst du mit einem klassischen, Kontinentalfr\u00fchst\u00fcck geweckt. Es gibt unter anderem frisches Brot, M\u00fcsli, frisches Obst und Milch, Joghurt, Orangensaft, Kaffee &amp; Tee. Unser \u201eBikers Lunchpaket\u201c wird sorgf\u00e4ltig zusammengestellt und gibt dir gen\u00fcgend Energie f\u00fcr den Nachmittag. Es besteht aus frischen Sandwiches, Obst und M\u00fcsliriegeln.<\/p>\n<p>Wenn wir am Nachmittag ins Chalet zur\u00fcck kommen gibt es einen kleinen Snack und ein warmes oder kaltes Getr\u00e4nk. Dabei schauen wir dann der Sonne dabei zu wie sie langsam hinter den Bergen verschwindet. Am Abend genie\u00dfen wir ein ausgiebiges Abendessen, begleitet von lokalen Weinen. Unser Chefkoch bereitet t\u00e4glich ein 3-G\u00e4nge-Men\u00fc aus frischen und lokalen Produkten. Bei gutem Wetter organisieren wir einmal in der Woche ein Bbq.<\/p>\n<p>Das Abendessen ist an allen Abenden, bis auf einem, im Preis enthalten. Einmal in der Woche haben unser Koch und unser Team frei und wir bieten euch die M\u00f6glichkeit eines der vielen Restaurants in Verbier zu testen. Nat\u00fcrlich geben wir euch gerne Tipps, so dass jeder ein f\u00fcr sich passendes Restaurant finden kann.<\/p>\n<p>[\/vc_column_text][\/vc_column_inner][\/vc_row_inner][\/vc_column][vc_column column_width_percent=&#8220;100&#8243; gutter_size=&#8220;3&#8243; overlay_alpha=&#8220;50&#8243; shift_x=&#8220;0&#8243; shift_y=&#8220;0&#8243; shift_y_down=&#8220;0&#8243; z_index=&#8220;1&#8243; medium_width=&#8220;0&#8243; mobile_width=&#8220;0&#8243; width=&#8220;1\/2&#8243;][vc_single_image media=&#8220;1895&#8243; media_width_percent=&#8220;100&#8243; advanced=&#8220;yes&#8220; media_items=&#8220;media|original&#8220; media_overlay_opacity=&#8220;50&#8243; media_text_visible=&#8220;yes&#8220; media_overlay_anim=&#8220;no&#8220; media_text_anim=&#8220;no&#8220; media_image_anim=&#8220;no&#8220; media_h_align=&#8220;center&#8220; media_padding=&#8220;2&#8243; media_title_dimension=&#8220;h2&#8243;][\/vc_column][\/vc_row][vc_row row_height_percent=&#8220;0&#8243; override_padding=&#8220;yes&#8220; h_padding=&#8220;0&#8243; top_padding=&#8220;0&#8243; bottom_padding=&#8220;0&#8243; overlay_alpha=&#8220;50&#8243; gutter_size=&#8220;0&#8243; column_width_percent=&#8220;100&#8243; shift_y=&#8220;0&#8243; z_index=&#8220;0&#8243; desktop_visibility=&#8220;yes&#8220; medium_visibility=&#8220;yes&#8220;][vc_column column_width_percent=&#8220;100&#8243; gutter_size=&#8220;0&#8243; overlay_alpha=&#8220;50&#8243; shift_x=&#8220;0&#8243; shift_y=&#8220;0&#8243; shift_y_down=&#8220;0&#8243; z_index=&#8220;0&#8243; medium_width=&#8220;0&#8243; mobile_width=&#8220;0&#8243; width=&#8220;1\/1&#8243;][vc_single_image media=&#8220;1895&#8243; media_width_percent=&#8220;100&#8243; advanced=&#8220;yes&#8220; media_items=&#8220;media|original&#8220; media_overlay_opacity=&#8220;50&#8243; media_text_visible=&#8220;yes&#8220; media_overlay_anim=&#8220;no&#8220; media_text_anim=&#8220;no&#8220; media_image_anim=&#8220;no&#8220; media_h_align=&#8220;center&#8220; media_padding=&#8220;2&#8243; media_title_dimension=&#8220;h2&#8243;][vc_row_inner limit_content=&#8220;&#8220;][vc_column_inner column_width_percent=&#8220;100&#8243; gutter_size=&#8220;3&#8243; back_color=&#8220;color-lxmt&#8220; overlay_color=&#8220;color-lxmt&#8220; overlay_alpha=&#8220;50&#8243; shift_x=&#8220;-4&#8243; shift_y=&#8220;0&#8243; shift_y_down=&#8220;0&#8243; z_index=&#8220;1&#8243; medium_width=&#8220;0&#8243; mobile_width=&#8220;0&#8243; width=&#8220;1\/1&#8243;][vc_column_text]<\/p>\n<h3>All-Inclusive Catered Mountain Bike Holiday<\/h3>\n<p>\u201cFood is fuel\u201d and we make sure that you have plenty in the tank to tackle those challenging rides. The morning starts with a classic continental breakfast with fresh bread, cereal, fresh fruits and milk, yoghurt, orange juice, coffee and tea. Our \u201cbiker\u2019s lunch\u201d is designed to keep those energy levels up into the afternoon. Freshly made sandwiches, fruit and muesli bars.<\/p>\n<p>On your return to the chalet you can enjoy a snack and a hot or cold drink as you watch the sun set over the mountains before enjoying a fine evening meal accompanied by locally sourced wine. Three course dinners are prepared by our chef daily with the use of fresh and local produce. With good weather there is a BBQ on the menu every week. \u2028\u2028We provide dinner every night except one evening when the guides and staff take their night off \u2013 this will give you the chance to eat out in one of the many excellent restaurants in Verbier. We are happy to recommend restaurants to suit your taste and budget.[\/vc_column_text][\/vc_column_inner][\/vc_row_inner][\/vc_column][\/vc_row][vc_row row_height_percent=&#8220;0&#8243; override_padding=&#8220;yes&#8220; h_padding=&#8220;0&#8243; top_padding=&#8220;2&#8243; bottom_padding=&#8220;2&#8243; overlay_alpha=&#8220;50&#8243; gutter_size=&#8220;3&#8243; column_width_percent=&#8220;100&#8243; shift_y=&#8220;0&#8243; z_index=&#8220;0&#8243; css=&#8220;.vc_custom_1557053347979{padding-right: 4px !important;padding-left: 4px !important;}&#8220;][vc_column width=&#8220;1\/1&#8243;][vc_gallery el_id=&#8220;gallery-116815&#8243; type=&#8220;carousel&#8220; medias=&#8220;1435,1433,1431,1429,1427,1425,1421,1418,1419,1416,1414,1412,1410&#8243; carousel_lg=&#8220;6&#8243; carousel_md=&#8220;4&#8243; carousel_sm=&#8220;2&#8243; thumb_size=&#8220;three-two&#8220; gutter_size=&#8220;1&#8243; media_items=&#8220;media|lightbox|original&#8220; carousel_height=&#8220;equal&#8220; carousel_interval=&#8220;3000&#8243; carousel_navspeed=&#8220;400&#8243; stage_padding=&#8220;0&#8243; single_overlay_opacity=&#8220;50&#8243; single_padding=&#8220;2&#8243;][\/vc_column][\/vc_row]<\/p>\n<\/div>","protected":false},"excerpt":{"rendered":"<p>[vc_row unlock_row_content=&#8220;yes&#8220; row_height_percent=&#8220;85&#8243; override_padding=&#8220;yes&#8220; h_padding=&#8220;1&#8243; top_padding=&#8220;2&#8243; bottom_padding=&#8220;0&#8243; back_image=&#8220;1573&#8243; back_attachment=&#8220;fixed&#8220; back_position=&#8220;right bottom&#8220; overlay_color=&#8220;color-jevc&#8220; overlay_alpha=&#8220;20&#8243; gutter_size=&#8220;3&#8243; column_width_percent=&#8220;100&#8243; shift_y=&#8220;0&#8243; z_index=&#8220;0&#8243; row_height_pixel=&#8220;360&#8243;][vc_column column_width_percent=&#8220;100&#8243; position_vertical=&#8220;middle&#8220; [&hellip;]<\/p>\n","protected":false},"author":1,"featured_media":0,"parent":0,"menu_order":0,"comment_status":"closed","ping_status":"closed","template":"","meta":{"footnotes":""},"class_list":["post-3377","page","type-page","status-publish","hentry"],"yoast_head":"<!-- This site is optimized with the Yoast SEO plugin v26.8 - https:\/\/yoast.com\/product\/yoast-seo-wordpress\/ -->\n<title>Das Bike Chalet - MTB Verbier<\/title>\n<meta name=\"robots\" content=\"index, follow, max-snippet:-1, max-image-preview:large, max-video-preview:-1\" \/>\n<link rel=\"canonical\" href=\"https:\/\/www.mtbverbier.com\/de\/the-bike-chalet\/\" \/>\n<meta property=\"og:locale\" content=\"de_DE\" \/>\n<meta property=\"og:type\" content=\"article\" \/>\n<meta property=\"og:title\" content=\"Das Bike Chalet - MTB Verbier\" \/>\n<meta property=\"og:description\" content=\"[vc_row unlock_row_content=&#8220;yes&#8220; row_height_percent=&#8220;85&#8243; override_padding=&#8220;yes&#8220; h_padding=&#8220;1&#8243; top_padding=&#8220;2&#8243; bottom_padding=&#8220;0&#8243; back_image=&#8220;1573&#8243; back_attachment=&#8220;fixed&#8220; back_position=&#8220;right bottom&#8220; overlay_color=&#8220;color-jevc&#8220; overlay_alpha=&#8220;20&#8243; gutter_size=&#8220;3&#8243; column_width_percent=&#8220;100&#8243; shift_y=&#8220;0&#8243; z_index=&#8220;0&#8243; row_height_pixel=&#8220;360&#8243;][vc_column column_width_percent=&#8220;100&#8243; position_vertical=&#8220;middle&#8220; [&hellip;]\" \/>\n<meta property=\"og:url\" content=\"https:\/\/www.mtbverbier.com\/de\/the-bike-chalet\/\" \/>\n<meta property=\"og:site_name\" content=\"MTB Verbier\" \/>\n<meta property=\"article:modified_time\" content=\"2021-12-15T10:31:20+00:00\" \/>\n<meta name=\"twitter:card\" content=\"summary_large_image\" \/>\n<meta name=\"twitter:label1\" content=\"Gesch\u00e4tzte Lesezeit\" \/>\n\t<meta name=\"twitter:data1\" content=\"11\u00a0Minuten\" \/>\n<script type=\"application\/ld+json\" class=\"yoast-schema-graph\">{\"@context\":\"https:\/\/schema.org\",\"@graph\":[{\"@type\":\"WebPage\",\"@id\":\"https:\/\/www.mtbverbier.com\/de\/the-bike-chalet\/\",\"url\":\"https:\/\/www.mtbverbier.com\/de\/the-bike-chalet\/\",\"name\":\"Das Bike Chalet - MTB Verbier\",\"isPartOf\":{\"@id\":\"https:\/\/www.mtbverbier.com\/#website\"},\"datePublished\":\"2020-06-08T14:04:28+00:00\",\"dateModified\":\"2021-12-15T10:31:20+00:00\",\"breadcrumb\":{\"@id\":\"https:\/\/www.mtbverbier.com\/de\/the-bike-chalet\/#breadcrumb\"},\"inLanguage\":\"de\",\"potentialAction\":[{\"@type\":\"ReadAction\",\"target\":[\"https:\/\/www.mtbverbier.com\/de\/the-bike-chalet\/\"]}]},{\"@type\":\"BreadcrumbList\",\"@id\":\"https:\/\/www.mtbverbier.com\/de\/the-bike-chalet\/#breadcrumb\",\"itemListElement\":[{\"@type\":\"ListItem\",\"position\":1,\"name\":\"Home\",\"item\":\"https:\/\/www.mtbverbier.com\/de\/\"},{\"@type\":\"ListItem\",\"position\":2,\"name\":\"Das Bike Chalet\"}]},{\"@type\":\"WebSite\",\"@id\":\"https:\/\/www.mtbverbier.com\/#website\",\"url\":\"https:\/\/www.mtbverbier.com\/\",\"name\":\"MTB Verbier\",\"description\":\"All inclusive mountain bike holidays in Verbier, Switzerland\",\"potentialAction\":[{\"@type\":\"SearchAction\",\"target\":{\"@type\":\"EntryPoint\",\"urlTemplate\":\"https:\/\/www.mtbverbier.com\/?s={search_term_string}\"},\"query-input\":{\"@type\":\"PropertyValueSpecification\",\"valueRequired\":true,\"valueName\":\"search_term_string\"}}],\"inLanguage\":\"de\"}]}<\/script>\n<!-- \/ Yoast SEO plugin. -->","yoast_head_json":{"title":"Das Bike Chalet - MTB Verbier","robots":{"index":"index","follow":"follow","max-snippet":"max-snippet:-1","max-image-preview":"max-image-preview:large","max-video-preview":"max-video-preview:-1"},"canonical":"https:\/\/www.mtbverbier.com\/de\/the-bike-chalet\/","og_locale":"de_DE","og_type":"article","og_title":"Das Bike Chalet - MTB Verbier","og_description":"[vc_row unlock_row_content=&#8220;yes&#8220; row_height_percent=&#8220;85&#8243; override_padding=&#8220;yes&#8220; h_padding=&#8220;1&#8243; top_padding=&#8220;2&#8243; bottom_padding=&#8220;0&#8243; back_image=&#8220;1573&#8243; back_attachment=&#8220;fixed&#8220; back_position=&#8220;right bottom&#8220; overlay_color=&#8220;color-jevc&#8220; overlay_alpha=&#8220;20&#8243; gutter_size=&#8220;3&#8243; column_width_percent=&#8220;100&#8243; shift_y=&#8220;0&#8243; z_index=&#8220;0&#8243; row_height_pixel=&#8220;360&#8243;][vc_column column_width_percent=&#8220;100&#8243; position_vertical=&#8220;middle&#8220; [&hellip;]","og_url":"https:\/\/www.mtbverbier.com\/de\/the-bike-chalet\/","og_site_name":"MTB Verbier","article_modified_time":"2021-12-15T10:31:20+00:00","twitter_card":"summary_large_image","twitter_misc":{"Gesch\u00e4tzte Lesezeit":"11\u00a0Minuten"},"schema":{"@context":"https:\/\/schema.org","@graph":[{"@type":"WebPage","@id":"https:\/\/www.mtbverbier.com\/de\/the-bike-chalet\/","url":"https:\/\/www.mtbverbier.com\/de\/the-bike-chalet\/","name":"Das Bike Chalet - MTB Verbier","isPartOf":{"@id":"https:\/\/www.mtbverbier.com\/#website"},"datePublished":"2020-06-08T14:04:28+00:00","dateModified":"2021-12-15T10:31:20+00:00","breadcrumb":{"@id":"https:\/\/www.mtbverbier.com\/de\/the-bike-chalet\/#breadcrumb"},"inLanguage":"de","potentialAction":[{"@type":"ReadAction","target":["https:\/\/www.mtbverbier.com\/de\/the-bike-chalet\/"]}]},{"@type":"BreadcrumbList","@id":"https:\/\/www.mtbverbier.com\/de\/the-bike-chalet\/#breadcrumb","itemListElement":[{"@type":"ListItem","position":1,"name":"Home","item":"https:\/\/www.mtbverbier.com\/de\/"},{"@type":"ListItem","position":2,"name":"Das Bike Chalet"}]},{"@type":"WebSite","@id":"https:\/\/www.mtbverbier.com\/#website","url":"https:\/\/www.mtbverbier.com\/","name":"MTB Verbier","description":"All inclusive mountain bike holidays in Verbier, Switzerland","potentialAction":[{"@type":"SearchAction","target":{"@type":"EntryPoint","urlTemplate":"https:\/\/www.mtbverbier.com\/?s={search_term_string}"},"query-input":{"@type":"PropertyValueSpecification","valueRequired":true,"valueName":"search_term_string"}}],"inLanguage":"de"}]}},"_links":{"self":[{"href":"https:\/\/www.mtbverbier.com\/de\/wp-json\/wp\/v2\/pages\/3377","targetHints":{"allow":["GET"]}}],"collection":[{"href":"https:\/\/www.mtbverbier.com\/de\/wp-json\/wp\/v2\/pages"}],"about":[{"href":"https:\/\/www.mtbverbier.com\/de\/wp-json\/wp\/v2\/types\/page"}],"author":[{"embeddable":true,"href":"https:\/\/www.mtbverbier.com\/de\/wp-json\/wp\/v2\/users\/1"}],"replies":[{"embeddable":true,"href":"https:\/\/www.mtbverbier.com\/de\/wp-json\/wp\/v2\/comments?post=3377"}],"version-history":[{"count":5,"href":"https:\/\/www.mtbverbier.com\/de\/wp-json\/wp\/v2\/pages\/3377\/revisions"}],"predecessor-version":[{"id":5805,"href":"https:\/\/www.mtbverbier.com\/de\/wp-json\/wp\/v2\/pages\/3377\/revisions\/5805"}],"wp:attachment":[{"href":"https:\/\/www.mtbverbier.com\/de\/wp-json\/wp\/v2\/media?parent=3377"}],"curies":[{"name":"wp","href":"https:\/\/api.w.org\/{rel}","templated":true}]}}