{"id":3370,"date":"2020-06-08T14:42:46","date_gmt":"2020-06-08T14:42:46","guid":{"rendered":"https:\/\/www.mtbverbier.com\/?page_id=3370"},"modified":"2020-06-09T18:26:46","modified_gmt":"2020-06-09T18:26:46","slug":"faqs","status":"publish","type":"page","link":"https:\/\/www.mtbverbier.com\/de\/faqs\/","title":{"rendered":"FAQs"},"content":{"rendered":"<div class=\"wpb-content-wrapper\"><p>[vc_row row_height_percent=&#8220;0&#8243; override_padding=&#8220;yes&#8220; h_padding=&#8220;2&#8243; top_padding=&#8220;3&#8243; bottom_padding=&#8220;3&#8243; back_image=&#8220;542&#8243; back_position=&#8220;center center&#8220; overlay_alpha=&#8220;50&#8243; gutter_size=&#8220;3&#8243; column_width_percent=&#8220;100&#8243; shift_y=&#8220;0&#8243; z_index=&#8220;0&#8243;][vc_column width=&#8220;1\/6&#8243;][\/vc_column][vc_column width=&#8220;2\/3&#8243;][vc_empty_space empty_h=&#8220;3&#8243; mobile_visibility=&#8220;yes&#8220;][vc_column_text]<\/p>\n<h1 style=\"font-weight: 900; letter-spacing: -2px; font-stretch: ultra-expanded;\"><span class=\"font-169096\" style=\"color: #333333; padding-right: 10px;\">FAQS<br \/>\n<\/span><\/h1>\n<h3 style=\"font-weight: 900; letter-spacing: -2px; font-stretch: ultra-expanded;\"><strong>H\u00e4ufig gestellte Fragen zu unseren Mountainbike Urlauben<\/strong><\/h3>\n<p>Hier findest du eine Liste mit den h\u00e4ufigst gestellten Fragen \u00fcber die Mountainbike Urlaube in den Schweizer Alpen mit MTB Verbier. Falls du die Antwort zu deiner Frage in der Liste nicht finden kannst setze dich gerne mit uns in Verbindung. Wir geben dir gerne zus\u00e4tzliche Infos zu unseren Urlauben und helfen dir jederzeit weiter.<\/p>\n<hr \/>\n<p>&nbsp;<\/p>\n<p>[\/vc_column_text][\/vc_column][vc_column width=&#8220;1\/6&#8243;][\/vc_column][\/vc_row][vc_row][vc_column width=&#8220;1\/6&#8243;][\/vc_column][vc_column width=&#8220;2\/3&#8243;][vc_accordion active_tab=&#8220;0&#8243;][vc_accordion_tab title=&#8220;Ist das Mountainbike Fahren in der Gegend \u00fcberhaupt gut?&#8220; tab_id=&#8220;1558975814865-13-3&#8243;][vc_column_text]Machst du Witze, es ist legend\u00e4r und gro\u00dfartiges Mountainbiking auf echten Bergen!!![\/vc_column_text][\/vc_accordion_tab][vc_accordion_tab title=&#8220;Wie sieht MTB fahren wirklich aus?&#8220; tab_id=&#8220;1558973206-1-83&#8243;][vc_column_text]Wir sind umgeben von gro\u00dfen Bergmassiven, die uns im Bezug auf die Trails unendlich viele Varianten und M\u00f6glichkeiten bieten. Vom k\u00fcnstlich angelegten Verbier Bike Park mit perfekten B\u00f6schungen und Spr\u00fcngen \u00fcber schwierige Trails, auf denen man mitunter auch mal wandern muss, bis hin zu flie\u00dfenden Trails durch die W\u00e4lder. Die absolute Kr\u00f6nung aller Rides sind aber die legend\u00e4ren Aussichten, die man w\u00e4hrend der Fahrt \u00fcber verschneite Bergspitzen hat und die Fahrten durch romantische Schweizer Bergd\u00f6rfer mit kleinen Gassen und jahrhundertealten Holzh\u00e4usern.[\/vc_column_text][\/vc_accordion_tab][vc_accordion_tab title=&#8220;Welche Fahrer treffen sich w\u00e4hrend eines MTB Verbier Mountainbike Urlaubs?&#8220; tab_id=&#8220;1558973206-2-44&#8243;][vc_column_text]Unsere Mountainbike Urlaube in den Schweizer Alpen sind f\u00fcr alle Mountainbike Begeisterten geeignet, da wir in verschiedenen Gruppen fahren. Egal welchen Fahrstil du favorisierst: XC, Enduro, All Mountain oder Downhill, bei uns ist f\u00fcr jeden etwas dabei und wir werden daf\u00fcr sorgen, dass du den Trail findest der am Besten zu deinem Level und K\u00f6nnen passt. Wir platzieren zum Beispiel niemals XC und Downhill Fahrer in einer Gruppe. Schau dir doch einfach mal unsere Galerie und Videos an. Wir hoffen, so bekommst du einen guten Eindruck von unserem Mountainbiken. Falls du dein Level mit uns besprechen m\u00f6chtest nimm gerne jederzeit Kontakt mit uns auf.[\/vc_column_text][\/vc_accordion_tab][vc_accordion_tab title=&#8220;Wieviele Leute sind jeweils in einer Gruppe?&#8220; tab_id=&#8220;1558973376394-2-10&#8243;][vc_column_text]Unsere Gruppen bestehen aus maximal 7 Personen und einem Mountainbike Guide.[\/vc_column_text][\/vc_accordion_tab][vc_accordion_tab title=&#8220;Sind K\u00f6rperschutz und Integralhelm erforderlich?&#8220; tab_id=&#8220;1558973406771-3-0&#8243;][vc_column_text]Unserer Meinung nach ist es nie verkehrt sich so gut es geht zu sch\u00fctzen, aber nat\u00fcrlich h\u00e4ngt es auch von der jeweiligen Fahrt ab. W\u00e4hrend einer Cross County Mountainbike Tour reicht ein normaler Mountainbikehelm v\u00f6llig aus, zus\u00e4tzlich schaden ein paar einfache Ellbogen- und Knieschoner nicht, da dir sonst selbst ein kleiner Sturz deinen restlichen Urlaub vermiesen kann. Stehst du mehr auf Enduro, dann sind Knieschoner Pflicht und wenn du einen Downhill im Bikepark fahren willst, raten wir dir dringend einen Integralhelm und Ganzk\u00f6rperschutz zu tragen. Schoner kannst du bei uns leihen, solltest du selbst keine haben.[\/vc_column_text][\/vc_accordion_tab][vc_accordion_tab title=&#8220;Kann ich in Verbier ein Mountainbike mieten oder sollte ich mein eigens mitbringen?&#8220; tab_id=&#8220;1558973441996-4-4&#8243;][vc_column_text]Wenn dein eigenes Bike f\u00fcr die Alpen geeignet ist, bring es m\u00f6glichst auf jeden Fall mit. Ansonsten arbeiten wir mit einem \u00f6rtlichen Bike Shop zusammen, der qualitativ hochwertige Specialized Stumpjumper, Enduro und Turbo Levo E-MTB verleiht. Wir reservieren dir gerne ein Mountainbike und sorgen daf\u00fcr, dass es bei deiner Ankunft f\u00fcr dich bereit steht. Verbier Mountainbikemiete kostet CHF 220 f\u00fcr 6 Tage f\u00fcr ein Specialized Stumpjumper oder Enduro Bike und CHF 360 f\u00fcr ein Turbo Levo E-MTB.<br \/>\nLeihr\u00e4der sind nicht versichert, du musst bei Sch\u00e4den oder Verlust den Ersatz f\u00fcr Teile (oder das Bike) selbst zahlen.[\/vc_column_text][\/vc_accordion_tab][vc_accordion_tab title=&#8220;Kann ich auch als Alleinreisende\/r an einem Mountainbike Urlaub in den Alpen teilnehmen?&#8220; tab_id=&#8220;1558973495692-5-7&#8243;][vc_column_text]Nat\u00fcrlich! Du teilst dir dann entweder ein Doppelzimmer mit einem weiteren Gast oder du hast die M\u00f6glichkeit einen Einzelzimmerzuschlag von CHF 30 pro Nacht zu zahlen und das Zimmer alleine zu nutzen. Ein Doppelzimmer mit Hochbett zur alleinigen Nutzung kostet CHF 15 extra pro Nacht. Alle Zimmer haben eine eigene Dusche &amp; WC.[\/vc_column_text][\/vc_accordion_tab][vc_accordion_tab title=&#8220;Wie komme ich vom Flughafen zu MTB Verbier?&#8220; tab_id=&#8220;1558973540422-6-5&#8243;][vc_column_text]Die Zugverbindung aus Genf oder Z\u00fcrich zum n\u00e4chsten Bahnhof in \u201eLe Chable\u201c ist sehr gut und f\u00e4hrt sehr regelm\u00e4\u00dfig. Z\u00fcge in der Schweiz sind sehr sauber, sicher und fahren durch eine traumhafte Berglandschaft. Die Z\u00fcge fahren direkt am Flughafen ab, der Bahnhof liegt unter der Ankunftshalle und Z\u00fcge fahren zweimal pro Stunde. Die Zugfahrt entlang des Genfersees, \u00fcber Martigny nach Le Chable dauert ca. 2 Stunden und kostet CHF 56 f\u00fcr eine einfache Fahrt. Dein Bike in einer Box oder Reisetasche darf gratis mitfahren.<\/p>\n<p>Alle Informationen zu Fahrpl\u00e4nen und Tickets findest du unter <a href=\"https:\/\/www.sbb.ch\/de\/home.html\"><strong><em>https:\/\/www.sbb.ch\/de\/home.html<\/em><\/strong><\/a>[\/vc_column_text][\/vc_accordion_tab][vc_accordion_tab title=&#8220;Bietet ihr einen Flughafentransfer vom Genfer Flughafen aus an?&#8220; tab_id=&#8220;1558973541719-7-10&#8243;][vc_column_text]Flughafentransfer ist nicht im Preis enthalten. Wir bieten aber einen gratis Abholservice vom n\u00e4chsten Bahnhof in Le Chable an. Einen Transfer vom Flughafen k\u00f6nnen wir f\u00fcr CHF 80 pro Person und einfache Fahrt bzw. CHF 140 Retour organisieren, allerdings erst ab minimal 4 Personen.[\/vc_column_text][\/vc_accordion_tab][vc_accordion_tab title=&#8220;Bietet ihr auch Verpflegung f\u00fcr Vegetarier oder andere Di\u00e4ten?&#8220; tab_id=&#8220;1558973633529-8-0&#8243;][vc_column_text]Mit Bezug auf Nachhaltigkeit unterst\u00fctzen wir einen vegetarischen Ern\u00e4hrungsstil und bieten daher 2 mal in der Woche ein rein vegetarisches Abendessen an. W\u00e4hrend der anderen Abende bereitet unser Koch, bei vorheriger Buchung, ebenfalls eine vegetarische Option zu. Au\u00dferdem geben wir unser Bestes um auch andere Di\u00e4tvorschriften zu erf\u00fcllen. Wichtig ist allerdings, dass ihr uns rechtzeitig, vor Anreise, \u00fcber eure Allergien und Di\u00e4tvorschriften informiert, so dass wir uns darauf bestm\u00f6glich einstellen k\u00f6nnen.<\/p>\n<p>Wir empfehlen jedem seine eigenen Energieriegel und Pulver mitzubringen, da ihr euch selbst am Besten kennt. Das gilt insbesondere f\u00fcr diejenigen die bestimmte Allergien bzw. Intoleranzen haben oder Di\u00e4ten einhalten. Nimm also auf jeden Fall einige deiner Lieblingssnacks und M\u00fcsliriegel mit, die am Besten zu deiner Di\u00e4t passen.[\/vc_column_text][\/vc_accordion_tab][vc_accordion_tab title=&#8220;Kann ich an einem anderen Tag als Sonntag anreisen?&#8220; tab_id=&#8220;1558973661793-9-3&#8243;][vc_column_text]Ja, es ist m\u00f6glich an einem anderen Tag anzureisen, allerdings kann es sein, dass wir dann noch keinen Platz f\u00fcr dich haben. Wir arbeiten aber mit verschiedenen Hotels vor Ort zusammen und helfen dir gerne bei deiner individuellen Planung. Meld dich also gerne bei uns![\/vc_column_text][\/vc_accordion_tab][vc_accordion_tab title=&#8220;Bietet ihr auch lange Wochenenden an?&#8220; tab_id=&#8220;1558973718868-10-10&#8243;][vc_column_text]Ja, unsere langen Wochenenden, bzw. Kurzwochen bestehen aus 3 \u00dcbernachtungen und beginnen jeweils Donnerstags bzw. Sonntags. F\u00fcr Gruppen ab minimal 4 Personen stellen wir gerne ein individuelles Paket zusammen. Schicke uns gerne eine Anfrage mit deinen Wunschdaten. Alleinreisende k\u00f6nnen ggfs. mit einer bereits bestehenden Wochenendbuchung kombiniert werden.[\/vc_column_text][\/vc_accordion_tab][vc_accordion_tab title=&#8220;Kann ich vor oder nach meiner Mountainbike Woche noch extra N\u00e4chte dazu buchen?&#8220; tab_id=&#8220;1558973743792-11-0&#8243;][vc_column_text]Ja, wenn wir noch Betten frei haben bist du herzlich willkommen und kannst f\u00fcr CHF 75 eine extra Nacht mit Fr\u00fchst\u00fcck dazu buchen und f\u00fcr CHF 110 eine Nacht mit Fr\u00fchst\u00fcck und Abendessen. Wenn kein Zimmer mehr frei ist k\u00f6nnen wir dir ein alternatives Hotel oder B&amp;B organisieren (Zahlung dann direkt ans Hotel bzw. B&amp;B).[\/vc_column_text][\/vc_accordion_tab][vc_accordion_tab title=&#8220;Welche Versicherung empfehlt ihr f\u00fcr\u2019s Mountainbiken?&#8220; tab_id=&#8220;1558973779308-12-10&#8243;][vc_column_text]Wir empfehlen eine Reiseversicherung und wir bestehen auf eine Unfallversicherung mit Bergrettung. Wir bewegen uns oft in schlecht zug\u00e4nglichem Gel\u00e4nde und weit entfernt von befestigten Stra\u00dfen. Sollte also etwas passieren und wir ben\u00f6tigen einen Helikopter zur Bergung, dann kann sich eine Rechnung schnell auf CHF 4000 oder mehr belaufen. Stelle also sicher, dass deine Versicherung Bergrettung und Mountainbiken im Speziellen versichert, da es oft zu den Extremsportarten geh\u00f6rt die nicht als Standard inbegriffen sind.[\/vc_column_text][\/vc_accordion_tab][vc_accordion_tab title=&#8220;Wie buche ich meinen Mountainbike Urlaub bei MTB Verbier?&#8220; tab_id=&#8220;1591727121171-14-8&#8243;][vc_column_text]Auf allen Paketseiten findest du einen Buchungslink, ebenfalls auf unserer Kontaktseite.<br \/>\nAuf der Buchungsseite:<br \/>\n&#8211; W\u00e4hle dein Paket<br \/>\n&#8211; Du kannst rechts oben die Sprache und W\u00e4hrung anpassen<br \/>\n&#8211; W\u00e4hle die Zimmerkategorie und markiere im n\u00e4chsten Schritt ggfs. den Einzelzimmerzuschlag.<br \/>\n&#8211; Trage die Namen der Mitreisenden ein<br \/>\n&#8211; W\u00e4hle ggfs. Extras aus<br \/>\n&#8211; Best\u00e4tige die Buchung<\/p>\n<p>Wir werden dir dann innerhalb von 48 Std. eine Best\u00e4tigung &amp; einen Bezahllink mailen. Wir erwarten innerhalb von 10 Tagen eine Anzahlung. Die Restzahlung wird 6 Wochen vor Beginn deiner Mountainbike Woche f\u00e4llig. Wir schicken dir dann nochmals eine Zahlungsaufforderung und einen neuen Link zur Zahlung online.[\/vc_column_text][\/vc_accordion_tab][vc_accordion_tab title=&#8220;Wie bezahle ich meinen Mountainbike Urlaub bei MTB Verbier?\u00a0&#8220; tab_id=&#8220;1591727164885-15-8&#8243;][vc_column_text]<\/p>\n<div><span lang=\"DE\">Du kannst ganz einfach online \u00fcber einen sicheren Bezahllink, den wir dir nach Best\u00e4tigung der Buchung mailen bzw. den du \u00fcber dein G\u00e4steportal erreichen kannst, zahlen. Bezahlen kannst du zum Beispiel \u00fcber IDeal, Sofort, per \u00dcberweisung oder mit der Kreditkarte. Nach Zahlung erh\u00e4ltst du von uns eine automatische Best\u00e4tigung und die H\u00f6he der Restzahlung kannst du jederzeit in deinem G\u00e4steportal kontrollieren.<\/span><\/div>\n<p>[\/vc_column_text][\/vc_accordion_tab][\/vc_accordion][\/vc_column][vc_column width=&#8220;1\/6&#8243;][\/vc_column][\/vc_row]<\/p>\n<\/div>","protected":false},"excerpt":{"rendered":"<p>[vc_row row_height_percent=&#8220;0&#8243; override_padding=&#8220;yes&#8220; h_padding=&#8220;2&#8243; top_padding=&#8220;3&#8243; bottom_padding=&#8220;3&#8243; back_image=&#8220;542&#8243; back_position=&#8220;center center&#8220; overlay_alpha=&#8220;50&#8243; gutter_size=&#8220;3&#8243; column_width_percent=&#8220;100&#8243; shift_y=&#8220;0&#8243; z_index=&#8220;0&#8243;][vc_column width=&#8220;1\/6&#8243;][\/vc_column][vc_column width=&#8220;2\/3&#8243;][vc_empty_space empty_h=&#8220;3&#8243; mobile_visibility=&#8220;yes&#8220;][vc_column_text] FAQS H\u00e4ufig [&hellip;]<\/p>\n","protected":false},"author":1,"featured_media":0,"parent":0,"menu_order":0,"comment_status":"closed","ping_status":"closed","template":"","meta":{"footnotes":""},"class_list":["post-3370","page","type-page","status-publish","hentry"],"yoast_head":"<!-- This site is optimized with the Yoast SEO plugin v26.8 - https:\/\/yoast.com\/product\/yoast-seo-wordpress\/ -->\n<title>FAQs - MTB Verbier<\/title>\n<meta name=\"robots\" content=\"index, follow, max-snippet:-1, max-image-preview:large, max-video-preview:-1\" \/>\n<link rel=\"canonical\" href=\"https:\/\/www.mtbverbier.com\/de\/faqs\/\" \/>\n<meta property=\"og:locale\" content=\"de_DE\" \/>\n<meta property=\"og:type\" content=\"article\" \/>\n<meta property=\"og:title\" content=\"FAQs - MTB Verbier\" \/>\n<meta property=\"og:description\" content=\"[vc_row row_height_percent=&#8220;0&#8243; override_padding=&#8220;yes&#8220; h_padding=&#8220;2&#8243; top_padding=&#8220;3&#8243; bottom_padding=&#8220;3&#8243; back_image=&#8220;542&#8243; back_position=&#8220;center center&#8220; overlay_alpha=&#8220;50&#8243; gutter_size=&#8220;3&#8243; column_width_percent=&#8220;100&#8243; shift_y=&#8220;0&#8243; z_index=&#8220;0&#8243;][vc_column width=&#8220;1\/6&#8243;][\/vc_column][vc_column width=&#8220;2\/3&#8243;][vc_empty_space empty_h=&#8220;3&#8243; mobile_visibility=&#8220;yes&#8220;][vc_column_text] FAQS H\u00e4ufig [&hellip;]\" \/>\n<meta property=\"og:url\" content=\"https:\/\/www.mtbverbier.com\/de\/faqs\/\" \/>\n<meta property=\"og:site_name\" content=\"MTB Verbier\" \/>\n<meta property=\"article:modified_time\" content=\"2020-06-09T18:26:46+00:00\" \/>\n<meta name=\"twitter:card\" content=\"summary_large_image\" \/>\n<meta name=\"twitter:label1\" content=\"Gesch\u00e4tzte Lesezeit\" \/>\n\t<meta name=\"twitter:data1\" content=\"9\u00a0Minuten\" \/>\n<script type=\"application\/ld+json\" class=\"yoast-schema-graph\">{\"@context\":\"https:\/\/schema.org\",\"@graph\":[{\"@type\":\"WebPage\",\"@id\":\"https:\/\/www.mtbverbier.com\/de\/faqs\/\",\"url\":\"https:\/\/www.mtbverbier.com\/de\/faqs\/\",\"name\":\"FAQs - MTB Verbier\",\"isPartOf\":{\"@id\":\"https:\/\/www.mtbverbier.com\/#website\"},\"datePublished\":\"2020-06-08T14:42:46+00:00\",\"dateModified\":\"2020-06-09T18:26:46+00:00\",\"breadcrumb\":{\"@id\":\"https:\/\/www.mtbverbier.com\/de\/faqs\/#breadcrumb\"},\"inLanguage\":\"de\",\"potentialAction\":[{\"@type\":\"ReadAction\",\"target\":[\"https:\/\/www.mtbverbier.com\/de\/faqs\/\"]}]},{\"@type\":\"BreadcrumbList\",\"@id\":\"https:\/\/www.mtbverbier.com\/de\/faqs\/#breadcrumb\",\"itemListElement\":[{\"@type\":\"ListItem\",\"position\":1,\"name\":\"Home\",\"item\":\"https:\/\/www.mtbverbier.com\/de\/\"},{\"@type\":\"ListItem\",\"position\":2,\"name\":\"FAQs\"}]},{\"@type\":\"WebSite\",\"@id\":\"https:\/\/www.mtbverbier.com\/#website\",\"url\":\"https:\/\/www.mtbverbier.com\/\",\"name\":\"MTB Verbier\",\"description\":\"All inclusive mountain bike holidays in Verbier, Switzerland\",\"potentialAction\":[{\"@type\":\"SearchAction\",\"target\":{\"@type\":\"EntryPoint\",\"urlTemplate\":\"https:\/\/www.mtbverbier.com\/?s={search_term_string}\"},\"query-input\":{\"@type\":\"PropertyValueSpecification\",\"valueRequired\":true,\"valueName\":\"search_term_string\"}}],\"inLanguage\":\"de\"}]}<\/script>\n<!-- \/ Yoast SEO plugin. -->","yoast_head_json":{"title":"FAQs - MTB Verbier","robots":{"index":"index","follow":"follow","max-snippet":"max-snippet:-1","max-image-preview":"max-image-preview:large","max-video-preview":"max-video-preview:-1"},"canonical":"https:\/\/www.mtbverbier.com\/de\/faqs\/","og_locale":"de_DE","og_type":"article","og_title":"FAQs - MTB Verbier","og_description":"[vc_row row_height_percent=&#8220;0&#8243; override_padding=&#8220;yes&#8220; h_padding=&#8220;2&#8243; top_padding=&#8220;3&#8243; bottom_padding=&#8220;3&#8243; back_image=&#8220;542&#8243; back_position=&#8220;center center&#8220; overlay_alpha=&#8220;50&#8243; gutter_size=&#8220;3&#8243; column_width_percent=&#8220;100&#8243; shift_y=&#8220;0&#8243; z_index=&#8220;0&#8243;][vc_column width=&#8220;1\/6&#8243;][\/vc_column][vc_column width=&#8220;2\/3&#8243;][vc_empty_space empty_h=&#8220;3&#8243; mobile_visibility=&#8220;yes&#8220;][vc_column_text] FAQS H\u00e4ufig [&hellip;]","og_url":"https:\/\/www.mtbverbier.com\/de\/faqs\/","og_site_name":"MTB Verbier","article_modified_time":"2020-06-09T18:26:46+00:00","twitter_card":"summary_large_image","twitter_misc":{"Gesch\u00e4tzte Lesezeit":"9\u00a0Minuten"},"schema":{"@context":"https:\/\/schema.org","@graph":[{"@type":"WebPage","@id":"https:\/\/www.mtbverbier.com\/de\/faqs\/","url":"https:\/\/www.mtbverbier.com\/de\/faqs\/","name":"FAQs - MTB Verbier","isPartOf":{"@id":"https:\/\/www.mtbverbier.com\/#website"},"datePublished":"2020-06-08T14:42:46+00:00","dateModified":"2020-06-09T18:26:46+00:00","breadcrumb":{"@id":"https:\/\/www.mtbverbier.com\/de\/faqs\/#breadcrumb"},"inLanguage":"de","potentialAction":[{"@type":"ReadAction","target":["https:\/\/www.mtbverbier.com\/de\/faqs\/"]}]},{"@type":"BreadcrumbList","@id":"https:\/\/www.mtbverbier.com\/de\/faqs\/#breadcrumb","itemListElement":[{"@type":"ListItem","position":1,"name":"Home","item":"https:\/\/www.mtbverbier.com\/de\/"},{"@type":"ListItem","position":2,"name":"FAQs"}]},{"@type":"WebSite","@id":"https:\/\/www.mtbverbier.com\/#website","url":"https:\/\/www.mtbverbier.com\/","name":"MTB Verbier","description":"All inclusive mountain bike holidays in Verbier, Switzerland","potentialAction":[{"@type":"SearchAction","target":{"@type":"EntryPoint","urlTemplate":"https:\/\/www.mtbverbier.com\/?s={search_term_string}"},"query-input":{"@type":"PropertyValueSpecification","valueRequired":true,"valueName":"search_term_string"}}],"inLanguage":"de"}]}},"_links":{"self":[{"href":"https:\/\/www.mtbverbier.com\/de\/wp-json\/wp\/v2\/pages\/3370","targetHints":{"allow":["GET"]}}],"collection":[{"href":"https:\/\/www.mtbverbier.com\/de\/wp-json\/wp\/v2\/pages"}],"about":[{"href":"https:\/\/www.mtbverbier.com\/de\/wp-json\/wp\/v2\/types\/page"}],"author":[{"embeddable":true,"href":"https:\/\/www.mtbverbier.com\/de\/wp-json\/wp\/v2\/users\/1"}],"replies":[{"embeddable":true,"href":"https:\/\/www.mtbverbier.com\/de\/wp-json\/wp\/v2\/comments?post=3370"}],"version-history":[{"count":17,"href":"https:\/\/www.mtbverbier.com\/de\/wp-json\/wp\/v2\/pages\/3370\/revisions"}],"predecessor-version":[{"id":3747,"href":"https:\/\/www.mtbverbier.com\/de\/wp-json\/wp\/v2\/pages\/3370\/revisions\/3747"}],"wp:attachment":[{"href":"https:\/\/www.mtbverbier.com\/de\/wp-json\/wp\/v2\/media?parent=3370"}],"curies":[{"name":"wp","href":"https:\/\/api.w.org\/{rel}","templated":true}]}}