{"id":3364,"date":"2020-06-08T12:42:14","date_gmt":"2020-06-08T12:42:14","guid":{"rendered":"https:\/\/www.mtbverbier.com\/?page_id=3364"},"modified":"2022-02-02T15:44:44","modified_gmt":"2022-02-02T15:44:44","slug":"tagestouren","status":"publish","type":"page","link":"https:\/\/www.mtbverbier.com\/de\/tagestouren\/","title":{"rendered":"Tagestouren"},"content":{"rendered":"<div class=\"wpb-content-wrapper\"><p>[vc_row unlock_row_content=&#8220;yes&#8220; row_height_percent=&#8220;85&#8243; override_padding=&#8220;yes&#8220; h_padding=&#8220;0&#8243; top_padding=&#8220;2&#8243; bottom_padding=&#8220;0&#8243; back_image=&#8220;1193&#8243; back_attachment=&#8220;fixed&#8220; back_position=&#8220;right bottom&#8220; overlay_alpha=&#8220;50&#8243; gutter_size=&#8220;3&#8243; column_width_percent=&#8220;100&#8243; shift_y=&#8220;0&#8243; z_index=&#8220;0&#8243; row_height_pixel=&#8220;360&#8243;][vc_column column_width_percent=&#8220;100&#8243; position_vertical=&#8220;middle&#8220; gutter_size=&#8220;3&#8243; overlay_alpha=&#8220;50&#8243; shift_x=&#8220;0&#8243; shift_y=&#8220;0&#8243; shift_y_down=&#8220;0&#8243; z_index=&#8220;0&#8243; medium_width=&#8220;0&#8243; mobile_width=&#8220;0&#8243; width=&#8220;1\/1&#8243;][vc_row_inner row_inner_height_percent=&#8220;0&#8243; overlay_alpha=&#8220;50&#8243; gutter_size=&#8220;3&#8243; shift_y=&#8220;0&#8243; z_index=&#8220;0&#8243; medium_visibility=&#8220;yes&#8220; mobile_visibility=&#8220;yes&#8220; limit_content=&#8220;&#8220;][vc_column_inner column_width_percent=&#8220;100&#8243; position_vertical=&#8220;middle&#8220; gutter_size=&#8220;3&#8243; overlay_alpha=&#8220;50&#8243; shift_x=&#8220;0&#8243; shift_y=&#8220;0&#8243; shift_y_down=&#8220;0&#8243; z_index=&#8220;0&#8243; medium_width=&#8220;1&#8243; mobile_width=&#8220;0&#8243; width=&#8220;1\/6&#8243;][\/vc_column_inner][vc_column_inner width=&#8220;5\/6&#8243;][vc_column_text css_animation=&#8220;bottom-t-top&#8220;]<\/p>\n<h1><span style=\"color: #ffffff;\"><strong>MTB Verbier <\/strong><strong>Tagestouren<\/strong> <\/span><\/h1>\n<h2><span style=\"color: #ffffff;\"><strong>G<\/strong><strong>uiding &amp; <\/strong><strong>C<\/strong><strong>oaching<\/strong><\/span><\/h2>\n<p>[\/vc_column_text][vc_empty_space empty_h=&#8220;4&#8243;][\/vc_column_inner][\/vc_row_inner][vc_row_inner row_inner_height_percent=&#8220;0&#8243; overlay_alpha=&#8220;50&#8243; gutter_size=&#8220;3&#8243; shift_y=&#8220;0&#8243; z_index=&#8220;0&#8243; desktop_visibility=&#8220;yes&#8220; mobile_visibility=&#8220;yes&#8220; limit_content=&#8220;&#8220;][vc_column_inner column_width_percent=&#8220;100&#8243; position_vertical=&#8220;middle&#8220; gutter_size=&#8220;3&#8243; overlay_alpha=&#8220;50&#8243; shift_x=&#8220;0&#8243; shift_y=&#8220;0&#8243; shift_y_down=&#8220;0&#8243; z_index=&#8220;0&#8243; medium_width=&#8220;2&#8243; mobile_width=&#8220;0&#8243; width=&#8220;1\/4&#8243;][\/vc_column_inner][vc_column_inner column_width_percent=&#8220;100&#8243; gutter_size=&#8220;3&#8243; overlay_alpha=&#8220;50&#8243; shift_x=&#8220;0&#8243; shift_y=&#8220;0&#8243; shift_y_down=&#8220;0&#8243; z_index=&#8220;0&#8243; medium_width=&#8220;6&#8243; mobile_width=&#8220;0&#8243; width=&#8220;3\/4&#8243;][vc_column_text css_animation=&#8220;bottom-t-top&#8220;]<\/p>\n<h1 style=\"font-weight: 900; letter-spacing: -2px; font-stretch: ultra-expanded;\"><span class=\"font-169096\" style=\"color: #ffffff;\">MTB VERBIER DAY TOURS<\/span><\/h1>\n<h1 class=\"title\"><span style=\"color: #ffffff;\">Private guiding, all levels<\/span><\/h1>\n<p>[\/vc_column_text][\/vc_column_inner][\/vc_row_inner][vc_row_inner row_inner_height_percent=&#8220;0&#8243; overlay_alpha=&#8220;50&#8243; gutter_size=&#8220;3&#8243; shift_y=&#8220;0&#8243; z_index=&#8220;0&#8243; desktop_visibility=&#8220;yes&#8220; medium_visibility=&#8220;yes&#8220; css=&#8220;.vc_custom_1556394944816{padding-right: 5px !important;padding-left: 5px !important;}&#8220; limit_content=&#8220;&#8220;][vc_column_inner column_width_percent=&#8220;100&#8243; position_vertical=&#8220;middle&#8220; gutter_size=&#8220;3&#8243; override_padding=&#8220;yes&#8220; column_padding=&#8220;0&#8243; overlay_alpha=&#8220;50&#8243; shift_x=&#8220;0&#8243; shift_y=&#8220;0&#8243; shift_y_down=&#8220;0&#8243; z_index=&#8220;0&#8243; medium_width=&#8220;2&#8243; mobile_width=&#8220;0&#8243; width=&#8220;1\/1&#8243;][vc_column_text css_animation=&#8220;bottom-t-top&#8220;]<\/p>\n<h1 style=\"font-weight: 900; letter-spacing: -1px; font-stretch: ultra-expanded; text-align: center;\"><span class=\"font-169096\" style=\"color: #ffffff;\">MTB VERBIER DAY TOURS<\/span><\/h1>\n<h1 class=\"title\" style=\"text-align: center;\"><span style=\"color: #ffffff;\">Private guiding, all levels<\/span><\/h1>\n<p>[\/vc_column_text][vc_empty_space empty_h=&#8220;4&#8243;][\/vc_column_inner][\/vc_row_inner][\/vc_column][\/vc_row][vc_row row_height_percent=&#8220;0&#8243; override_padding=&#8220;yes&#8220; h_padding=&#8220;2&#8243; top_padding=&#8220;0&#8243; bottom_padding=&#8220;2&#8243; overlay_alpha=&#8220;50&#8243; gutter_size=&#8220;3&#8243; column_width_percent=&#8220;100&#8243; shift_y=&#8220;0&#8243; z_index=&#8220;0&#8243;][vc_column width=&#8220;1\/6&#8243;][\/vc_column][vc_column width=&#8220;2\/3&#8243;][vc_empty_space empty_h=&#8220;3&#8243; mobile_visibility=&#8220;yes&#8220;][vc_column_text]<\/p>\n<h3>Wir bieten t\u00e4glich pers\u00f6nliches Coaching und Mountainbike Guiding an.<\/h3>\n<hr class=\"thin\" \/>\n<p>Wir k\u00f6nnen dir beibringen besser im Bikepark zu werden oder nehmen dich mit zu einem der vielen Trails rund um Verbier, so dass du die unendlichen M\u00f6glichkeiten der Gegend kennenlernen und die gro\u00dfartige Aussicht genie\u00dfen kannst. Die Tour wird deinem K\u00f6nnen und deinen Vorlieben angepasst und von einem unserer qualifizierten und erfahrenen Guides begleitet.[\/vc_column_text][vc_empty_space empty_h=&#8220;2&#8243; mobile_visibility=&#8220;yes&#8220;][\/vc_column][vc_column width=&#8220;1\/6&#8243;][\/vc_column][\/vc_row][vc_row row_height_percent=&#8220;0&#8243; override_padding=&#8220;yes&#8220; h_padding=&#8220;0&#8243; top_padding=&#8220;2&#8243; bottom_padding=&#8220;0&#8243; overlay_color=&#8220;color-xsdn&#8220; overlay_alpha=&#8220;15&#8243; equal_height=&#8220;yes&#8220; gutter_size=&#8220;0&#8243; column_width_percent=&#8220;100&#8243; shift_y=&#8220;0&#8243; z_index=&#8220;0&#8243; row_height_pixel=&#8220;250&#8243;][vc_column column_width_percent=&#8220;100&#8243; position_vertical=&#8220;middle&#8220; gutter_size=&#8220;0&#8243; override_padding=&#8220;yes&#8220; column_padding=&#8220;2&#8243; style=&#8220;dark&#8220; back_image=&#8220;2900&#8243; back_position=&#8220;center bottom&#8220; overlay_alpha=&#8220;50&#8243; shift_x=&#8220;0&#8243; shift_y=&#8220;0&#8243; shift_y_down=&#8220;0&#8243; z_index=&#8220;0&#8243; medium_width=&#8220;4&#8243; mobile_width=&#8220;0&#8243; css_animation=&#8220;left-t-right&#8220; width=&#8220;2\/3&#8243; css=&#8220;.vc_custom_1559636855712{padding-left: 5% !important;}&#8220;][vc_empty_space empty_h=&#8220;5&#8243; desktop_visibility=&#8220;yes&#8220; medium_visibility=&#8220;yes&#8220;][vc_empty_space empty_h=&#8220;3&#8243; desktop_visibility=&#8220;yes&#8220; medium_visibility=&#8220;yes&#8220;][\/vc_column][vc_column column_width_percent=&#8220;100&#8243; position_vertical=&#8220;bottom&#8220; align_horizontal=&#8220;align_right&#8220; gutter_size=&#8220;2&#8243; override_padding=&#8220;yes&#8220; column_padding=&#8220;0&#8243; overlay_alpha=&#8220;50&#8243; shift_x=&#8220;0&#8243; shift_y=&#8220;0&#8243; shift_y_down=&#8220;0&#8243; z_index=&#8220;0&#8243; medium_width=&#8220;4&#8243; mobile_width=&#8220;0&#8243; css_animation=&#8220;right-t-left&#8220; animation_delay=&#8220;400&#8243; width=&#8220;1\/3&#8243;][vc_empty_space empty_h=&#8220;3&#8243; mobile_visibility=&#8220;yes&#8220;][vc_row_inner limit_content=&#8220;&#8220;][vc_column_inner column_width_percent=&#8220;100&#8243; gutter_size=&#8220;3&#8243; back_color=&#8220;color-xsdn&#8220; overlay_alpha=&#8220;50&#8243; shift_x=&#8220;-5&#8243; shift_y=&#8220;0&#8243; shift_y_down=&#8220;0&#8243; z_index=&#8220;0&#8243; medium_width=&#8220;0&#8243; mobile_width=&#8220;0&#8243; width=&#8220;1\/1&#8243;][uncode_list icon=&#8220;fa fa-check&#8220; icon_color=&#8220;accent&#8220;]<\/p>\n<div><strong>Kurztrip Highlights:<\/strong><\/div>\n<div><\/div>\n<ul>\n<li>Biken mit Guide, fahre auf den besten Trails der Gegend<\/li>\n<li>Verbessere deinen Fahrstil &amp; deine Technik<\/li>\n<li>Atemberaubende Aussichten auf umliegende Gletscher &amp; Gipfel bzw. den Mont Blanc<\/li>\n<li>Lerne die Schweizer Kultur kennen<\/li>\n<\/ul>\n<p>[\/uncode_list][vc_column_text]<b>Preise:<\/b><\/p>\n<div>\n<div>Ab CHF 65 pro Person &amp; Tag<\/div>\n<div>(CHF 115 inkl. Bikeverleih)<\/div>\n<div><\/div>\n<div>Ab CHF 40 pro Person &amp; Halbtag<\/div>\n<div>(CHF 85 inkl. Bikeverleih)<\/div>\n<\/div>\n<p>[\/vc_column_text][vc_button button_color=&#8220;color-397835&#8243; hover_fx=&#8220;outlined&#8220; border_width=&#8220;0&#8243; link=&#8220;url:https%3A%2F%2Fmtbverbier.bookinglayer.com%2Fen%2Fcategory%2Fprivate-guiding-coaching|target:_blank&#8220; button_color_type=&#8220;uncode-palette&#8220; uncode_shortcode_id=&#8220;882017&#8243;]Buche hier[\/vc_button][\/vc_column_inner][\/vc_row_inner][\/vc_column][\/vc_row][vc_row row_height_percent=&#8220;50&#8243; override_padding=&#8220;yes&#8220; h_padding=&#8220;2&#8243; top_padding=&#8220;2&#8243; bottom_padding=&#8220;2&#8243; back_image=&#8220;90&#8243; back_position=&#8220;center top&#8220; overlay_color=&#8220;color-xsdn&#8220; overlay_alpha=&#8220;6&#8243; gutter_size=&#8220;3&#8243; column_width_percent=&#8220;100&#8243; shift_y=&#8220;0&#8243; z_index=&#8220;0&#8243;][vc_column column_width_percent=&#8220;100&#8243; gutter_size=&#8220;3&#8243; style=&#8220;dark&#8220; overlay_alpha=&#8220;50&#8243; shift_x=&#8220;0&#8243; shift_y=&#8220;0&#8243; shift_y_down=&#8220;0&#8243; z_index=&#8220;0&#8243; medium_visibility=&#8220;yes&#8220; medium_width=&#8220;0&#8243; mobile_width=&#8220;0&#8243; width=&#8220;1\/6&#8243;][\/vc_column][vc_column column_width_percent=&#8220;100&#8243; gutter_size=&#8220;3&#8243; overlay_alpha=&#8220;50&#8243; shift_x=&#8220;0&#8243; shift_y=&#8220;0&#8243; shift_y_down=&#8220;0&#8243; z_index=&#8220;0&#8243; medium_width=&#8220;0&#8243; mobile_width=&#8220;0&#8243; width=&#8220;2\/3&#8243;][vc_empty_space empty_h=&#8220;2&#8243; mobile_visibility=&#8220;yes&#8220;][vc_tabs][vc_tab title=&#8220;Was ist inklusive&#8220; tab_id=&#8220;1555318818908-0-21556051018281&#8243;][vc_column_text]<\/p>\n<h3><strong>Deine MTB Tour ist inklusive:<\/strong><\/h3>\n<p>[\/vc_column_text][uncode_list icon=&#8220;fa fa-check&#8220; icon_color=&#8220;color-437730&#8243;]<\/p>\n<ul>\n<li>MTB Geschicklichkeitstraining<\/li>\n<li>Ein Drink in einer Bergh\u00fctte<\/li>\n<li>Unterst\u00fctzung bei Bikereparatur und Einstellung<\/li>\n<li>Professionellem Guide, mit Schweizer Fahrqualifikation<\/li>\n<li>Die sch\u00f6nsten Panoramaausblicke in den Alpen<\/li>\n<\/ul>\n<p>[\/uncode_list][\/vc_tab][vc_tab title=&#8220;Level&#8220; tab_id=&#8220;1555318819031-0-31556051018281&#8243;][vc_column_text]<strong>Fitness Level: 1-4<\/strong><strong><br \/>\nTechnisches Level: 1-4<br \/>\n<\/strong><strong>Fahrstil: Leisure, xc\/trail, enduro, gravity<\/strong><\/p>\n<p><a href=\"https:\/\/mtbverbier.com\/the-riding#level\"><span style=\"color: #eaa326;\">Was ist mein Level?<\/span><\/a><\/p>\n<p>Das Program f\u00fcr Tagestouren richtet sich nach deinen W\u00fcnschen, Interessen, deinem Fitness Level und deinen technischen F\u00e4higkeiten. Wir gestalten es so, so dass du dein ganz pers\u00f6nliches Mountainbikeerlebnis in den Schweizer Alpen hast.[\/vc_column_text][\/vc_tab][vc_tab title=&#8220;Komm vorbereitet&#8220; tab_id=&#8220;1556195494256-3-9&#8243;][vc_column_text]<\/p>\n<ul>\n<li>\u00a0Trage bequeme Kleidung entsprechend der Wettervorhersage<\/li>\n<li>\u00a0Mountainbike *<\/li>\n<li>\u00a0Zugelassener Fahrradhelm *<\/li>\n<li>\u00a0Fahrradhandschuhe *<\/li>\n<li>\u00a0Kleiner Rucksack *<\/li>\n<li>\u00a0Wasser- \/ Winddichte Jacke<\/li>\n<li>\u00a0Warme Kleidung, extra Shirt oder Longsleeve<\/li>\n<li>Sonnencreme<\/li>\n<li>Sonnenbrille<\/li>\n<li>Einige Snacks, Energybar etc.<\/li>\n<li>Flasche Wasser<\/li>\n<li>Nimm ein Lunchpaket oder etwas Bargeld f\u00fcr ein Mittagessen in einer Bergh\u00fctte mit<\/li>\n<li>Bargeld in Schweizer Franken f\u00fcr Getr\u00e4nke oder Essen in einer Bergh\u00fctte (Kartenzahlung nicht m\u00f6glich)<\/li>\n<li>F\u00fcr enduro, gravity und Bikepark, Knie &amp; Ellenbogenschoner<\/li>\n<\/ul>\n<p>Wir empfehlen au\u00dferdem:<\/p>\n<ul>\n<li>R\u00fcckenschutz oderR\u00fcckenschutzrucksack<\/li>\n<li>Full Face Helm \/ Integralhelm<\/li>\n<li>Goggles \/ Schutzbrille<\/li>\n<\/ul>\n<p>&nbsp;<\/p>\n<p>* Wir k\u00f6nnen dir mit diesen Dingen helfen[\/vc_column_text][\/vc_tab][vc_tab title=&#8220;Optional&#8220; tab_id=&#8220;1556210269671-3-10&#8243;][vc_column_text uncode_shortcode_id=&#8220;137653&#8243;]<strong>Optional<br \/>\n<\/strong>Bikemiete<br \/>\nMTB full suspension CHF 65,- pro Tag \/ CHF 55,- pro halber Tag<br \/>\nE-MTB full suspension CHF 95,- pro Tag \/ CHF 85,- pro halber Tag<\/p>\n<p><strong>Exclusive<\/strong><\/p>\n<p><strong>&#8211;<\/strong>\u00a0\u00a0\u00a0 Mittagessen<br \/>\n&#8211;\u00a0\u00a0\u00a0 Liftpass[\/vc_column_text][\/vc_tab][vc_tab title=&#8220;Preise&#8220; tab_id=&#8220;1556829175055-4-10&#8243;][vc_row_inner row_inner_height_percent=&#8220;0&#8243; overlay_alpha=&#8220;50&#8243; gutter_size=&#8220;3&#8243; shift_y=&#8220;0&#8243; z_index=&#8220;0&#8243; mobile_visibility=&#8220;yes&#8220; limit_content=&#8220;&#8220;][vc_column_inner width=&#8220;1\/1&#8243;][vc_column_text css=&#8220;.vc_custom_1643816571960{padding-right: 5% !important;padding-left: 5% !important;}&#8220; uncode_shortcode_id=&#8220;321846&#8243;]<\/p>\n<p>&nbsp;<\/p>\n<table width=\"462\">\n<tbody>\n<tr>\n<td width=\"97\"><\/td>\n<td width=\"83\">Halber Tag<\/td>\n<td width=\"78\"><\/td>\n<td width=\"12\"><\/td>\n<td width=\"96\">Ganzer Tag<\/td>\n<td width=\"96\"><\/td>\n<\/tr>\n<tr>\n<td width=\"97\">Anzahl Personen<\/td>\n<td width=\"83\">Preis pro Person<\/td>\n<td width=\"78\">Inklusive Bikemiete<\/td>\n<td width=\"12\"><\/td>\n<td width=\"96\">Preis pro Person<\/td>\n<td width=\"96\">Inklusive bikemiete<\/td>\n<\/tr>\n<tr>\n<td width=\"97\">1<\/td>\n<td width=\"83\">200<\/td>\n<td width=\"78\">255<\/td>\n<td width=\"12\"><\/td>\n<td width=\"96\">360<\/td>\n<td width=\"96\">425<\/td>\n<\/tr>\n<tr>\n<td width=\"97\">2<\/td>\n<td width=\"83\">125<\/td>\n<td width=\"78\">180<\/td>\n<td width=\"12\"><\/td>\n<td width=\"96\">195<\/td>\n<td width=\"96\">260<\/td>\n<\/tr>\n<tr>\n<td width=\"97\">3<\/td>\n<td width=\"83\">100<\/td>\n<td width=\"78\">155<\/td>\n<td width=\"12\"><\/td>\n<td width=\"96\">150<\/td>\n<td width=\"96\">215<\/td>\n<\/tr>\n<tr>\n<td width=\"97\">4<\/td>\n<td width=\"83\">80<\/td>\n<td width=\"78\">135<\/td>\n<td width=\"12\"><\/td>\n<td width=\"96\">125<\/td>\n<td width=\"96\">190<\/td>\n<\/tr>\n<tr>\n<td width=\"97\">5<\/td>\n<td width=\"83\">75<\/td>\n<td width=\"78\">130<\/td>\n<td width=\"12\"><\/td>\n<td width=\"96\">110<\/td>\n<td width=\"96\">175<\/td>\n<\/tr>\n<tr>\n<td width=\"97\">6<\/td>\n<td width=\"83\">70<\/td>\n<td width=\"78\">125<\/td>\n<td width=\"12\"><\/td>\n<td width=\"96\">100<\/td>\n<td width=\"96\">165<\/td>\n<\/tr>\n<tr>\n<td width=\"97\">7<\/td>\n<td width=\"83\">65<\/td>\n<td width=\"78\">120<\/td>\n<td width=\"12\"><\/td>\n<td width=\"96\">90<\/td>\n<td width=\"96\">155<\/td>\n<\/tr>\n<\/tbody>\n<\/table>\n<p>[\/vc_column_text][\/vc_column_inner][\/vc_row_inner][vc_row_inner row_inner_height_percent=&#8220;0&#8243; overlay_alpha=&#8220;50&#8243; gutter_size=&#8220;3&#8243; shift_y=&#8220;0&#8243; z_index=&#8220;0&#8243; desktop_visibility=&#8220;yes&#8220; medium_visibility=&#8220;yes&#8220; limit_content=&#8220;&#8220;][vc_column_inner width=&#8220;1\/1&#8243;][vc_column_text css=&#8220;.vc_custom_1560248053784{padding-right: 5% !important;padding-left: 5% !important;}&#8220;]<a href=\"https:\/\/www.mtbverbier.com\/wp-content\/uploads\/2019\/06\/mtbverbier-pricing-mob.svg\"><img decoding=\"async\" class=\"alignnone size-full wp-image-2957\" src=\"https:\/\/www.mtbverbier.com\/wp-content\/uploads\/2019\/06\/mtbverbier-pricing-mob.svg\" alt=\"\" width=\"100\" height=\"100\" \/><\/a>[\/vc_column_text][\/vc_column_inner][\/vc_row_inner][\/vc_tab][vc_tab title=&#8220;Gallerie&#8220; tab_id=&#8220;1557252471737-5-4&#8243;][vc_gallery el_id=&#8220;gallery-874512&#8243; type=&#8220;carousel&#8220; medias=&#8220;1070,1060,1059,1058,1055,1051,1050,1049,1047,1045,1043&#8243; carousel_lg=&#8220;5&#8243; carousel_md=&#8220;3&#8243; carousel_sm=&#8220;2&#8243; thumb_size=&#8220;three-two&#8220; gutter_size=&#8220;1&#8243; media_items=&#8220;media|lightbox|original&#8220; carousel_height=&#8220;equal&#8220; carousel_interval=&#8220;0&#8243; carousel_navspeed=&#8220;400&#8243; carousel_dots=&#8220;yes&#8220; carousel_dots_mobile=&#8220;yes&#8220; stage_padding=&#8220;0&#8243; single_overlay_opacity=&#8220;50&#8243; single_padding=&#8220;2&#8243;][\/vc_tab][\/vc_tabs][vc_empty_space empty_h=&#8220;2&#8243; mobile_visibility=&#8220;yes&#8220;][\/vc_column][vc_column width=&#8220;1\/6&#8243;][\/vc_column][\/vc_row][vc_row][vc_column width=&#8220;1\/1&#8243;][uncode_block id=&#8220;1074&#8243;][\/vc_column][\/vc_row]<\/p>\n<\/div>","protected":false},"excerpt":{"rendered":"<p>[vc_row unlock_row_content=&#8220;yes&#8220; row_height_percent=&#8220;85&#8243; override_padding=&#8220;yes&#8220; h_padding=&#8220;0&#8243; top_padding=&#8220;2&#8243; bottom_padding=&#8220;0&#8243; back_image=&#8220;1193&#8243; back_attachment=&#8220;fixed&#8220; back_position=&#8220;right bottom&#8220; overlay_alpha=&#8220;50&#8243; gutter_size=&#8220;3&#8243; column_width_percent=&#8220;100&#8243; shift_y=&#8220;0&#8243; z_index=&#8220;0&#8243; row_height_pixel=&#8220;360&#8243;][vc_column column_width_percent=&#8220;100&#8243; position_vertical=&#8220;middle&#8220; gutter_size=&#8220;3&#8243; [&hellip;]<\/p>\n","protected":false},"author":1,"featured_media":0,"parent":0,"menu_order":0,"comment_status":"closed","ping_status":"closed","template":"","meta":{"footnotes":""},"class_list":["post-3364","page","type-page","status-publish","hentry"],"yoast_head":"<!-- This site is optimized with the Yoast SEO plugin v26.8 - https:\/\/yoast.com\/product\/yoast-seo-wordpress\/ -->\n<title>Tagestouren - MTB Verbier<\/title>\n<meta name=\"robots\" content=\"index, follow, max-snippet:-1, max-image-preview:large, max-video-preview:-1\" \/>\n<link rel=\"canonical\" href=\"https:\/\/www.mtbverbier.com\/de\/tagestouren\/\" \/>\n<meta property=\"og:locale\" content=\"de_DE\" \/>\n<meta property=\"og:type\" content=\"article\" \/>\n<meta property=\"og:title\" content=\"Tagestouren - MTB Verbier\" \/>\n<meta property=\"og:description\" content=\"[vc_row unlock_row_content=&#8220;yes&#8220; row_height_percent=&#8220;85&#8243; override_padding=&#8220;yes&#8220; h_padding=&#8220;0&#8243; top_padding=&#8220;2&#8243; bottom_padding=&#8220;0&#8243; back_image=&#8220;1193&#8243; back_attachment=&#8220;fixed&#8220; back_position=&#8220;right bottom&#8220; overlay_alpha=&#8220;50&#8243; gutter_size=&#8220;3&#8243; column_width_percent=&#8220;100&#8243; shift_y=&#8220;0&#8243; z_index=&#8220;0&#8243; row_height_pixel=&#8220;360&#8243;][vc_column column_width_percent=&#8220;100&#8243; position_vertical=&#8220;middle&#8220; gutter_size=&#8220;3&#8243; [&hellip;]\" \/>\n<meta property=\"og:url\" content=\"https:\/\/www.mtbverbier.com\/de\/tagestouren\/\" \/>\n<meta property=\"og:site_name\" content=\"MTB Verbier\" \/>\n<meta property=\"article:modified_time\" content=\"2022-02-02T15:44:44+00:00\" \/>\n<meta property=\"og:image\" content=\"https:\/\/www.mtbverbier.com\/wp-content\/uploads\/2019\/06\/mtbverbier-pricing-mob.svg\" \/>\n<meta name=\"twitter:card\" content=\"summary_large_image\" \/>\n<meta name=\"twitter:label1\" content=\"Gesch\u00e4tzte Lesezeit\" \/>\n\t<meta name=\"twitter:data1\" content=\"4\u00a0Minuten\" \/>\n<script type=\"application\/ld+json\" class=\"yoast-schema-graph\">{\"@context\":\"https:\/\/schema.org\",\"@graph\":[{\"@type\":\"WebPage\",\"@id\":\"https:\/\/www.mtbverbier.com\/de\/tagestouren\/\",\"url\":\"https:\/\/www.mtbverbier.com\/de\/tagestouren\/\",\"name\":\"Tagestouren - MTB Verbier\",\"isPartOf\":{\"@id\":\"https:\/\/www.mtbverbier.com\/#website\"},\"primaryImageOfPage\":{\"@id\":\"https:\/\/www.mtbverbier.com\/de\/tagestouren\/#primaryimage\"},\"image\":{\"@id\":\"https:\/\/www.mtbverbier.com\/de\/tagestouren\/#primaryimage\"},\"thumbnailUrl\":\"https:\/\/www.mtbverbier.com\/wp-content\/uploads\/2019\/06\/mtbverbier-pricing-mob.svg\",\"datePublished\":\"2020-06-08T12:42:14+00:00\",\"dateModified\":\"2022-02-02T15:44:44+00:00\",\"breadcrumb\":{\"@id\":\"https:\/\/www.mtbverbier.com\/de\/tagestouren\/#breadcrumb\"},\"inLanguage\":\"de\",\"potentialAction\":[{\"@type\":\"ReadAction\",\"target\":[\"https:\/\/www.mtbverbier.com\/de\/tagestouren\/\"]}]},{\"@type\":\"ImageObject\",\"inLanguage\":\"de\",\"@id\":\"https:\/\/www.mtbverbier.com\/de\/tagestouren\/#primaryimage\",\"url\":\"https:\/\/www.mtbverbier.com\/wp-content\/uploads\/2019\/06\/mtbverbier-pricing-mob.svg\",\"contentUrl\":\"https:\/\/www.mtbverbier.com\/wp-content\/uploads\/2019\/06\/mtbverbier-pricing-mob.svg\"},{\"@type\":\"BreadcrumbList\",\"@id\":\"https:\/\/www.mtbverbier.com\/de\/tagestouren\/#breadcrumb\",\"itemListElement\":[{\"@type\":\"ListItem\",\"position\":1,\"name\":\"Home\",\"item\":\"https:\/\/www.mtbverbier.com\/de\/\"},{\"@type\":\"ListItem\",\"position\":2,\"name\":\"Tagestouren\"}]},{\"@type\":\"WebSite\",\"@id\":\"https:\/\/www.mtbverbier.com\/#website\",\"url\":\"https:\/\/www.mtbverbier.com\/\",\"name\":\"MTB Verbier\",\"description\":\"All inclusive mountain bike holidays in Verbier, Switzerland\",\"potentialAction\":[{\"@type\":\"SearchAction\",\"target\":{\"@type\":\"EntryPoint\",\"urlTemplate\":\"https:\/\/www.mtbverbier.com\/?s={search_term_string}\"},\"query-input\":{\"@type\":\"PropertyValueSpecification\",\"valueRequired\":true,\"valueName\":\"search_term_string\"}}],\"inLanguage\":\"de\"}]}<\/script>\n<!-- \/ Yoast SEO plugin. -->","yoast_head_json":{"title":"Tagestouren - MTB Verbier","robots":{"index":"index","follow":"follow","max-snippet":"max-snippet:-1","max-image-preview":"max-image-preview:large","max-video-preview":"max-video-preview:-1"},"canonical":"https:\/\/www.mtbverbier.com\/de\/tagestouren\/","og_locale":"de_DE","og_type":"article","og_title":"Tagestouren - MTB Verbier","og_description":"[vc_row unlock_row_content=&#8220;yes&#8220; row_height_percent=&#8220;85&#8243; override_padding=&#8220;yes&#8220; h_padding=&#8220;0&#8243; top_padding=&#8220;2&#8243; bottom_padding=&#8220;0&#8243; back_image=&#8220;1193&#8243; back_attachment=&#8220;fixed&#8220; back_position=&#8220;right bottom&#8220; overlay_alpha=&#8220;50&#8243; gutter_size=&#8220;3&#8243; column_width_percent=&#8220;100&#8243; shift_y=&#8220;0&#8243; z_index=&#8220;0&#8243; row_height_pixel=&#8220;360&#8243;][vc_column column_width_percent=&#8220;100&#8243; position_vertical=&#8220;middle&#8220; gutter_size=&#8220;3&#8243; [&hellip;]","og_url":"https:\/\/www.mtbverbier.com\/de\/tagestouren\/","og_site_name":"MTB Verbier","article_modified_time":"2022-02-02T15:44:44+00:00","og_image":[{"url":"https:\/\/www.mtbverbier.com\/wp-content\/uploads\/2019\/06\/mtbverbier-pricing-mob.svg","type":"","width":"","height":""}],"twitter_card":"summary_large_image","twitter_misc":{"Gesch\u00e4tzte Lesezeit":"4\u00a0Minuten"},"schema":{"@context":"https:\/\/schema.org","@graph":[{"@type":"WebPage","@id":"https:\/\/www.mtbverbier.com\/de\/tagestouren\/","url":"https:\/\/www.mtbverbier.com\/de\/tagestouren\/","name":"Tagestouren - MTB Verbier","isPartOf":{"@id":"https:\/\/www.mtbverbier.com\/#website"},"primaryImageOfPage":{"@id":"https:\/\/www.mtbverbier.com\/de\/tagestouren\/#primaryimage"},"image":{"@id":"https:\/\/www.mtbverbier.com\/de\/tagestouren\/#primaryimage"},"thumbnailUrl":"https:\/\/www.mtbverbier.com\/wp-content\/uploads\/2019\/06\/mtbverbier-pricing-mob.svg","datePublished":"2020-06-08T12:42:14+00:00","dateModified":"2022-02-02T15:44:44+00:00","breadcrumb":{"@id":"https:\/\/www.mtbverbier.com\/de\/tagestouren\/#breadcrumb"},"inLanguage":"de","potentialAction":[{"@type":"ReadAction","target":["https:\/\/www.mtbverbier.com\/de\/tagestouren\/"]}]},{"@type":"ImageObject","inLanguage":"de","@id":"https:\/\/www.mtbverbier.com\/de\/tagestouren\/#primaryimage","url":"https:\/\/www.mtbverbier.com\/wp-content\/uploads\/2019\/06\/mtbverbier-pricing-mob.svg","contentUrl":"https:\/\/www.mtbverbier.com\/wp-content\/uploads\/2019\/06\/mtbverbier-pricing-mob.svg"},{"@type":"BreadcrumbList","@id":"https:\/\/www.mtbverbier.com\/de\/tagestouren\/#breadcrumb","itemListElement":[{"@type":"ListItem","position":1,"name":"Home","item":"https:\/\/www.mtbverbier.com\/de\/"},{"@type":"ListItem","position":2,"name":"Tagestouren"}]},{"@type":"WebSite","@id":"https:\/\/www.mtbverbier.com\/#website","url":"https:\/\/www.mtbverbier.com\/","name":"MTB Verbier","description":"All inclusive mountain bike holidays in Verbier, Switzerland","potentialAction":[{"@type":"SearchAction","target":{"@type":"EntryPoint","urlTemplate":"https:\/\/www.mtbverbier.com\/?s={search_term_string}"},"query-input":{"@type":"PropertyValueSpecification","valueRequired":true,"valueName":"search_term_string"}}],"inLanguage":"de"}]}},"_links":{"self":[{"href":"https:\/\/www.mtbverbier.com\/de\/wp-json\/wp\/v2\/pages\/3364","targetHints":{"allow":["GET"]}}],"collection":[{"href":"https:\/\/www.mtbverbier.com\/de\/wp-json\/wp\/v2\/pages"}],"about":[{"href":"https:\/\/www.mtbverbier.com\/de\/wp-json\/wp\/v2\/types\/page"}],"author":[{"embeddable":true,"href":"https:\/\/www.mtbverbier.com\/de\/wp-json\/wp\/v2\/users\/1"}],"replies":[{"embeddable":true,"href":"https:\/\/www.mtbverbier.com\/de\/wp-json\/wp\/v2\/comments?post=3364"}],"version-history":[{"count":16,"href":"https:\/\/www.mtbverbier.com\/de\/wp-json\/wp\/v2\/pages\/3364\/revisions"}],"predecessor-version":[{"id":5860,"href":"https:\/\/www.mtbverbier.com\/de\/wp-json\/wp\/v2\/pages\/3364\/revisions\/5860"}],"wp:attachment":[{"href":"https:\/\/www.mtbverbier.com\/de\/wp-json\/wp\/v2\/media?parent=3364"}],"curies":[{"name":"wp","href":"https:\/\/api.w.org\/{rel}","templated":true}]}}