{"id":3342,"date":"2019-04-15T08:50:34","date_gmt":"2019-04-15T08:50:34","guid":{"rendered":"https:\/\/www.mtbverbier.com\/week-packages\/"},"modified":"2024-01-03T05:29:09","modified_gmt":"2024-01-03T05:29:09","slug":"bike-wochenpaket","status":"publish","type":"page","link":"https:\/\/www.mtbverbier.com\/de\/bike-wochenpaket\/","title":{"rendered":"Bike Wochenpaket"},"content":{"rendered":"<div class=\"wpb-content-wrapper\"><p>[vc_row unlock_row_content=&#8220;yes&#8220; row_height_percent=&#8220;85&#8243; override_padding=&#8220;yes&#8220; h_padding=&#8220;1&#8243; top_padding=&#8220;2&#8243; bottom_padding=&#8220;0&#8243; back_image=&#8220;1145&#8243; back_attachment=&#8220;fixed&#8220; back_position=&#8220;left top&#8220; overlay_alpha=&#8220;50&#8243; gutter_size=&#8220;3&#8243; column_width_percent=&#8220;100&#8243; shift_y=&#8220;0&#8243; z_index=&#8220;0&#8243; row_height_pixel=&#8220;360&#8243;][vc_column column_width_percent=&#8220;100&#8243; position_vertical=&#8220;middle&#8220; gutter_size=&#8220;3&#8243; overlay_alpha=&#8220;50&#8243; shift_x=&#8220;0&#8243; shift_y=&#8220;0&#8243; shift_y_down=&#8220;0&#8243; z_index=&#8220;0&#8243; medium_width=&#8220;0&#8243; mobile_width=&#8220;0&#8243; width=&#8220;1\/1&#8243;][vc_row_inner row_inner_height_percent=&#8220;0&#8243; overlay_alpha=&#8220;50&#8243; gutter_size=&#8220;3&#8243; shift_y=&#8220;0&#8243; z_index=&#8220;0&#8243; mobile_visibility=&#8220;yes&#8220; limit_content=&#8220;&#8220;][vc_column_inner column_width_percent=&#8220;100&#8243; position_vertical=&#8220;middle&#8220; gutter_size=&#8220;3&#8243; overlay_alpha=&#8220;50&#8243; shift_x=&#8220;0&#8243; shift_y=&#8220;0&#8243; shift_y_down=&#8220;0&#8243; z_index=&#8220;0&#8243; medium_width=&#8220;1&#8243; mobile_width=&#8220;0&#8243; width=&#8220;1\/3&#8243;][\/vc_column_inner][vc_column_inner column_width_percent=&#8220;100&#8243; align_horizontal=&#8220;align_center&#8220; gutter_size=&#8220;3&#8243; overlay_alpha=&#8220;50&#8243; shift_x=&#8220;0&#8243; shift_y=&#8220;0&#8243; shift_y_down=&#8220;0&#8243; z_index=&#8220;0&#8243; medium_width=&#8220;0&#8243; mobile_width=&#8220;0&#8243; width=&#8220;2\/3&#8243;][vc_column_text css_animation=&#8220;bottom-t-top&#8220; uncode_shortcode_id=&#8220;129358&#8243;]<\/p>\n<h1 style=\"font-weight: 900; letter-spacing: -2px; font-stretch: ultra-expanded; text-align: left;\"><span style=\"color: #ffffff;\">TRAILS WEEK<\/span><\/h1>\n<h1 class=\"title\" style=\"text-align: left;\"><span style=\"color: #ffffff;\">You ride your best, we take care of the rest<\/span><\/h1>\n<p>[\/vc_column_text][\/vc_column_inner][\/vc_row_inner][vc_row_inner row_inner_height_percent=&#8220;0&#8243; overlay_alpha=&#8220;50&#8243; gutter_size=&#8220;3&#8243; shift_y=&#8220;0&#8243; z_index=&#8220;0&#8243; desktop_visibility=&#8220;yes&#8220; medium_visibility=&#8220;yes&#8220; limit_content=&#8220;&#8220;][vc_column_inner column_width_percent=&#8220;100&#8243; position_vertical=&#8220;middle&#8220; gutter_size=&#8220;3&#8243; override_padding=&#8220;yes&#8220; column_padding=&#8220;2&#8243; overlay_alpha=&#8220;50&#8243; shift_x=&#8220;0&#8243; shift_y=&#8220;0&#8243; shift_y_down=&#8220;0&#8243; z_index=&#8220;0&#8243; medium_width=&#8220;2&#8243; mobile_width=&#8220;0&#8243; width=&#8220;1\/1&#8243;][vc_column_text css_animation=&#8220;bottom-t-top&#8220;]<\/p>\n<h1 style=\"font-weight: 900; letter-spacing: -1px;\"><span class=\"font-169096\" style=\"color: #ffffff; padding-right: 10px;\">WEEK PACKAGE<\/span><\/h1>\n<h1 class=\"title\"><span style=\"color: #ffffff;\">You ride your best, we take care of the rest<\/span><\/h1>\n<p>[\/vc_column_text][vc_empty_space empty_h=&#8220;2&#8243;][\/vc_column_inner][\/vc_row_inner][\/vc_column][\/vc_row][vc_row row_height_percent=&#8220;0&#8243; override_padding=&#8220;yes&#8220; h_padding=&#8220;2&#8243; top_padding=&#8220;0&#8243; bottom_padding=&#8220;2&#8243; overlay_alpha=&#8220;50&#8243; gutter_size=&#8220;3&#8243; column_width_percent=&#8220;100&#8243; shift_y=&#8220;0&#8243; z_index=&#8220;0&#8243;][vc_column width=&#8220;1\/6&#8243;][\/vc_column][vc_column width=&#8220;2\/3&#8243;][vc_empty_space empty_h=&#8220;3&#8243; mobile_visibility=&#8220;yes&#8220;][vc_column_text]<\/p>\n<h2>Unser beliebtestes Bikepaket.<\/h2>\n<hr class=\"thin\" \/>\n<p>Dieses Verbier Mountainbike Wochenpaket garantiert dir jede Menge Fahrzeit &amp; Spa\u00df. Fahre t\u00e4glich auf den unterschiedlichsten, legend\u00e4ren Schweizer Alpen Singletrails. Entdecke danach den Komfort unseres Chalets beim Entspannen und Genie\u00dfen der frisch zubereiteten Mahlzeiten, so dass du am n\u00e4chsten Tag zu weiteren neuen Abenteuern auf dem Bike aufbrechen kannst. Trail Optionen sind unendlich und kein Tag gleicht einem anderen.[\/vc_column_text][vc_empty_space empty_h=&#8220;2&#8243; mobile_visibility=&#8220;yes&#8220;][\/vc_column][vc_column width=&#8220;1\/6&#8243;][\/vc_column][\/vc_row][vc_row row_height_percent=&#8220;0&#8243; override_padding=&#8220;yes&#8220; h_padding=&#8220;0&#8243; top_padding=&#8220;2&#8243; bottom_padding=&#8220;0&#8243; overlay_color=&#8220;color-xsdn&#8220; overlay_alpha=&#8220;15&#8243; equal_height=&#8220;yes&#8220; gutter_size=&#8220;0&#8243; column_width_percent=&#8220;100&#8243; shift_y=&#8220;0&#8243; z_index=&#8220;0&#8243; row_height_pixel=&#8220;250&#8243;][vc_column column_width_percent=&#8220;100&#8243; position_vertical=&#8220;middle&#8220; gutter_size=&#8220;0&#8243; override_padding=&#8220;yes&#8220; column_padding=&#8220;2&#8243; style=&#8220;dark&#8220; back_image=&#8220;5218&#8243; back_position=&#8220;left bottom&#8220; overlay_alpha=&#8220;50&#8243; shift_x=&#8220;0&#8243; shift_y=&#8220;0&#8243; shift_y_down=&#8220;0&#8243; z_index=&#8220;0&#8243; medium_width=&#8220;4&#8243; mobile_width=&#8220;0&#8243; css_animation=&#8220;left-t-right&#8220; width=&#8220;2\/3&#8243; css=&#8220;.vc_custom_1638529182616{padding-left: 5% !important;}&#8220; uncode_shortcode_id=&#8220;540807&#8243;][vc_empty_space empty_h=&#8220;5&#8243; desktop_visibility=&#8220;yes&#8220; medium_visibility=&#8220;yes&#8220;][vc_empty_space empty_h=&#8220;3&#8243; desktop_visibility=&#8220;yes&#8220; medium_visibility=&#8220;yes&#8220;][\/vc_column][vc_column column_width_percent=&#8220;100&#8243; position_vertical=&#8220;bottom&#8220; align_horizontal=&#8220;align_right&#8220; gutter_size=&#8220;2&#8243; override_padding=&#8220;yes&#8220; column_padding=&#8220;0&#8243; overlay_alpha=&#8220;50&#8243; shift_x=&#8220;0&#8243; shift_y=&#8220;0&#8243; shift_y_down=&#8220;0&#8243; z_index=&#8220;0&#8243; medium_width=&#8220;4&#8243; mobile_width=&#8220;0&#8243; css_animation=&#8220;right-t-left&#8220; animation_delay=&#8220;400&#8243; width=&#8220;1\/3&#8243;][vc_empty_space empty_h=&#8220;3&#8243; mobile_visibility=&#8220;yes&#8220;][vc_row_inner limit_content=&#8220;&#8220;][vc_column_inner column_width_percent=&#8220;100&#8243; gutter_size=&#8220;3&#8243; back_color=&#8220;color-xsdn&#8220; overlay_alpha=&#8220;50&#8243; shift_x=&#8220;-5&#8243; shift_y=&#8220;0&#8243; shift_y_down=&#8220;0&#8243; z_index=&#8220;0&#8243; medium_width=&#8220;0&#8243; mobile_width=&#8220;0&#8243; width=&#8220;1\/1&#8243;][uncode_list icon=&#8220;fa fa-check&#8220; icon_color=&#8220;accent&#8220;]<\/p>\n<ul>\n<li>T\u00e4glich andere Bike Rides<\/li>\n<li>Ein Downhill \u00fcber 2000 H\u00f6henmeter vom Gletscher bis zum Bike Chalet<\/li>\n<li>Flow Trails mit Sicht auf den Mont Blanc<\/li>\n<li>Authentisches Schweizer Bergleben<\/li>\n<li>Selbstgemachte Leckereien nach den Rides<\/li>\n<\/ul>\n<p>[\/uncode_list][vc_column_text uncode_shortcode_id=&#8220;121143&#8243;]<strong>Daten:<\/strong> Wochentlich Juni bis Ende October. Sonntag bis Samstag<\/p>\n<p><strong>Speziale Wochen:<\/strong><br \/>\nWomen skills camps, Women Enduro camps, Verbier E-bike festival, Partner ride.<\/p>\n<p><strong>Alles Inklusive Preis:<\/strong> <em>CHF 1355\u00a0<\/em>[\/vc_column_text][vc_button button_color=&#8220;color-397835&#8243; hover_fx=&#8220;outlined&#8220; border_width=&#8220;0&#8243; link=&#8220;url:https%3A%2F%2Fmtbverbier.bookinglayer.com%2Fde%2Fproduct%2Fmtb-verbier-trails-week%3Fcurrency%3Dchf|target:_blank&#8220; button_color_type=&#8220;uncode-palette&#8220; uncode_shortcode_id=&#8220;122040&#8243;]BUCHE HIER[\/vc_button][\/vc_column_inner][\/vc_row_inner][\/vc_column][\/vc_row][vc_row row_height_percent=&#8220;0&#8243; override_padding=&#8220;yes&#8220; h_padding=&#8220;2&#8243; top_padding=&#8220;2&#8243; bottom_padding=&#8220;2&#8243; back_image=&#8220;542&#8243; back_position=&#8220;center top&#8220; overlay_color=&#8220;color-xsdn&#8220; overlay_alpha=&#8220;6&#8243; gutter_size=&#8220;3&#8243; column_width_percent=&#8220;100&#8243; shift_y=&#8220;0&#8243; z_index=&#8220;0&#8243;][vc_column column_width_percent=&#8220;100&#8243; gutter_size=&#8220;3&#8243; style=&#8220;dark&#8220; overlay_alpha=&#8220;50&#8243; shift_x=&#8220;0&#8243; shift_y=&#8220;0&#8243; shift_y_down=&#8220;0&#8243; z_index=&#8220;0&#8243; medium_visibility=&#8220;yes&#8220; medium_width=&#8220;0&#8243; mobile_width=&#8220;0&#8243; width=&#8220;1\/6&#8243;][\/vc_column][vc_column column_width_percent=&#8220;100&#8243; gutter_size=&#8220;3&#8243; overlay_alpha=&#8220;50&#8243; shift_x=&#8220;0&#8243; shift_y=&#8220;0&#8243; shift_y_down=&#8220;0&#8243; z_index=&#8220;0&#8243; medium_width=&#8220;0&#8243; mobile_width=&#8220;0&#8243; width=&#8220;2\/3&#8243;][vc_empty_space empty_h=&#8220;2&#8243; mobile_visibility=&#8220;yes&#8220;][vc_tabs][vc_tab gutter_size=&#8220;2&#8243; column_padding=&#8220;2&#8243; title=&#8220;Inklusive&#8220; tab_id=&#8220;1555318818908-0-21556051018281&#8243;][vc_column_text]<\/p>\n<h3><strong>Dein ultimativer Biking Urlaub ist inklusive<\/strong><\/h3>\n<p>[\/vc_column_text][uncode_list icon=&#8220;fa fa-check&#8220; icon_color=&#8220;accent&#8220; uncode_shortcode_id=&#8220;162189&#8243; icon_color_type=&#8220;uncode-palette&#8220;]<\/p>\n<ul>\n<li>6 \u00dcbernachtung in unserem wundersch\u00f6nen Chalet (Zweibett- oder Doppelzimmer mit eigener Dusche\/WC)<\/li>\n<li>T\u00e4glich gesundes Fr\u00fchst\u00fcck<\/li>\n<li>5 Tage Lunchpaket<\/li>\n<li>6 Tage erstklassiges Abendessen mit Wein<\/li>\n<li>Nachmittagssnack \/ Kuchen nach dem Biken<\/li>\n<li>Unbegrenzt Tee &amp; Kaffee<\/li>\n<li>5 volle Biketage mit Begleitung unserer Guides, unterwegs auf den besten Trails der Schweizer Alpen<\/li>\n<li>Verbier Liftpass<\/li>\n<li>Lokaler Transfer, Van\u00fcnterst\u00fctzung\/Shuttle<\/li>\n<li>Return Transfer zum n\u00e4chstgelegenen Bahnhof<\/li>\n<li>Bikew\u00e4sche und Werkstattnutzung<\/li>\n<li>Unterst\u00fctzung bei Bikereparatur und Einstellung<\/li>\n<li>Die sch\u00f6nsten Panoramaausblicke in den Alpen<\/li>\n<li>Tipps und detaillierte Karteneinweisung, wenn du doch mal ohne Guide los willst<\/li>\n<\/ul>\n<p>[\/uncode_list][\/vc_tab][vc_tab gutter_size=&#8220;2&#8243; column_padding=&#8220;2&#8243; title=&#8220;Level&#8220; tab_id=&#8220;1555318819031-0-31556051018281&#8243;][vc_column_text]<strong>Fitness Level: 1-4<\/strong><strong><br \/>\nTechnisches Level: 1-4<br \/>\n<\/strong><strong>Fahrstil: Leisure, xc\/trail, enduro, gravity<\/strong><\/p>\n<p><a href=\"https:\/\/mtbverbier.com\/the-riding#level\"><span style=\"color: #eaa326;\">siehe hier f\u00fcr dein Level<\/span><\/a><\/p>\n<p>Wir sind ein professionelles Team an Guides, das dir die verschiedensten Level anbieten kann. Wir sind f\u00fcr dich da und sorgen daf\u00fcr, dass du auf deinem Niveau fahren kannst, so dass deine Erwartungen erf\u00fcllt werden. Maximaler Spa\u00df w\u00e4hrend einer Fahrt garantiert! Verbier bietet eine gro\u00dfartige Vielfalt an Trails und unsere Guides bringen dich zu den besten Trails entsprechend deinem pers\u00f6nlichen Fahrstil und K\u00f6nnen.[\/vc_column_text][\/vc_tab][vc_tab gutter_size=&#8220;2&#8243; column_padding=&#8220;2&#8243; title=&#8220;T\u00e4gliches Programm&#8220; tab_id=&#8220;1556188017721-3-7&#8243;][vc_column_text uncode_shortcode_id=&#8220;256006&#8243;]<\/p>\n<ul>\n<li><strong>8:00 Fr\u00fchst\u00fcck<\/strong><\/li>\n<li><strong>9:15 Material Check &amp; Abfahrt<\/strong><\/li>\n<li><strong>Vormittagstour<\/strong><\/li>\n<li><strong>12:30 Lunch unterwegs<\/strong><\/li>\n<li><strong>Nachmittagstour<\/strong><\/li>\n<li><strong>16\/17:000 R\u00fcckkehr zum Chalet<\/strong><\/li>\n<li><strong>Entspannen<\/strong><\/li>\n<li><strong>19:00 Abendessen<\/strong><\/li>\n<\/ul>\n<p>[\/vc_column_text][\/vc_tab][vc_tab gutter_size=&#8220;2&#8243; column_padding=&#8220;2&#8243; title=&#8220;Optional&#8220; tab_id=&#8220;1555318819132-0-101556051018281&#8243;][vc_column_text uncode_shortcode_id=&#8220;649374&#8243;]<b>\u00a0 \u00a0 \u00a0 \u00a0 Optional<\/b><\/p>\n<ul>\n<li>Mietbike ab CHF 260 pro Woche<\/li>\n<li>Extra \u00dcbernachtung CHF 85, inklusive Fr\u00fchst\u00fcck, zus\u00e4tzlich mit Abendessen CHF 120<\/li>\n<li>Extra gef\u00fchrte Biketage CHF 95, inklusive Verbier Liftpass und Shuttleservice<\/li>\n<li>Einzelzimmerzuschlag CHF 30-45 pro Nacht<\/li>\n<li>Anreise in die Schweiz<\/li>\n<li>Versicherungen (wir empfehlen dir eine Versicherung mit Bergrettung abzuschlie\u00dfen und zu kl\u00e4ren, ob Mountainbiken ggfs. als Extremsport extra versichert werden muss)<\/li>\n<li>Liftp\u00e4sse f\u00fcr Gebiete au\u00dferhalb von Verbier (z.B.: PIla, Chamonix, Crans Montana, Zermatt)<\/li>\n<li>Erfrischungsgetr\u00e4nke &amp; Bier\/Wein (Honesty bar, zahle am Ende deines Urlaub)<\/li>\n<li>Voraussetzungen<\/li>\n<li>Reisekranken- und Unfallversicherung inklusive Deckung von Bergrettung und Mountainbiken<strong>Wir empfehlen zus\u00e4tzlich<\/strong><\/li>\n<li>Auslandsreiseversicherung mit Deckung hinsichtlich verlorenem Gep\u00e4ck, Versp\u00e4tungen etc.<\/li>\n<li>Reiser\u00fccktrittsversicherung, die dir die Kosten erstattet, falls du annullieren musst<\/li>\n<\/ul>\n<p>[\/vc_column_text][\/vc_tab][vc_tab gutter_size=&#8220;2&#8243; column_padding=&#8220;2&#8243; title=&#8220;Gallerie&#8220; tab_id=&#8220;1557252294195-4-6&#8243;][vc_gallery el_id=&#8220;gallery-874512&#8243; type=&#8220;carousel&#8220; medias=&#8220;5190,5058,5282,5290,5066,5070,5102,5098,5278,5094,5142,5150,5090,5086,5078,5074,5122,5126,5134,5082,5154,5162,5166,5174,5178,5214,5210,5206,5202,5198,5194,5186,5182,5062,5222,5234,5238,5242,5246,5250,5286,5274,5266,5262,5258,5254,5294,5302,5306,5310,5314,5362,5394,5446,5402,5322,5318&#8243; carousel_lg=&#8220;5&#8243; carousel_md=&#8220;3&#8243; carousel_sm=&#8220;2&#8243; thumb_size=&#8220;three-two&#8220; gutter_size=&#8220;1&#8243; media_items=&#8220;media|lightbox|original&#8220; carousel_height=&#8220;equal&#8220; carousel_interval=&#8220;0&#8243; carousel_navspeed=&#8220;400&#8243; carousel_dots=&#8220;yes&#8220; carousel_dots_mobile=&#8220;yes&#8220; stage_padding=&#8220;0&#8243; single_overlay_opacity=&#8220;50&#8243; single_padding=&#8220;2&#8243; uncode_shortcode_id=&#8220;481509&#8243;][\/vc_tab][\/vc_tabs][vc_empty_space empty_h=&#8220;2&#8243; mobile_visibility=&#8220;yes&#8220;][\/vc_column][vc_column width=&#8220;1\/6&#8243;][\/vc_column][\/vc_row][vc_row row_height_percent=&#8220;55&#8243; override_padding=&#8220;yes&#8220; h_padding=&#8220;0&#8243; top_padding=&#8220;2&#8243; bottom_padding=&#8220;2&#8243; overlay_color=&#8220;color-xsdn&#8220; overlay_alpha=&#8220;15&#8243; equal_height=&#8220;yes&#8220; gutter_size=&#8220;0&#8243; column_width_percent=&#8220;100&#8243; shift_y=&#8220;0&#8243; z_index=&#8220;0&#8243; mobile_visibility=&#8220;yes&#8220;][vc_column column_width_percent=&#8220;100&#8243; position_vertical=&#8220;middle&#8220; gutter_size=&#8220;0&#8243; override_padding=&#8220;yes&#8220; column_padding=&#8220;2&#8243; style=&#8220;dark&#8220; back_image=&#8220;490&#8243; back_position=&#8220;center center&#8220; overlay_alpha=&#8220;50&#8243; shift_x=&#8220;2&#8243; shift_y=&#8220;0&#8243; shift_y_down=&#8220;0&#8243; z_index=&#8220;0&#8243; medium_width=&#8220;0&#8243; mobile_width=&#8220;0&#8243; width=&#8220;1\/2&#8243;][vc_empty_space empty_h=&#8220;2&#8243; desktop_visibility=&#8220;yes&#8220; medium_visibility=&#8220;yes&#8220;][vc_empty_space empty_h=&#8220;5&#8243; desktop_visibility=&#8220;yes&#8220; medium_visibility=&#8220;yes&#8220;][\/vc_column][vc_column column_width_percent=&#8220;100&#8243; position_vertical=&#8220;middle&#8220; gutter_size=&#8220;2&#8243; override_padding=&#8220;yes&#8220; column_padding=&#8220;2&#8243; overlay_alpha=&#8220;50&#8243; shift_x=&#8220;-1&#8243; shift_y=&#8220;1&#8243; shift_y_down=&#8220;0&#8243; z_index=&#8220;2&#8243; medium_width=&#8220;0&#8243; mobile_width=&#8220;0&#8243; width=&#8220;1\/2&#8243; css=&#8220;.vc_custom_1555326141294{padding-left: 6% !important;}&#8220;][vc_row_inner row_inner_height_percent=&#8220;0&#8243; overlay_alpha=&#8220;50&#8243; gutter_size=&#8220;3&#8243; shift_y=&#8220;0&#8243; z_index=&#8220;0&#8243; mobile_visibility=&#8220;yes&#8220; limit_content=&#8220;&#8220;][vc_column_inner column_width_percent=&#8220;100&#8243; gutter_size=&#8220;3&#8243; back_color=&#8220;color-lxmt&#8220; overlay_alpha=&#8220;50&#8243; shift_x=&#8220;-2&#8243; shift_y=&#8220;0&#8243; shift_y_down=&#8220;0&#8243; z_index=&#8220;0&#8243; medium_width=&#8220;0&#8243; mobile_width=&#8220;0&#8243; width=&#8220;1\/1&#8243;][vc_column_text]<\/p>\n<h2>Das Bike Chalet<\/h2>\n<p>[\/vc_column_text][vc_column_text]Diese Woche findet statt in unseren Bike Chalet[\/vc_column_text][vc_button button_color=&#8220;color-397835&#8243; border_width=&#8220;0&#8243; link=&#8220;url:https%3A%2F%2Fmtbverbier.com%2Fthe-bike-chalet%2F|title:The%20Bike%20Chalet||&#8220;]FINDE mehr heraus[\/vc_button][\/vc_column_inner][\/vc_row_inner][vc_empty_space empty_h=&#8220;2&#8243;][\/vc_column][\/vc_row][vc_row unlock_row_content=&#8220;yes&#8220; row_height_percent=&#8220;55&#8243; override_padding=&#8220;yes&#8220; h_padding=&#8220;0&#8243; top_padding=&#8220;0&#8243; bottom_padding=&#8220;0&#8243; back_image=&#8220;951&#8243; back_position=&#8220;center bottom&#8220; overlay_alpha=&#8220;15&#8243; equal_height=&#8220;yes&#8220; gutter_size=&#8220;0&#8243; column_width_percent=&#8220;100&#8243; shift_y=&#8220;0&#8243; z_index=&#8220;0&#8243; desktop_visibility=&#8220;yes&#8220; medium_visibility=&#8220;yes&#8220; row_height_pixel=&#8220;260&#8243;][vc_column column_width_percent=&#8220;100&#8243; position_vertical=&#8220;middle&#8220; gutter_size=&#8220;0&#8243; override_padding=&#8220;yes&#8220; column_padding=&#8220;2&#8243; style=&#8220;dark&#8220; overlay_alpha=&#8220;50&#8243; shift_x=&#8220;2&#8243; shift_y=&#8220;0&#8243; shift_y_down=&#8220;0&#8243; z_index=&#8220;0&#8243; medium_width=&#8220;0&#8243; mobile_width=&#8220;0&#8243; width=&#8220;1\/1&#8243;][\/vc_column][\/vc_row][vc_row unlock_row_content=&#8220;yes&#8220; row_height_percent=&#8220;55&#8243; override_padding=&#8220;yes&#8220; h_padding=&#8220;2&#8243; top_padding=&#8220;0&#8243; bottom_padding=&#8220;0&#8243; overlay_color=&#8220;color-xsdn&#8220; overlay_alpha=&#8220;15&#8243; equal_height=&#8220;yes&#8220; gutter_size=&#8220;0&#8243; column_width_percent=&#8220;100&#8243; shift_y=&#8220;0&#8243; z_index=&#8220;0&#8243; desktop_visibility=&#8220;yes&#8220; medium_visibility=&#8220;yes&#8220; css=&#8220;.vc_custom_1557832740897{padding-right: 2% !important;padding-left: 2% !important;}&#8220;][vc_column column_width_percent=&#8220;100&#8243; position_vertical=&#8220;middle&#8220; gutter_size=&#8220;0&#8243; override_padding=&#8220;yes&#8220; column_padding=&#8220;0&#8243; style=&#8220;light&#8220; back_color=&#8220;color-lxmt&#8220; overlay_alpha=&#8220;50&#8243; shift_x=&#8220;0&#8243; shift_y=&#8220;-2&#8243; shift_y_fixed=&#8220;yes&#8220; shift_y_down=&#8220;0&#8243; z_index=&#8220;0&#8243; medium_width=&#8220;0&#8243; mobile_width=&#8220;0&#8243; width=&#8220;1\/1&#8243;][vc_column_text]<\/p>\n<h2>Our Chalet<\/h2>\n<p>[\/vc_column_text][vc_column_text]Our week long packages are hosted in our beautiful Chalet[\/vc_column_text][vc_button button_color=&#8220;color-397835&#8243; border_width=&#8220;0&#8243; link=&#8220;url:https%3A%2F%2Fmtbverbier.com%2Fthe-bike-chalet%2F|title:The%20Bike%20Chalet||&#8220;]FIND OUT MORE[\/vc_button][\/vc_column][\/vc_row][vc_row][vc_column width=&#8220;1\/1&#8243;][uncode_block id=&#8220;1074&#8243;][\/vc_column][\/vc_row]<\/p>\n<\/div>","protected":false},"excerpt":{"rendered":"<p>[vc_row unlock_row_content=&#8220;yes&#8220; row_height_percent=&#8220;85&#8243; override_padding=&#8220;yes&#8220; h_padding=&#8220;1&#8243; top_padding=&#8220;2&#8243; bottom_padding=&#8220;0&#8243; back_image=&#8220;1145&#8243; back_attachment=&#8220;fixed&#8220; back_position=&#8220;left top&#8220; overlay_alpha=&#8220;50&#8243; gutter_size=&#8220;3&#8243; column_width_percent=&#8220;100&#8243; shift_y=&#8220;0&#8243; z_index=&#8220;0&#8243; row_height_pixel=&#8220;360&#8243;][vc_column column_width_percent=&#8220;100&#8243; position_vertical=&#8220;middle&#8220; gutter_size=&#8220;3&#8243; [&hellip;]<\/p>\n","protected":false},"author":1,"featured_media":0,"parent":0,"menu_order":0,"comment_status":"closed","ping_status":"closed","template":"","meta":{"footnotes":""},"class_list":["post-3342","page","type-page","status-publish","hentry"],"yoast_head":"<!-- This site is optimized with the Yoast SEO plugin v26.8 - https:\/\/yoast.com\/product\/yoast-seo-wordpress\/ -->\n<title>Mountain Bike Week Packages - MTB Verbier<\/title>\n<meta name=\"description\" content=\"This week-long, Verbier mountain bike riding package guarantees you maximum riding and fun. Fully catered accommodation staying in our beautiful Chalet in the Swiss Alps.\" \/>\n<meta name=\"robots\" content=\"index, follow, max-snippet:-1, max-image-preview:large, max-video-preview:-1\" \/>\n<link rel=\"canonical\" href=\"https:\/\/www.mtbverbier.com\/de\/bike-wochenpaket\/\" \/>\n<meta property=\"og:locale\" content=\"de_DE\" \/>\n<meta property=\"og:type\" content=\"article\" \/>\n<meta property=\"og:title\" content=\"Mountain Bike Week Packages - MTB Verbier\" \/>\n<meta property=\"og:description\" content=\"This week-long, Verbier mountain bike riding package guarantees you maximum riding and fun. Fully catered accommodation staying in our beautiful Chalet in the Swiss Alps.\" \/>\n<meta property=\"og:url\" content=\"https:\/\/www.mtbverbier.com\/de\/bike-wochenpaket\/\" \/>\n<meta property=\"og:site_name\" content=\"MTB Verbier\" \/>\n<meta property=\"article:modified_time\" content=\"2024-01-03T05:29:09+00:00\" \/>\n<meta name=\"twitter:card\" content=\"summary_large_image\" \/>\n<meta name=\"twitter:label1\" content=\"Gesch\u00e4tzte Lesezeit\" \/>\n\t<meta name=\"twitter:data1\" content=\"4\u00a0Minuten\" \/>\n<script type=\"application\/ld+json\" class=\"yoast-schema-graph\">{\"@context\":\"https:\/\/schema.org\",\"@graph\":[{\"@type\":\"WebPage\",\"@id\":\"https:\/\/www.mtbverbier.com\/de\/bike-wochenpaket\/\",\"url\":\"https:\/\/www.mtbverbier.com\/de\/bike-wochenpaket\/\",\"name\":\"Mountain Bike Week Packages - MTB Verbier\",\"isPartOf\":{\"@id\":\"https:\/\/www.mtbverbier.com\/#website\"},\"datePublished\":\"2019-04-15T08:50:34+00:00\",\"dateModified\":\"2024-01-03T05:29:09+00:00\",\"description\":\"This week-long, Verbier mountain bike riding package guarantees you maximum riding and fun. Fully catered accommodation staying in our beautiful Chalet in the Swiss Alps.\",\"breadcrumb\":{\"@id\":\"https:\/\/www.mtbverbier.com\/de\/bike-wochenpaket\/#breadcrumb\"},\"inLanguage\":\"de\",\"potentialAction\":[{\"@type\":\"ReadAction\",\"target\":[\"https:\/\/www.mtbverbier.com\/de\/bike-wochenpaket\/\"]}]},{\"@type\":\"BreadcrumbList\",\"@id\":\"https:\/\/www.mtbverbier.com\/de\/bike-wochenpaket\/#breadcrumb\",\"itemListElement\":[{\"@type\":\"ListItem\",\"position\":1,\"name\":\"Home\",\"item\":\"https:\/\/www.mtbverbier.com\/de\/\"},{\"@type\":\"ListItem\",\"position\":2,\"name\":\"Bike Wochenpaket\"}]},{\"@type\":\"WebSite\",\"@id\":\"https:\/\/www.mtbverbier.com\/#website\",\"url\":\"https:\/\/www.mtbverbier.com\/\",\"name\":\"MTB Verbier\",\"description\":\"All inclusive mountain bike holidays in Verbier, Switzerland\",\"potentialAction\":[{\"@type\":\"SearchAction\",\"target\":{\"@type\":\"EntryPoint\",\"urlTemplate\":\"https:\/\/www.mtbverbier.com\/?s={search_term_string}\"},\"query-input\":{\"@type\":\"PropertyValueSpecification\",\"valueRequired\":true,\"valueName\":\"search_term_string\"}}],\"inLanguage\":\"de\"}]}<\/script>\n<!-- \/ Yoast SEO plugin. -->","yoast_head_json":{"title":"Mountain Bike Week Packages - MTB Verbier","description":"This week-long, Verbier mountain bike riding package guarantees you maximum riding and fun. Fully catered accommodation staying in our beautiful Chalet in the Swiss Alps.","robots":{"index":"index","follow":"follow","max-snippet":"max-snippet:-1","max-image-preview":"max-image-preview:large","max-video-preview":"max-video-preview:-1"},"canonical":"https:\/\/www.mtbverbier.com\/de\/bike-wochenpaket\/","og_locale":"de_DE","og_type":"article","og_title":"Mountain Bike Week Packages - MTB Verbier","og_description":"This week-long, Verbier mountain bike riding package guarantees you maximum riding and fun. Fully catered accommodation staying in our beautiful Chalet in the Swiss Alps.","og_url":"https:\/\/www.mtbverbier.com\/de\/bike-wochenpaket\/","og_site_name":"MTB Verbier","article_modified_time":"2024-01-03T05:29:09+00:00","twitter_card":"summary_large_image","twitter_misc":{"Gesch\u00e4tzte Lesezeit":"4\u00a0Minuten"},"schema":{"@context":"https:\/\/schema.org","@graph":[{"@type":"WebPage","@id":"https:\/\/www.mtbverbier.com\/de\/bike-wochenpaket\/","url":"https:\/\/www.mtbverbier.com\/de\/bike-wochenpaket\/","name":"Mountain Bike Week Packages - MTB Verbier","isPartOf":{"@id":"https:\/\/www.mtbverbier.com\/#website"},"datePublished":"2019-04-15T08:50:34+00:00","dateModified":"2024-01-03T05:29:09+00:00","description":"This week-long, Verbier mountain bike riding package guarantees you maximum riding and fun. Fully catered accommodation staying in our beautiful Chalet in the Swiss Alps.","breadcrumb":{"@id":"https:\/\/www.mtbverbier.com\/de\/bike-wochenpaket\/#breadcrumb"},"inLanguage":"de","potentialAction":[{"@type":"ReadAction","target":["https:\/\/www.mtbverbier.com\/de\/bike-wochenpaket\/"]}]},{"@type":"BreadcrumbList","@id":"https:\/\/www.mtbverbier.com\/de\/bike-wochenpaket\/#breadcrumb","itemListElement":[{"@type":"ListItem","position":1,"name":"Home","item":"https:\/\/www.mtbverbier.com\/de\/"},{"@type":"ListItem","position":2,"name":"Bike Wochenpaket"}]},{"@type":"WebSite","@id":"https:\/\/www.mtbverbier.com\/#website","url":"https:\/\/www.mtbverbier.com\/","name":"MTB Verbier","description":"All inclusive mountain bike holidays in Verbier, Switzerland","potentialAction":[{"@type":"SearchAction","target":{"@type":"EntryPoint","urlTemplate":"https:\/\/www.mtbverbier.com\/?s={search_term_string}"},"query-input":{"@type":"PropertyValueSpecification","valueRequired":true,"valueName":"search_term_string"}}],"inLanguage":"de"}]}},"_links":{"self":[{"href":"https:\/\/www.mtbverbier.com\/de\/wp-json\/wp\/v2\/pages\/3342","targetHints":{"allow":["GET"]}}],"collection":[{"href":"https:\/\/www.mtbverbier.com\/de\/wp-json\/wp\/v2\/pages"}],"about":[{"href":"https:\/\/www.mtbverbier.com\/de\/wp-json\/wp\/v2\/types\/page"}],"author":[{"embeddable":true,"href":"https:\/\/www.mtbverbier.com\/de\/wp-json\/wp\/v2\/users\/1"}],"replies":[{"embeddable":true,"href":"https:\/\/www.mtbverbier.com\/de\/wp-json\/wp\/v2\/comments?post=3342"}],"version-history":[{"count":38,"href":"https:\/\/www.mtbverbier.com\/de\/wp-json\/wp\/v2\/pages\/3342\/revisions"}],"predecessor-version":[{"id":6094,"href":"https:\/\/www.mtbverbier.com\/de\/wp-json\/wp\/v2\/pages\/3342\/revisions\/6094"}],"wp:attachment":[{"href":"https:\/\/www.mtbverbier.com\/de\/wp-json\/wp\/v2\/media?parent=3342"}],"curies":[{"name":"wp","href":"https:\/\/api.w.org\/{rel}","templated":true}]}}