{"id":2374,"date":"2019-05-19T16:25:40","date_gmt":"2019-05-19T16:25:40","guid":{"rendered":"https:\/\/mtbverbier.com\/home\/"},"modified":"2021-12-15T10:51:53","modified_gmt":"2021-12-15T10:51:53","slug":"home","status":"publish","type":"page","link":"https:\/\/www.mtbverbier.com\/de\/","title":{"rendered":"home"},"content":{"rendered":"<div class=\"wpb-content-wrapper\"><p>[vc_row unlock_row_content=&#8220;yes&#8220; row_height_percent=&#8220;100&#8243; override_padding=&#8220;yes&#8220; h_padding=&#8220;0&#8243; top_padding=&#8220;0&#8243; bottom_padding=&#8220;0&#8243; back_image=&#8220;923&#8243; back_attachment=&#8220;fixed&#8220; back_position=&#8220;right center&#8220; overlay_alpha=&#8220;50&#8243; gutter_size=&#8220;3&#8243; column_width_percent=&#8220;100&#8243; shift_y=&#8220;0&#8243; z_index=&#8220;0&#8243; mobile_visibility=&#8220;yes&#8220;][vc_column column_width_percent=&#8220;100&#8243; position_vertical=&#8220;middle&#8220; gutter_size=&#8220;3&#8243; overlay_alpha=&#8220;50&#8243; shift_x=&#8220;0&#8243; shift_y=&#8220;0&#8243; shift_y_down=&#8220;0&#8243; z_index=&#8220;0&#8243; medium_width=&#8220;0&#8243; mobile_width=&#8220;0&#8243; width=&#8220;1\/1&#8243;][layerslider_vc id=&#8220;1&#8243;][\/vc_column][\/vc_row][vc_row unlock_row_content=&#8220;yes&#8220; row_height_percent=&#8220;70&#8243; override_padding=&#8220;yes&#8220; h_padding=&#8220;0&#8243; top_padding=&#8220;0&#8243; bottom_padding=&#8220;0&#8243; back_image=&#8220;1569&#8243; back_repeat=&#8220;no-repeat&#8220; back_attachment=&#8220;fixed&#8220; back_position=&#8220;center center&#8220; overlay_alpha=&#8220;50&#8243; gutter_size=&#8220;3&#8243; column_width_percent=&#8220;100&#8243; shift_y=&#8220;0&#8243; z_index=&#8220;0&#8243; desktop_visibility=&#8220;yes&#8220; medium_visibility=&#8220;yes&#8220; row_height_pixel=&#8220;360&#8243;][vc_column column_width_percent=&#8220;100&#8243; position_vertical=&#8220;middle&#8220; gutter_size=&#8220;3&#8243; overlay_alpha=&#8220;50&#8243; shift_x=&#8220;0&#8243; shift_y=&#8220;0&#8243; shift_y_down=&#8220;0&#8243; z_index=&#8220;0&#8243; medium_width=&#8220;0&#8243; mobile_width=&#8220;0&#8243; width=&#8220;1\/1&#8243;][layerslider_vc id=&#8220;3&#8243;][\/vc_column][\/vc_row][vc_row unlock_row_content=&#8220;yes&#8220; row_height_percent=&#8220;0&#8243; override_padding=&#8220;yes&#8220; h_padding=&#8220;0&#8243; top_padding=&#8220;0&#8243; bottom_padding=&#8220;0&#8243; overlay_alpha=&#8220;50&#8243; equal_height=&#8220;yes&#8220; gutter_size=&#8220;3&#8243; column_width_percent=&#8220;100&#8243; shift_y=&#8220;0&#8243; z_index=&#8220;0&#8243;][vc_column column_width_percent=&#8220;100&#8243; gutter_size=&#8220;3&#8243; override_padding=&#8220;yes&#8220; column_padding=&#8220;2&#8243; overlay_alpha=&#8220;50&#8243; shift_x=&#8220;0&#8243; shift_y=&#8220;0&#8243; shift_y_down=&#8220;0&#8243; z_index=&#8220;0&#8243; medium_width=&#8220;4&#8243; mobile_width=&#8220;0&#8243; css_animation=&#8220;alpha-anim&#8220; width=&#8220;1\/2&#8243;][vc_column_text]<strong>Mit unseren Mountainbike Guides an deiner Seite kannst du dir sicher sein, die besten Trails der Alpen rund um Verbier zu finden.<\/strong><\/p>\n<p>Mountainbiken in den Alpen und besonders Verbier Mountainbiken, bietet dir aufregende Downhill- und nat\u00fcrliche Singletrails in allen Schwierigkeitsgraden.<\/p>\n<p>Die sch\u00f6nsten Mountainbike Singletrails der Schweizer Alpen f\u00fchren direkt an der Haust\u00fcr unserer Bike Lodge \u201cChalet les M\u00e9sanges\u201d vorbei.[\/vc_column_text][\/vc_column][vc_column column_width_percent=&#8220;100&#8243; position_vertical=&#8220;middle&#8220; align_horizontal=&#8220;align_center&#8220; gutter_size=&#8220;3&#8243; back_image=&#8220;893&#8243; back_position=&#8220;left top&#8220; overlay_alpha=&#8220;50&#8243; shift_x=&#8220;0&#8243; shift_y=&#8220;0&#8243; shift_y_down=&#8220;0&#8243; z_index=&#8220;0&#8243; medium_width=&#8220;4&#8243; mobile_width=&#8220;0&#8243; css_animation=&#8220;alpha-anim&#8220; width=&#8220;1\/2&#8243;][vc_empty_space empty_h=&#8220;2&#8243;][vc_column_text]<\/p>\n<h3><span style=\"color: #ffffff;\"><em>Is the riding any good?<br \/>\nAre you kidding&#8230;?<br \/>\nit is EPIC big mountain riding!<\/em><\/span><\/h3>\n<p>[\/vc_column_text][vc_button button_color=&#8220;color-xsdn&#8220; hover_fx=&#8220;outlined&#8220; outline=&#8220;yes&#8220; border_width=&#8220;0&#8243; link=&#8220;url:https%3A%2F%2Fmtbverbier.com%2Fthe-riding%2F|title:The%20Riding||&#8220;]Finde mehr heraus[\/vc_button][vc_empty_space empty_h=&#8220;2&#8243;][\/vc_column][\/vc_row][vc_row row_height_percent=&#8220;0&#8243; back_image=&#8220;542&#8243; back_position=&#8220;right center&#8220; overlay_color=&#8220;color-xsdn&#8220; overlay_alpha=&#8220;20&#8243; gutter_size=&#8220;3&#8243; column_width_percent=&#8220;100&#8243; shift_y=&#8220;0&#8243; z_index=&#8220;0&#8243; mobile_visibility=&#8220;yes&#8220;][vc_column column_width_percent=&#8220;100&#8243; align_horizontal=&#8220;align_center&#8220; gutter_size=&#8220;3&#8243; overlay_alpha=&#8220;50&#8243; shift_x=&#8220;0&#8243; shift_y=&#8220;0&#8243; shift_y_down=&#8220;0&#8243; z_index=&#8220;0&#8243; medium_width=&#8220;0&#8243; mobile_width=&#8220;0&#8243; css_animation=&#8220;alpha-anim&#8220; width=&#8220;1\/1&#8243;][vc_row_inner row_inner_height_percent=&#8220;0&#8243; overlay_alpha=&#8220;50&#8243; equal_height=&#8220;yes&#8220; gutter_size=&#8220;3&#8243; shift_y=&#8220;0&#8243; z_index=&#8220;0&#8243; limit_content=&#8220;&#8220;][vc_column_inner column_width_percent=&#8220;100&#8243; position_vertical=&#8220;middle&#8220; gutter_size=&#8220;3&#8243; overlay_alpha=&#8220;50&#8243; shift_x=&#8220;0&#8243; shift_y=&#8220;0&#8243; shift_y_down=&#8220;0&#8243; z_index=&#8220;0&#8243; medium_width=&#8220;0&#8243; mobile_width=&#8220;0&#8243; width=&#8220;1\/3&#8243;][vc_single_image media=&#8220;2194&#8243; media_lightbox=&#8220;yes&#8220; media_poster=&#8220;yes&#8220; media_width_percent=&#8220;100&#8243; advanced=&#8220;yes&#8220; media_items=&#8220;media|poster,icon|lg&#8220; media_overlay_opacity=&#8220;1&#8243; media_text_visible=&#8220;yes&#8220; media_text_anim=&#8220;no&#8220; media_h_align=&#8220;center&#8220; media_h_position=&#8220;center&#8220; media_padding=&#8220;2&#8243; media_icon=&#8220;fa fa-play&#8220;][\/vc_column_inner][vc_column_inner column_width_percent=&#8220;100&#8243; gutter_size=&#8220;3&#8243; override_padding=&#8220;yes&#8220; column_padding=&#8220;2&#8243; overlay_alpha=&#8220;50&#8243; shift_x=&#8220;0&#8243; shift_y=&#8220;0&#8243; shift_y_down=&#8220;0&#8243; z_index=&#8220;0&#8243; medium_width=&#8220;5&#8243; mobile_width=&#8220;0&#8243; width=&#8220;2\/3&#8243;][vc_column_text]Was auch immer deine Disziplin ist, ob Enduro, All Mountain, XC, Gravity oder Downhill \u2013 Das Verbier Liftsystem bietet einfachen Zugang zu zahlreichen Trails.<\/p>\n<p>Wir verstehen, worum es beim Mountainbike Urlaub geht:<\/p>\n<p>Entdecke die Trails unserer Region und geniesse die Schweizer Alpen abseits des Trubels. Mit unserem Van und Anh\u00e4nger bieten wir einen Shuttleservice zu verschiedenen Ausgangspunkten.\u00a0Bei uns erwarten dich grossartige Trails, entspannter Komfort, kaltes Bier und gutes Essen \u2013 so kannst du fit und energiegeladen deinen Urlaub geniessen.<\/p>\n<p>Wir bieten dir ein echtes Big Mountain Erlebnis und freuen uns darauf, dir diesen Sommer die Trails in den Schweizer Alpen zu zeigen!<\/p>\n<p>Erik, Jess und Team MTB Verbier[\/vc_column_text][vc_empty_space empty_h=&#8220;3&#8243;][\/vc_column_inner][\/vc_row_inner][vc_column_text]<\/p>\n<h2 style=\"text-align: center;\"><strong>Unsere Pakete<\/strong><\/h2>\n<hr class=\"thick\" \/>\n<p>[\/vc_column_text][\/vc_column][\/vc_row][vc_row][vc_column width=&#8220;1\/1&#8243;][uncode_block id=&#8220;1771&#8243;][\/vc_column][\/vc_row][vc_row row_height_percent=&#8220;0&#8243; override_padding=&#8220;yes&#8220; h_padding=&#8220;2&#8243; top_padding=&#8220;2&#8243; bottom_padding=&#8220;3&#8243; back_image=&#8220;23&#8243; back_position=&#8220;right center&#8220; overlay_alpha=&#8220;50&#8243; gutter_size=&#8220;3&#8243; column_width_percent=&#8220;100&#8243; shift_y=&#8220;0&#8243; z_index=&#8220;0&#8243; desktop_visibility=&#8220;yes&#8220; medium_visibility=&#8220;yes&#8220;][vc_column column_width_percent=&#8220;100&#8243; gutter_size=&#8220;3&#8243; overlay_alpha=&#8220;50&#8243; shift_x=&#8220;0&#8243; shift_y=&#8220;0&#8243; shift_y_down=&#8220;0&#8243; z_index=&#8220;0&#8243; medium_width=&#8220;0&#8243; mobile_width=&#8220;0&#8243; css_animation=&#8220;alpha-anim&#8220; width=&#8220;1\/1&#8243;][vc_column_text]Was auch immer Ihre Disziplin ist, ob Enduro, All Mountain, XC, Gravity oder Downhill &#8211; Das Verbier-Liftsystem bietet einfachen Zugang zu zahlreichen trails.<\/p>\n<p>Wir verstehen, worum es beim Mountainbike-Urlaub geht:<\/p>\n<p>Entdecken Sie die Trails unserer Region und geniessen sie die Schweizer Alpen abseits der Trubels. Mit unserem Van und dem Anh\u00e4nger bieten wir Ihnen gerne einen Shuttleservice an.[\/vc_column_text][vc_single_image media=&#8220;2194&#8243; media_lightbox=&#8220;yes&#8220; media_poster=&#8220;yes&#8220; media_width_percent=&#8220;100&#8243; advanced=&#8220;yes&#8220; media_items=&#8220;media|poster,icon|lg&#8220; media_overlay_opacity=&#8220;1&#8243; media_text_visible=&#8220;yes&#8220; media_text_anim=&#8220;no&#8220; media_h_align=&#8220;center&#8220; media_h_position=&#8220;center&#8220; media_padding=&#8220;2&#8243; media_icon=&#8220;fa fa-play&#8220;][vc_column_text]Bei uns erwarten Sie grosspartige Trails, entspannter Komfort, kaltes Bier und gutes Essen \u2013 um fit und energiegeladen den Urlaub zu geniessen.<\/p>\n<p>Wir bieten Ihnen ein echtes Big Mountain-Erlebnis und freuen uns darauf, Ihnen diesen Sommer die Wanderwege in den Schweizer Alpen zu zeigen!<\/p>\n<p>Erik, Jess und Team MTB Verbier[\/vc_column_text][\/vc_column][\/vc_row][vc_row row_height_percent=&#8220;0&#8243; override_padding=&#8220;yes&#8220; h_padding=&#8220;2&#8243; top_padding=&#8220;2&#8243; bottom_padding=&#8220;1&#8243; overlay_alpha=&#8220;50&#8243; gutter_size=&#8220;3&#8243; column_width_percent=&#8220;100&#8243; shift_y=&#8220;0&#8243; z_index=&#8220;0&#8243;][vc_column width=&#8220;1\/6&#8243;][\/vc_column][vc_column column_width_percent=&#8220;100&#8243; gutter_size=&#8220;3&#8243; overlay_alpha=&#8220;50&#8243; shift_x=&#8220;0&#8243; shift_y=&#8220;0&#8243; shift_y_down=&#8220;0&#8243; z_index=&#8220;0&#8243; medium_width=&#8220;0&#8243; mobile_width=&#8220;0&#8243; css_animation=&#8220;alpha-anim&#8220; width=&#8220;2\/3&#8243;][vc_column_text]<\/p>\n<h2 style=\"text-align: center;\">You ride your best, we take care of the rest<\/h2>\n<p style=\"text-align: center;\"><strong>Egal ob du ein Wochenende oder eine ganze Woche Zeit hast, wir bieten dir einen vollverpflegten Mountainbike Urlaub. Unser K\u00fcchenchef bereitet t\u00e4glich ein leckeres Fr\u00fchst\u00fcck, ein nahrhaftes Lunchpaket f\u00fcr unterwegs, hausgemachten Kuchen und Snacks und ein ausgiebiges Abendessen. Entspanne und erhole dich nach deinem Ride in unserem ruhigen und\u00a0komfortablen Bike Chalet. Unsere professionellen Guides nehmen dich gerne mit auf die sch\u00f6nsten Trails der Alpen. Das Einzige was du tun musst, ist zu Biken und zu Genie\u00dfen! In unserer Paket\u00fcbersicht w\u00e4hlst du welches Paket am besten zu deinen W\u00fcnschen passt.<\/strong><\/p>\n<p><strong>\u00a0<\/strong><\/p>\n<p style=\"text-align: center;\"><strong>Wir freuen uns auf deinen Besuch bei MTB Verbier in den Alpen!<\/strong><\/p>\n<p>[\/vc_column_text][\/vc_column][vc_column width=&#8220;1\/6&#8243;][\/vc_column][\/vc_row][vc_row row_height_percent=&#8220;0&#8243; override_padding=&#8220;yes&#8220; h_padding=&#8220;2&#8243; top_padding=&#8220;2&#8243; bottom_padding=&#8220;2&#8243; overlay_alpha=&#8220;50&#8243; gutter_size=&#8220;3&#8243; column_width_percent=&#8220;100&#8243; shift_y=&#8220;0&#8243; z_index=&#8220;0&#8243;][vc_column width=&#8220;1\/6&#8243;][\/vc_column][vc_column column_width_percent=&#8220;100&#8243; gutter_size=&#8220;3&#8243; overlay_alpha=&#8220;50&#8243; shift_x=&#8220;0&#8243; shift_y=&#8220;0&#8243; shift_y_down=&#8220;0&#8243; z_index=&#8220;0&#8243; medium_width=&#8220;0&#8243; mobile_width=&#8220;0&#8243; css_animation=&#8220;alpha-anim&#8220; width=&#8220;2\/3&#8243;][vc_row_inner limit_content=&#8220;&#8220;][vc_column_inner column_width_percent=&#8220;100&#8243; align_horizontal=&#8220;align_center&#8220; gutter_size=&#8220;3&#8243; overlay_alpha=&#8220;50&#8243; shift_x=&#8220;0&#8243; shift_y=&#8220;0&#8243; shift_y_down=&#8220;0&#8243; z_index=&#8220;0&#8243; medium_width=&#8220;3&#8243; mobile_width=&#8220;3&#8243; width=&#8220;1\/3&#8243; link_to=&#8220;url:https%3A%2F%2Fmtbverbier.com%2Fthe-bike-chalet%23eat|||&#8220;][vc_column_text]<\/p>\n<h3 style=\"text-align: center;\">EAT<\/h3>\n<p><img decoding=\"async\" class=\"aligncenter size-full wp-image-1929\" src=\"https:\/\/mtbverbier.com\/wp-content\/uploads\/2019\/05\/mtbverbier-eat-icon.png\" alt=\"\" width=\"35\" height=\"33\" \/><\/p>\n<hr class=\"thick\" \/>\n<p>[\/vc_column_text][\/vc_column_inner][vc_column_inner column_width_percent=&#8220;100&#8243; align_horizontal=&#8220;align_center&#8220; gutter_size=&#8220;3&#8243; overlay_alpha=&#8220;50&#8243; shift_x=&#8220;0&#8243; shift_y=&#8220;0&#8243; shift_y_down=&#8220;0&#8243; z_index=&#8220;0&#8243; medium_width=&#8220;3&#8243; mobile_width=&#8220;3&#8243; width=&#8220;1\/3&#8243; link_to=&#8220;url:https%3A%2F%2Fmtbverbier.com%2Fthe-bike-chalet%23sleep|||&#8220;][vc_column_text]<\/p>\n<h3 style=\"text-align: center;\">SLEEP<\/h3>\n<p><img decoding=\"async\" class=\"aligncenter size-full wp-image-385\" src=\"https:\/\/mtbverbier.com\/wp-content\/uploads\/2019\/04\/sleep-icon-retina.png\" alt=\"\" width=\"42\" height=\"36\" \/><\/p>\n<hr class=\"thick\" \/>\n<p>[\/vc_column_text][\/vc_column_inner][vc_column_inner column_width_percent=&#8220;100&#8243; align_horizontal=&#8220;align_center&#8220; gutter_size=&#8220;3&#8243; overlay_alpha=&#8220;50&#8243; shift_x=&#8220;0&#8243; shift_y=&#8220;0&#8243; shift_y_down=&#8220;0&#8243; z_index=&#8220;0&#8243; medium_width=&#8220;3&#8243; mobile_width=&#8220;3&#8243; width=&#8220;1\/3&#8243; link_to=&#8220;url:https%3A%2F%2Fmtbverbier.com%2Fthe-riding%2F|title:The%20Riding||&#8220;][vc_column_text]<\/p>\n<h3 style=\"text-align: center;\">BIKE<\/h3>\n<p><img decoding=\"async\" class=\"aligncenter size-full wp-image-386\" src=\"https:\/\/mtbverbier.com\/wp-content\/uploads\/2019\/04\/bike-icon-retina.png\" alt=\"\" width=\"37\" height=\"37\" \/><\/p>\n<hr class=\"thick\" \/>\n<p>[\/vc_column_text][\/vc_column_inner][\/vc_row_inner][\/vc_column][vc_column width=&#8220;1\/6&#8243;][\/vc_column][\/vc_row][vc_row row_height_percent=&#8220;50&#8243; override_padding=&#8220;yes&#8220; h_padding=&#8220;2&#8243; top_padding=&#8220;5&#8243; bottom_padding=&#8220;5&#8243; back_color=&#8220;color-xsdn&#8220; back_image=&#8220;5739&#8243; parallax=&#8220;yes&#8220; overlay_color=&#8220;color-xsdn&#8220; overlay_alpha=&#8220;50&#8243; gutter_size=&#8220;100&#8243; column_width_percent=&#8220;100&#8243; shift_y=&#8220;0&#8243; z_index=&#8220;0&#8243; style=&#8220;inherited&#8220; uncode_shortcode_id=&#8220;516714&#8243; back_color_type=&#8220;uncode-palette&#8220; overlay_color_type=&#8220;uncode-palette&#8220;][vc_column column_width_percent=&#8220;100&#8243; position_vertical=&#8220;middle&#8220; align_horizontal=&#8220;align_center&#8220; gutter_size=&#8220;3&#8243; style=&#8220;dark&#8220; overlay_alpha=&#8220;50&#8243; shift_x=&#8220;0&#8243; shift_y=&#8220;0&#8243; shift_y_down=&#8220;0&#8243; z_index=&#8220;0&#8243; medium_width=&#8220;0&#8243; mobile_width=&#8220;0&#8243; zoom_width=&#8220;0&#8243; zoom_height=&#8220;0&#8243; width=&#8220;1\/3&#8243;][vc_icon icon=&#8220;fa fa-facebook&#8220; icon_color=&#8220;color-jevc&#8220; background_style=&#8220;fa-squared&#8220; size=&#8220;fa-3x&#8220; outline=&#8220;yes&#8220; link=&#8220;url:https%3A%2F%2Fwww.facebook.com%2Fmtbverbier|target:_blank&#8220; uncode_shortcode_id=&#8220;188053&#8243; icon_color_type=&#8220;uncode-palette&#8220;][\/vc_icon][\/vc_column][vc_column column_width_percent=&#8220;100&#8243; position_vertical=&#8220;middle&#8220; align_horizontal=&#8220;align_center&#8220; gutter_size=&#8220;3&#8243; style=&#8220;dark&#8220; overlay_alpha=&#8220;50&#8243; shift_x=&#8220;0&#8243; shift_y=&#8220;0&#8243; shift_y_down=&#8220;0&#8243; z_index=&#8220;0&#8243; medium_width=&#8220;0&#8243; mobile_width=&#8220;0&#8243; zoom_width=&#8220;0&#8243; zoom_height=&#8220;0&#8243; width=&#8220;1\/3&#8243;][vc_icon icon=&#8220;fa fa-instagram&#8220; icon_color=&#8220;color-jevc&#8220; background_style=&#8220;fa-squared&#8220; size=&#8220;fa-3x&#8220; outline=&#8220;yes&#8220; link=&#8220;url:https%3A%2F%2Fwww.instagram.com%2Fmtbverbier%2F|target:_blank&#8220; uncode_shortcode_id=&#8220;207202&#8243; icon_color_type=&#8220;uncode-palette&#8220;][\/vc_icon][\/vc_column][vc_column column_width_percent=&#8220;100&#8243; position_vertical=&#8220;middle&#8220; align_horizontal=&#8220;align_center&#8220; gutter_size=&#8220;3&#8243; style=&#8220;dark&#8220; overlay_alpha=&#8220;50&#8243; shift_x=&#8220;0&#8243; shift_y=&#8220;0&#8243; shift_y_down=&#8220;0&#8243; z_index=&#8220;0&#8243; medium_width=&#8220;0&#8243; mobile_width=&#8220;0&#8243; zoom_width=&#8220;0&#8243; zoom_height=&#8220;0&#8243; width=&#8220;1\/3&#8243;][vc_icon icon=&#8220;fa fa-youtube&#8220; icon_color=&#8220;color-jevc&#8220; background_style=&#8220;fa-squared&#8220; size=&#8220;fa-3x&#8220; outline=&#8220;yes&#8220; link=&#8220;url:https%3A%2F%2Fwww.youtube.com%2Fchannel%2FUCp-N_p8RPvNnkBmCGWsoHVQ|target:_blank&#8220; uncode_shortcode_id=&#8220;206859&#8243; icon_color_type=&#8220;uncode-palette&#8220;][\/vc_icon][\/vc_column][\/vc_row]<\/p>\n<\/div>","protected":false},"excerpt":{"rendered":"<p>[vc_row unlock_row_content=&#8220;yes&#8220; row_height_percent=&#8220;100&#8243; override_padding=&#8220;yes&#8220; h_padding=&#8220;0&#8243; top_padding=&#8220;0&#8243; bottom_padding=&#8220;0&#8243; back_image=&#8220;923&#8243; back_attachment=&#8220;fixed&#8220; back_position=&#8220;right center&#8220; overlay_alpha=&#8220;50&#8243; gutter_size=&#8220;3&#8243; column_width_percent=&#8220;100&#8243; shift_y=&#8220;0&#8243; z_index=&#8220;0&#8243; mobile_visibility=&#8220;yes&#8220;][vc_column column_width_percent=&#8220;100&#8243; position_vertical=&#8220;middle&#8220; gutter_size=&#8220;3&#8243; [&hellip;]<\/p>\n","protected":false},"author":1,"featured_media":11,"parent":0,"menu_order":0,"comment_status":"closed","ping_status":"closed","template":"","meta":{"footnotes":""},"class_list":["post-2374","page","type-page","status-publish","has-post-thumbnail","hentry"],"yoast_head":"<!-- This site is optimized with the Yoast SEO plugin v26.8 - https:\/\/yoast.com\/product\/yoast-seo-wordpress\/ -->\n<title>home - MTB Verbier<\/title>\n<meta name=\"robots\" content=\"index, follow, max-snippet:-1, max-image-preview:large, max-video-preview:-1\" \/>\n<link rel=\"canonical\" href=\"https:\/\/www.mtbverbier.com\/de\/\" \/>\n<meta property=\"og:locale\" content=\"de_DE\" \/>\n<meta property=\"og:type\" content=\"article\" \/>\n<meta property=\"og:title\" content=\"home - MTB Verbier\" \/>\n<meta property=\"og:description\" content=\"[vc_row unlock_row_content=&#8220;yes&#8220; row_height_percent=&#8220;100&#8243; override_padding=&#8220;yes&#8220; h_padding=&#8220;0&#8243; top_padding=&#8220;0&#8243; bottom_padding=&#8220;0&#8243; back_image=&#8220;923&#8243; back_attachment=&#8220;fixed&#8220; back_position=&#8220;right center&#8220; overlay_alpha=&#8220;50&#8243; gutter_size=&#8220;3&#8243; column_width_percent=&#8220;100&#8243; shift_y=&#8220;0&#8243; z_index=&#8220;0&#8243; mobile_visibility=&#8220;yes&#8220;][vc_column column_width_percent=&#8220;100&#8243; position_vertical=&#8220;middle&#8220; gutter_size=&#8220;3&#8243; [&hellip;]\" \/>\n<meta property=\"og:url\" content=\"https:\/\/www.mtbverbier.com\/de\/\" \/>\n<meta property=\"og:site_name\" content=\"MTB Verbier\" \/>\n<meta property=\"article:modified_time\" content=\"2021-12-15T10:51:53+00:00\" \/>\n<meta property=\"og:image\" content=\"https:\/\/www.mtbverbier.com\/wp-content\/uploads\/2019\/03\/mtbverbier-home-hero-retina-full-1.jpg\" \/>\n\t<meta property=\"og:image:width\" content=\"1440\" \/>\n\t<meta property=\"og:image:height\" content=\"961\" \/>\n\t<meta property=\"og:image:type\" content=\"image\/jpeg\" \/>\n<meta name=\"twitter:card\" content=\"summary_large_image\" \/>\n<meta name=\"twitter:label1\" content=\"Gesch\u00e4tzte Lesezeit\" \/>\n\t<meta name=\"twitter:data1\" content=\"5\u00a0Minuten\" \/>\n<script type=\"application\/ld+json\" class=\"yoast-schema-graph\">{\"@context\":\"https:\/\/schema.org\",\"@graph\":[{\"@type\":\"WebPage\",\"@id\":\"https:\/\/www.mtbverbier.com\/de\/\",\"url\":\"https:\/\/www.mtbverbier.com\/de\/\",\"name\":\"home - MTB Verbier\",\"isPartOf\":{\"@id\":\"https:\/\/www.mtbverbier.com\/#website\"},\"primaryImageOfPage\":{\"@id\":\"https:\/\/www.mtbverbier.com\/de\/#primaryimage\"},\"image\":{\"@id\":\"https:\/\/www.mtbverbier.com\/de\/#primaryimage\"},\"thumbnailUrl\":\"https:\/\/www.mtbverbier.com\/wp-content\/uploads\/2019\/03\/mtbverbier-home-hero-retina-full-1.jpg\",\"datePublished\":\"2019-05-19T16:25:40+00:00\",\"dateModified\":\"2021-12-15T10:51:53+00:00\",\"breadcrumb\":{\"@id\":\"https:\/\/www.mtbverbier.com\/de\/#breadcrumb\"},\"inLanguage\":\"de\",\"potentialAction\":[{\"@type\":\"ReadAction\",\"target\":[\"https:\/\/www.mtbverbier.com\/de\/\"]}]},{\"@type\":\"ImageObject\",\"inLanguage\":\"de\",\"@id\":\"https:\/\/www.mtbverbier.com\/de\/#primaryimage\",\"url\":\"https:\/\/www.mtbverbier.com\/wp-content\/uploads\/2019\/03\/mtbverbier-home-hero-retina-full-1.jpg\",\"contentUrl\":\"https:\/\/www.mtbverbier.com\/wp-content\/uploads\/2019\/03\/mtbverbier-home-hero-retina-full-1.jpg\",\"width\":1440,\"height\":961},{\"@type\":\"BreadcrumbList\",\"@id\":\"https:\/\/www.mtbverbier.com\/de\/#breadcrumb\",\"itemListElement\":[{\"@type\":\"ListItem\",\"position\":1,\"name\":\"Home\",\"item\":\"https:\/\/www.mtbverbier.com\/de\/\"},{\"@type\":\"ListItem\",\"position\":2,\"name\":\"home\"}]},{\"@type\":\"WebSite\",\"@id\":\"https:\/\/www.mtbverbier.com\/#website\",\"url\":\"https:\/\/www.mtbverbier.com\/\",\"name\":\"MTB Verbier\",\"description\":\"All inclusive mountain bike holidays in Verbier, Switzerland\",\"potentialAction\":[{\"@type\":\"SearchAction\",\"target\":{\"@type\":\"EntryPoint\",\"urlTemplate\":\"https:\/\/www.mtbverbier.com\/?s={search_term_string}\"},\"query-input\":{\"@type\":\"PropertyValueSpecification\",\"valueRequired\":true,\"valueName\":\"search_term_string\"}}],\"inLanguage\":\"de\"}]}<\/script>\n<!-- \/ Yoast SEO plugin. -->","yoast_head_json":{"title":"home - MTB Verbier","robots":{"index":"index","follow":"follow","max-snippet":"max-snippet:-1","max-image-preview":"max-image-preview:large","max-video-preview":"max-video-preview:-1"},"canonical":"https:\/\/www.mtbverbier.com\/de\/","og_locale":"de_DE","og_type":"article","og_title":"home - MTB Verbier","og_description":"[vc_row unlock_row_content=&#8220;yes&#8220; row_height_percent=&#8220;100&#8243; override_padding=&#8220;yes&#8220; h_padding=&#8220;0&#8243; top_padding=&#8220;0&#8243; bottom_padding=&#8220;0&#8243; back_image=&#8220;923&#8243; back_attachment=&#8220;fixed&#8220; back_position=&#8220;right center&#8220; overlay_alpha=&#8220;50&#8243; gutter_size=&#8220;3&#8243; column_width_percent=&#8220;100&#8243; shift_y=&#8220;0&#8243; z_index=&#8220;0&#8243; mobile_visibility=&#8220;yes&#8220;][vc_column column_width_percent=&#8220;100&#8243; position_vertical=&#8220;middle&#8220; gutter_size=&#8220;3&#8243; [&hellip;]","og_url":"https:\/\/www.mtbverbier.com\/de\/","og_site_name":"MTB Verbier","article_modified_time":"2021-12-15T10:51:53+00:00","og_image":[{"width":1440,"height":961,"url":"https:\/\/www.mtbverbier.com\/wp-content\/uploads\/2019\/03\/mtbverbier-home-hero-retina-full-1.jpg","type":"image\/jpeg"}],"twitter_card":"summary_large_image","twitter_misc":{"Gesch\u00e4tzte Lesezeit":"5\u00a0Minuten"},"schema":{"@context":"https:\/\/schema.org","@graph":[{"@type":"WebPage","@id":"https:\/\/www.mtbverbier.com\/de\/","url":"https:\/\/www.mtbverbier.com\/de\/","name":"home - MTB Verbier","isPartOf":{"@id":"https:\/\/www.mtbverbier.com\/#website"},"primaryImageOfPage":{"@id":"https:\/\/www.mtbverbier.com\/de\/#primaryimage"},"image":{"@id":"https:\/\/www.mtbverbier.com\/de\/#primaryimage"},"thumbnailUrl":"https:\/\/www.mtbverbier.com\/wp-content\/uploads\/2019\/03\/mtbverbier-home-hero-retina-full-1.jpg","datePublished":"2019-05-19T16:25:40+00:00","dateModified":"2021-12-15T10:51:53+00:00","breadcrumb":{"@id":"https:\/\/www.mtbverbier.com\/de\/#breadcrumb"},"inLanguage":"de","potentialAction":[{"@type":"ReadAction","target":["https:\/\/www.mtbverbier.com\/de\/"]}]},{"@type":"ImageObject","inLanguage":"de","@id":"https:\/\/www.mtbverbier.com\/de\/#primaryimage","url":"https:\/\/www.mtbverbier.com\/wp-content\/uploads\/2019\/03\/mtbverbier-home-hero-retina-full-1.jpg","contentUrl":"https:\/\/www.mtbverbier.com\/wp-content\/uploads\/2019\/03\/mtbverbier-home-hero-retina-full-1.jpg","width":1440,"height":961},{"@type":"BreadcrumbList","@id":"https:\/\/www.mtbverbier.com\/de\/#breadcrumb","itemListElement":[{"@type":"ListItem","position":1,"name":"Home","item":"https:\/\/www.mtbverbier.com\/de\/"},{"@type":"ListItem","position":2,"name":"home"}]},{"@type":"WebSite","@id":"https:\/\/www.mtbverbier.com\/#website","url":"https:\/\/www.mtbverbier.com\/","name":"MTB Verbier","description":"All inclusive mountain bike holidays in Verbier, Switzerland","potentialAction":[{"@type":"SearchAction","target":{"@type":"EntryPoint","urlTemplate":"https:\/\/www.mtbverbier.com\/?s={search_term_string}"},"query-input":{"@type":"PropertyValueSpecification","valueRequired":true,"valueName":"search_term_string"}}],"inLanguage":"de"}]}},"_links":{"self":[{"href":"https:\/\/www.mtbverbier.com\/de\/wp-json\/wp\/v2\/pages\/2374","targetHints":{"allow":["GET"]}}],"collection":[{"href":"https:\/\/www.mtbverbier.com\/de\/wp-json\/wp\/v2\/pages"}],"about":[{"href":"https:\/\/www.mtbverbier.com\/de\/wp-json\/wp\/v2\/types\/page"}],"author":[{"embeddable":true,"href":"https:\/\/www.mtbverbier.com\/de\/wp-json\/wp\/v2\/users\/1"}],"replies":[{"embeddable":true,"href":"https:\/\/www.mtbverbier.com\/de\/wp-json\/wp\/v2\/comments?post=2374"}],"version-history":[{"count":10,"href":"https:\/\/www.mtbverbier.com\/de\/wp-json\/wp\/v2\/pages\/2374\/revisions"}],"predecessor-version":[{"id":5810,"href":"https:\/\/www.mtbverbier.com\/de\/wp-json\/wp\/v2\/pages\/2374\/revisions\/5810"}],"wp:featuredmedia":[{"embeddable":true,"href":"https:\/\/www.mtbverbier.com\/de\/wp-json\/wp\/v2\/media\/11"}],"wp:attachment":[{"href":"https:\/\/www.mtbverbier.com\/de\/wp-json\/wp\/v2\/media?parent=2374"}],"curies":[{"name":"wp","href":"https:\/\/api.w.org\/{rel}","templated":true}]}}